{"id":1453,"date":"2023-05-24T18:21:28","date_gmt":"2023-05-24T18:21:28","guid":{"rendered":"https:\/\/sanghaactiva.com\/?page_id=1453"},"modified":"2024-02-27T15:43:28","modified_gmt":"2024-02-27T14:43:28","slug":"educar-en-felicidad","status":"publish","type":"page","link":"https:\/\/sanghaactiva.com\/ca\/desarrollo-personal\/educar-en-felicidad","title":{"rendered":"Educar en Felicitat"},"content":{"rendered":"<div data-elementor-type=\"wp-page\" data-elementor-id=\"1453\" class=\"elementor elementor-1453\">\n\t\t\t\t\t\t<section class=\"elementor-section elementor-top-section elementor-element elementor-element-d68870b elementor-section-boxed elementor-section-height-default elementor-section-height-default\" data-id=\"d68870b\" data-element_type=\"section\" data-e-type=\"section\">\n\t\t\t\t\t\t\t<div class=\"elementor-background-overlay\"><\/div>\n\t\t\t\t\t\t\t<div class=\"elementor-container elementor-column-gap-default\">\n\t\t\t\t\t<div class=\"elementor-column elementor-col-100 elementor-top-column elementor-element elementor-element-e8925bb\" data-id=\"e8925bb\" data-element_type=\"column\" data-e-type=\"column\">\n\t\t\t<div class=\"elementor-widget-wrap elementor-element-populated\">\n\t\t\t\t\t\t<div class=\"elementor-element elementor-element-90aa70a elementor-widget elementor-widget-heading\" data-id=\"90aa70a\" data-element_type=\"widget\" data-e-type=\"widget\" data-widget_type=\"heading.default\">\n\t\t\t\t<div class=\"elementor-widget-container\">\n\t\t\t\t\t<h2 class=\"elementor-heading-title elementor-size-default\">Educar en Felicitat <\/h2>\t\t\t\t<\/div>\n\t\t\t\t<\/div>\n\t\t\t\t\t<\/div>\n\t\t<\/div>\n\t\t\t\t\t<\/div>\n\t\t<\/section>\n\t\t\t\t<section class=\"elementor-section elementor-top-section elementor-element elementor-element-1a7abef elementor-section-boxed elementor-section-height-default elementor-section-height-default\" data-id=\"1a7abef\" data-element_type=\"section\" data-e-type=\"section\">\n\t\t\t\t\t\t<div class=\"elementor-container elementor-column-gap-default\">\n\t\t\t\t\t<div class=\"elementor-column elementor-col-100 elementor-top-column elementor-element elementor-element-0d86b12\" data-id=\"0d86b12\" data-element_type=\"column\" data-e-type=\"column\">\n\t\t\t<div class=\"elementor-widget-wrap elementor-element-populated\">\n\t\t\t\t\t\t<div class=\"elementor-element elementor-element-84c1eb8 elementor-widget elementor-widget-testimonial\" data-id=\"84c1eb8\" data-element_type=\"widget\" data-e-type=\"widget\" data-widget_type=\"testimonial.default\">\n\t\t\t\t<div class=\"elementor-widget-container\">\n\t\t\t\t\t\t\t<div class=\"elementor-testimonial-wrapper\">\n\t\t\t\t\t\t\t<div class=\"elementor-testimonial-content\">T'agradaria aprofitar la crian\u00e7a de les teves filles i fills per a treure de tu mateix\/a el millor? Podem\naprendre a gaudir en fam\u00edlia? Com contribuir en la felicitat dels fills? Com a educadors, volem que\naprenguin, estiguin atents\/tes, s\u00e0piguen gestionar les seves emocions, i sobretot ens agrada gaudir amb\nells\/elles, i desitgem (en castellano pone \u00aby Pensamos\u00bb, creo que se refiere m\u00e1s bien a desear ) que siguin\nfeli\u00e7os. HO PODEM ACONSEGUIR! Com fer-ho? Compartint, reflexionant, practicant, descobrint i\ninvestigant com educar en felicitat. <\/div>\n\t\t\t\n\t\t\t\t\t\t<div class=\"elementor-testimonial-meta elementor-has-image elementor-testimonial-image-position-aside\">\n\t\t\t\t<div class=\"elementor-testimonial-meta-inner\">\n\t\t\t\t\t\t\t\t\t\t\t<div class=\"elementor-testimonial-image\">\n\t\t\t\t\t\t\t<img fetchpriority=\"high\" decoding=\"async\" width=\"300\" height=\"300\" src=\"https:\/\/sanghaactiva.com\/wp-content\/uploads\/2023\/04\/susana.jpg\" class=\"attachment-full size-full wp-image-615\" alt=\"susana lopez\" srcset=\"https:\/\/sanghaactiva.com\/wp-content\/uploads\/2023\/04\/susana.jpg 300w, https:\/\/sanghaactiva.com\/wp-content\/uploads\/2023\/04\/susana-100x100.jpg 100w, https:\/\/sanghaactiva.com\/wp-content\/uploads\/2023\/04\/susana-150x150.jpg 150w\" sizes=\"(max-width: 300px) 100vw, 300px\" \/>\t\t\t\t\t\t<\/div>\n\t\t\t\t\t\n\t\t\t\t\t\t\t\t\t\t<div class=\"elementor-testimonial-details\">\n\t\t\t\t\t\t\t\t\t\t\t\t\t\t<div class=\"elementor-testimonial-name\">Susana L\u00f3poez<\/div>\n\t\t\t\t\t\t\t\t\t\t\t\t\t\t\t\t\t\t\t\t\t\t<div class=\"elementor-testimonial-job\">Co-creadora i formadora d'Educar en Felicitat<\/div>\n\t\t\t\t\t\t\t\t\t\t\t\t\t<\/div>\n\t\t\t\t\t\t\t\t\t<\/div>\n\t\t\t<\/div>\n\t\t\t\t\t<\/div>\n\t\t\t\t\t\t<\/div>\n\t\t\t\t<\/div>\n\t\t\t\t\t<\/div>\n\t\t<\/div>\n\t\t\t\t\t<\/div>\n\t\t<\/section>\n\t\t\t\t<section class=\"elementor-section elementor-top-section elementor-element elementor-element-efef3b1 elementor-section-boxed elementor-section-height-default elementor-section-height-default\" data-id=\"efef3b1\" data-element_type=\"section\" data-e-type=\"section\" data-settings=\"{&quot;background_background&quot;:&quot;classic&quot;}\">\n\t\t\t\t\t\t<div class=\"elementor-container elementor-column-gap-default\">\n\t\t\t\t\t<div class=\"elementor-column elementor-col-100 elementor-top-column elementor-element elementor-element-f58568e\" data-id=\"f58568e\" data-element_type=\"column\" data-e-type=\"column\">\n\t\t\t<div class=\"elementor-widget-wrap elementor-element-populated\">\n\t\t\t\t\t\t<div class=\"elementor-element elementor-element-6214450 elementor-widget elementor-widget-heading\" data-id=\"6214450\" data-element_type=\"widget\" data-e-type=\"widget\" data-widget_type=\"heading.default\">\n\t\t\t\t<div class=\"elementor-widget-container\">\n\t\t\t\t\t<h2 class=\"elementor-heading-title elementor-size-default\">Qu\u00e8 \u00e9s Educar en Felicitat?<\/h2>\t\t\t\t<\/div>\n\t\t\t\t<\/div>\n\t\t\t\t<div class=\"elementor-element elementor-element-aebbe4b elementor-widget-divider--view-line elementor-widget elementor-widget-divider\" data-id=\"aebbe4b\" data-element_type=\"widget\" data-e-type=\"widget\" data-widget_type=\"divider.default\">\n\t\t\t\t<div class=\"elementor-widget-container\">\n\t\t\t\t\t\t\t<div class=\"elementor-divider\">\n\t\t\t<span class=\"elementor-divider-separator\">\n\t\t\t\t\t\t<\/span>\n\t\t<\/div>\n\t\t\t\t\t\t<\/div>\n\t\t\t\t<\/div>\n\t\t\t\t<div class=\"elementor-element elementor-element-72b7393 elementor-widget elementor-widget-text-editor\" data-id=\"72b7393\" data-element_type=\"widget\" data-e-type=\"widget\" data-widget_type=\"text-editor.default\">\n\t\t\t\t<div class=\"elementor-widget-container\">\n\t\t\t\t\t\t\t\t\t<p>Educar en Felicitat, un projecte pedag\u00f2gic que t\u00e9 com a objectiu acompanyar a la comunitat educativa a\ndesenvolupar el seu millor potencial des d'una visi\u00f3 integral. Amb aquest objectiu incidim en la capacitaci\u00f3 d'infants, adolescents i educadors, aix\u00ed com de les seves fam\u00edlies, per a aconseguir un benestar que els permeti dur a terme amb \u00e8xit els objectius vitals que es proposin. Amb els diferents cursos i formacions volem crear un espai que faciliti l'adquisici\u00f3 de les eines necess\u00e0ries per a millorar el benestar  intern i la relaci\u00f3 amb l'entorn.<\/p>\t\t\t\t\t\t\t\t<\/div>\n\t\t\t\t<\/div>\n\t\t\t\t\t<\/div>\n\t\t<\/div>\n\t\t\t\t\t<\/div>\n\t\t<\/section>\n\t\t\t\t<section class=\"elementor-section elementor-top-section elementor-element elementor-element-f80c780 elementor-section-boxed elementor-section-height-default elementor-section-height-default\" data-id=\"f80c780\" data-element_type=\"section\" data-e-type=\"section\">\n\t\t\t\t\t\t<div class=\"elementor-container elementor-column-gap-default\">\n\t\t\t\t\t<div class=\"elementor-column elementor-col-50 elementor-top-column elementor-element elementor-element-ee25b9f\" data-id=\"ee25b9f\" data-element_type=\"column\" data-e-type=\"column\">\n\t\t\t<div class=\"elementor-widget-wrap elementor-element-populated\">\n\t\t\t\t\t\t<div class=\"elementor-element elementor-element-e4ff192 elementor-widget elementor-widget-heading\" data-id=\"e4ff192\" data-element_type=\"widget\" data-e-type=\"widget\" data-widget_type=\"heading.default\">\n\t\t\t\t<div class=\"elementor-widget-container\">\n\t\t\t\t\t<h3 class=\"elementor-heading-title elementor-size-large\">Objectius d'Educar en Felicitat<\/h3>\t\t\t\t<\/div>\n\t\t\t\t<\/div>\n\t\t\t\t<div class=\"elementor-element elementor-element-95da6c1 elementor-widget-divider--view-line elementor-widget elementor-widget-divider\" data-id=\"95da6c1\" data-element_type=\"widget\" data-e-type=\"widget\" data-widget_type=\"divider.default\">\n\t\t\t\t<div class=\"elementor-widget-container\">\n\t\t\t\t\t\t\t<div class=\"elementor-divider\">\n\t\t\t<span class=\"elementor-divider-separator\">\n\t\t\t\t\t\t<\/span>\n\t\t<\/div>\n\t\t\t\t\t\t<\/div>\n\t\t\t\t<\/div>\n\t\t\t\t<div class=\"elementor-element elementor-element-5bed168 elementor-widget elementor-widget-text-editor\" data-id=\"5bed168\" data-element_type=\"widget\" data-e-type=\"widget\" data-widget_type=\"text-editor.default\">\n\t\t\t\t<div class=\"elementor-widget-container\">\n\t\t\t\t\t\t\t\t\t<ul><li>Investigar sobre els conceptes d'educar i felicitat.<\/li><li>Observar la import\u00e0ncia de les habilitats inter i intra personals<\/li><li>Con\u00e8ixer el valu\u00f3s d'una comunicaci\u00f3 efica\u00e7<\/li><li>Aprendre a desenvolupar valors positius en fam\u00edlia<\/li><li>Desenvolupar t\u00e8cniques de gesti\u00f3 d'emocions i conflictes<\/li><li>Practicar t\u00e8cniques d'introspecci\u00f3 i atenci\u00f3 plena<\/li><li>Obtenir recursos per a aplicar a casa i\/o escola.<\/li><li>Gaudir de dedicar-nos un temps al nostre creixement.<\/li><\/ul>\t\t\t\t\t\t\t\t<\/div>\n\t\t\t\t<\/div>\n\t\t\t\t\t<\/div>\n\t\t<\/div>\n\t\t\t\t<div class=\"elementor-column elementor-col-50 elementor-top-column elementor-element elementor-element-961cd26\" data-id=\"961cd26\" data-element_type=\"column\" data-e-type=\"column\">\n\t\t\t<div class=\"elementor-widget-wrap elementor-element-populated\">\n\t\t\t\t\t\t<div class=\"elementor-element elementor-element-ed112b4 elementor-widget elementor-widget-image\" data-id=\"ed112b4\" data-element_type=\"widget\" data-e-type=\"widget\" data-widget_type=\"image.default\">\n\t\t\t\t<div class=\"elementor-widget-container\">\n\t\t\t\t\t\t\t\t\t\t\t\t\t\t\t<img decoding=\"async\" width=\"800\" height=\"600\" data-src=\"https:\/\/sanghaactiva.com\/wp-content\/uploads\/2023\/07\/curso-sukkha-educar-en-felicidad-imagen.jpg\" class=\"attachment-large size-large wp-image-2117 lazyload\" alt=\"educar en felicidad\" data-srcset=\"https:\/\/sanghaactiva.com\/wp-content\/uploads\/2023\/07\/curso-sukkha-educar-en-felicidad-imagen.jpg 800w, https:\/\/sanghaactiva.com\/wp-content\/uploads\/2023\/07\/curso-sukkha-educar-en-felicidad-imagen-600x450.jpg 600w, https:\/\/sanghaactiva.com\/wp-content\/uploads\/2023\/07\/curso-sukkha-educar-en-felicidad-imagen-300x225.jpg 300w, https:\/\/sanghaactiva.com\/wp-content\/uploads\/2023\/07\/curso-sukkha-educar-en-felicidad-imagen-768x576.jpg 768w\" data-sizes=\"(max-width: 800px) 100vw, 800px\" src=\"data:image\/svg+xml;base64,PHN2ZyB3aWR0aD0iMSIgaGVpZ2h0PSIxIiB4bWxucz0iaHR0cDovL3d3dy53My5vcmcvMjAwMC9zdmciPjwvc3ZnPg==\" style=\"--smush-placeholder-width: 800px; --smush-placeholder-aspect-ratio: 800\/600;\" \/>\t\t\t\t\t\t\t\t\t\t\t\t\t\t\t<\/div>\n\t\t\t\t<\/div>\n\t\t\t\t\t<\/div>\n\t\t<\/div>\n\t\t\t\t\t<\/div>\n\t\t<\/section>\n\t\t\t\t<section class=\"elementor-section elementor-top-section elementor-element elementor-element-1e1ddff elementor-section-boxed elementor-section-height-default elementor-section-height-default\" data-id=\"1e1ddff\" data-element_type=\"section\" data-e-type=\"section\" data-settings=\"{&quot;background_background&quot;:&quot;classic&quot;}\">\n\t\t\t\t\t\t<div class=\"elementor-container elementor-column-gap-default\">\n\t\t\t\t\t<div class=\"elementor-column elementor-col-33 elementor-top-column elementor-element elementor-element-f20b63e\" data-id=\"f20b63e\" data-element_type=\"column\" data-e-type=\"column\">\n\t\t\t<div class=\"elementor-widget-wrap elementor-element-populated\">\n\t\t\t\t\t\t<div class=\"elementor-element elementor-element-727800a elementor-hidden-mobile elementor-widget elementor-widget-image\" data-id=\"727800a\" data-element_type=\"widget\" data-e-type=\"widget\" data-widget_type=\"image.default\">\n\t\t\t\t<div class=\"elementor-widget-container\">\n\t\t\t\t\t\t\t\t\t\t\t\t\t\t\t<img decoding=\"async\" width=\"500\" height=\"500\" data-src=\"https:\/\/sanghaactiva.com\/wp-content\/uploads\/2023\/05\/educar-en-felicidad-icono.svg\" class=\"attachment-large size-large wp-image-1469 lazyload\" alt=\"educar en felicidad icono\" src=\"data:image\/svg+xml;base64,PHN2ZyB3aWR0aD0iMSIgaGVpZ2h0PSIxIiB4bWxucz0iaHR0cDovL3d3dy53My5vcmcvMjAwMC9zdmciPjwvc3ZnPg==\" style=\"--smush-placeholder-width: 500px; --smush-placeholder-aspect-ratio: 500\/500;\" \/>\t\t\t\t\t\t\t\t\t\t\t\t\t\t\t<\/div>\n\t\t\t\t<\/div>\n\t\t\t\t\t<\/div>\n\t\t<\/div>\n\t\t\t\t<div class=\"elementor-column elementor-col-66 elementor-top-column elementor-element elementor-element-38ab766\" data-id=\"38ab766\" data-element_type=\"column\" data-e-type=\"column\">\n\t\t\t<div class=\"elementor-widget-wrap elementor-element-populated\">\n\t\t\t\t\t\t<div class=\"elementor-element elementor-element-2c647cd elementor-widget elementor-widget-heading\" data-id=\"2c647cd\" data-element_type=\"widget\" data-e-type=\"widget\" data-widget_type=\"heading.default\">\n\t\t\t\t<div class=\"elementor-widget-container\">\n\t\t\t\t\t<h3 class=\"elementor-heading-title elementor-size-large\">\u00bfA qui\u00e9n va dirigido Educar en Felicidad?<\/h3>\t\t\t\t<\/div>\n\t\t\t\t<\/div>\n\t\t\t\t<div class=\"elementor-element elementor-element-3d8f1ff elementor-widget-divider--view-line elementor-widget elementor-widget-divider\" data-id=\"3d8f1ff\" data-element_type=\"widget\" data-e-type=\"widget\" data-widget_type=\"divider.default\">\n\t\t\t\t<div class=\"elementor-widget-container\">\n\t\t\t\t\t\t\t<div class=\"elementor-divider\">\n\t\t\t<span class=\"elementor-divider-separator\">\n\t\t\t\t\t\t<\/span>\n\t\t<\/div>\n\t\t\t\t\t\t<\/div>\n\t\t\t\t<\/div>\n\t\t\t\t<div class=\"elementor-element elementor-element-6d7afb9 elementor-widget elementor-widget-text-editor\" data-id=\"6d7afb9\" data-element_type=\"widget\" data-e-type=\"widget\" data-widget_type=\"text-editor.default\">\n\t\t\t\t<div class=\"elementor-widget-container\">\n\t\t\t\t\t\t\t\t\t<p><strong>Educar en Felicitat<\/strong>\u00a0\u00e9s un projecte per a tots; <b>fam\u00edlies amb tota mena d'estructura, educadors\/es, nens\/nenes i adolescents.<\/b>.\u00a0\u00a0<\/p><p>Etimol\u00f2gicament, educar podem interpretar-ho com desenvolupar les capacitats i les\nqualitats que hi ha a l'interior de les persones. La felicitat est\u00e0 a l'interior, no \u00e9s alguna cosa a aconseguir sin\u00f3 a despertar. I a llarg termini aquest \u00e9s el nostre objectiu:\ndespertar la felicitat.<\/p><p>Creiem fermament que en les ments de cadascun dels \u00e9ssers estan les llavors del\ndespertar i que mitjan\u00e7ant el cultiu de l'atenci\u00f3 en el present, el desenvolupament dels valors interns i del coneixement intu\u00eftiu, l'harmonia evolutiva prevaldr\u00e0 inspirant a tots els \u00e9ssers.<\/p><p>Si dirigim el nostre \u00e8mfasi\nexclusivament als m\u00e9s joves oblidant-nos d'aquells que s\u00f3n el seu exemple diari caur\u00edem en un error, ja\nque els exemples que m\u00e9s influeixen en les ments dels nens\/nenes s\u00f3n precisament els adults amb els\nquals conviuen. Per aix\u00f2 el projecte dirigeix la seva atenci\u00f3 tamb\u00e9 a les fam\u00edlies i educadors\/es, buscant\nen ells mateixos els seus propis temes a treballar per a acumular l'experi\u00e8ncia aut\u00e8ntica i des d'aqu\u00ed compartir la veritable educaci\u00f3, la que \"fa treure d'un mateix el millor\".<\/p>\t\t\t\t\t\t\t\t<\/div>\n\t\t\t\t<\/div>\n\t\t\t\t\t<\/div>\n\t\t<\/div>\n\t\t\t\t\t<\/div>\n\t\t<\/section>\n\t\t\t\t<section class=\"elementor-section elementor-top-section elementor-element elementor-element-d72f364 elementor-section-boxed elementor-section-height-default elementor-section-height-default\" data-id=\"d72f364\" data-element_type=\"section\" data-e-type=\"section\">\n\t\t\t\t\t\t\t<div class=\"elementor-background-overlay\"><\/div>\n\t\t\t\t\t\t\t<div class=\"elementor-container elementor-column-gap-default\">\n\t\t\t\t\t<div class=\"elementor-column elementor-col-16 elementor-top-column elementor-element elementor-element-fca6b80\" data-id=\"fca6b80\" data-element_type=\"column\" data-e-type=\"column\" data-settings=\"{&quot;background_background&quot;:&quot;classic&quot;}\">\n\t\t\t<div class=\"elementor-widget-wrap elementor-element-populated\">\n\t\t\t\t\t\t<div class=\"elementor-element elementor-element-21fca66 elementor-widget elementor-widget-spacer\" data-id=\"21fca66\" data-element_type=\"widget\" data-e-type=\"widget\" data-widget_type=\"spacer.default\">\n\t\t\t\t<div class=\"elementor-widget-container\">\n\t\t\t\t\t\t\t<div class=\"elementor-spacer\">\n\t\t\t<div class=\"elementor-spacer-inner\"><\/div>\n\t\t<\/div>\n\t\t\t\t\t\t<\/div>\n\t\t\t\t<\/div>\n\t\t\t\t<div class=\"elementor-element elementor-element-8ba536d elementor-widget elementor-widget-heading\" data-id=\"8ba536d\" data-element_type=\"widget\" data-e-type=\"widget\" data-widget_type=\"heading.default\">\n\t\t\t\t<div class=\"elementor-widget-container\">\n\t\t\t\t\t<h5 class=\"elementor-heading-title elementor-size-small\">1. Atenci\u00f3 i concentraci\u00f3<\/h5>\t\t\t\t<\/div>\n\t\t\t\t<\/div>\n\t\t\t\t<div class=\"elementor-element elementor-element-fd4ae75 elementor-widget elementor-widget-heading\" data-id=\"fd4ae75\" data-element_type=\"widget\" data-e-type=\"widget\" data-widget_type=\"heading.default\">\n\t\t\t\t<div class=\"elementor-widget-container\">\n\t\t\t\t\t<h5 class=\"elementor-heading-title elementor-size-small\">2. Alliberament de tensions, relaxaci\u00f3<\/h5>\t\t\t\t<\/div>\n\t\t\t\t<\/div>\n\t\t\t\t<div class=\"elementor-element elementor-element-9a0095a elementor-widget elementor-widget-heading\" data-id=\"9a0095a\" data-element_type=\"widget\" data-e-type=\"widget\" data-widget_type=\"heading.default\">\n\t\t\t\t<div class=\"elementor-widget-container\">\n\t\t\t\t\t<h5 class=\"elementor-heading-title elementor-size-small\">3. Gesti\u00f3 d'emocions<\/h5>\t\t\t\t<\/div>\n\t\t\t\t<\/div>\n\t\t\t\t\t<\/div>\n\t\t<\/div>\n\t\t\t\t<div class=\"elementor-column elementor-col-66 elementor-top-column elementor-element elementor-element-96706c6\" data-id=\"96706c6\" data-element_type=\"column\" data-e-type=\"column\">\n\t\t\t<div class=\"elementor-widget-wrap elementor-element-populated\">\n\t\t\t\t\t\t<div class=\"elementor-element elementor-element-eb87730 elementor-widget elementor-widget-heading\" data-id=\"eb87730\" data-element_type=\"widget\" data-e-type=\"widget\" data-widget_type=\"heading.default\">\n\t\t\t\t<div class=\"elementor-widget-container\">\n\t\t\t\t\t<h3 class=\"elementor-heading-title elementor-size-large\">Els nostres principis metodol\u00f2gics basats en sis eixos principals<\/h3>\t\t\t\t<\/div>\n\t\t\t\t<\/div>\n\t\t\t\t<div class=\"elementor-element elementor-element-302edcc elementor-align-center elementor-widget__width-initial elementor-icon-list--layout-traditional elementor-list-item-link-full_width elementor-widget elementor-widget-icon-list\" data-id=\"302edcc\" data-element_type=\"widget\" data-e-type=\"widget\" data-widget_type=\"icon-list.default\">\n\t\t\t\t<div class=\"elementor-widget-container\">\n\t\t\t\t\t\t\t<ul class=\"elementor-icon-list-items\">\n\t\t\t\t\t\t\t<li class=\"elementor-icon-list-item\">\n\t\t\t\t\t\t\t\t\t\t\t<span class=\"elementor-icon-list-icon\">\n\t\t\t\t\t\t\t<i aria-hidden=\"true\" class=\"fas fa-check\"><\/i>\t\t\t\t\t\t<\/span>\n\t\t\t\t\t\t\t\t\t\t<span class=\"elementor-icon-list-text\">L'exemple com a guia fonamental de l'educaci\u00f3 en valors.<\/span>\n\t\t\t\t\t\t\t\t\t<\/li>\n\t\t\t\t\t\t\t\t<li class=\"elementor-icon-list-item\">\n\t\t\t\t\t\t\t\t\t\t\t<span class=\"elementor-icon-list-icon\">\n\t\t\t\t\t\t\t<i aria-hidden=\"true\" class=\"fas fa-check\"><\/i>\t\t\t\t\t\t<\/span>\n\t\t\t\t\t\t\t\t\t\t<span class=\"elementor-icon-list-text\">L'experimentaci\u00f3 com a cam\u00ed per a l'aprenentatge.<\/span>\n\t\t\t\t\t\t\t\t\t<\/li>\n\t\t\t\t\t\t\t\t<li class=\"elementor-icon-list-item\">\n\t\t\t\t\t\t\t\t\t\t\t<span class=\"elementor-icon-list-icon\">\n\t\t\t\t\t\t\t<i aria-hidden=\"true\" class=\"fas fa-check\"><\/i>\t\t\t\t\t\t<\/span>\n\t\t\t\t\t\t\t\t\t\t<span class=\"elementor-icon-list-text\">L'expressi\u00f3 creativa com a eina per al desenvolupament.<\/span>\n\t\t\t\t\t\t\t\t\t<\/li>\n\t\t\t\t\t\t\t\t<li class=\"elementor-icon-list-item\">\n\t\t\t\t\t\t\t\t\t\t\t<span class=\"elementor-icon-list-icon\">\n\t\t\t\t\t\t\t<i aria-hidden=\"true\" class=\"fas fa-check\"><\/i>\t\t\t\t\t\t<\/span>\n\t\t\t\t\t\t\t\t\t\t<span class=\"elementor-icon-list-text\">El di\u00e0leg com a instrument per a generar comprensi\u00f3 entre les persones.<\/span>\n\t\t\t\t\t\t\t\t\t<\/li>\n\t\t\t\t\t\t\t\t<li class=\"elementor-icon-list-item\">\n\t\t\t\t\t\t\t\t\t\t\t<span class=\"elementor-icon-list-icon\">\n\t\t\t\t\t\t\t<i aria-hidden=\"true\" class=\"fas fa-check\"><\/i>\t\t\t\t\t\t<\/span>\n\t\t\t\t\t\t\t\t\t\t<span class=\"elementor-icon-list-text\">Els ambients positius com a base per a crear un clima relaxat i dist\u00e8s.<\/span>\n\t\t\t\t\t\t\t\t\t<\/li>\n\t\t\t\t\t\t\t\t<li class=\"elementor-icon-list-item\">\n\t\t\t\t\t\t\t\t\t\t\t<span class=\"elementor-icon-list-icon\">\n\t\t\t\t\t\t\t<i aria-hidden=\"true\" class=\"fas fa-check\"><\/i>\t\t\t\t\t\t<\/span>\n\t\t\t\t\t\t\t\t\t\t<span class=\"elementor-icon-list-text\">La col\u00b7laboraci\u00f3 amb les fam\u00edlies i els educadors com a pilar fonamental.<\/span>\n\t\t\t\t\t\t\t\t\t<\/li>\n\t\t\t\t\t\t\t\t<li class=\"elementor-icon-list-item\">\n\t\t\t\t\t\t\t\t\t\t\t<span class=\"elementor-icon-list-icon\">\n\t\t\t\t\t\t\t<i aria-hidden=\"true\" class=\"fas fa-check\"><\/i>\t\t\t\t\t\t<\/span>\n\t\t\t\t\t\t\t\t\t\t<span class=\"elementor-icon-list-text\">El suport de l'educador per a aprendre i gaudir del seu rol.<\/span>\n\t\t\t\t\t\t\t\t\t<\/li>\n\t\t\t\t\t\t<\/ul>\n\t\t\t\t\t\t<\/div>\n\t\t\t\t<\/div>\n\t\t\t\t\t<\/div>\n\t\t<\/div>\n\t\t\t\t<div class=\"elementor-column elementor-col-16 elementor-top-column elementor-element elementor-element-a96108b\" data-id=\"a96108b\" data-element_type=\"column\" data-e-type=\"column\" data-settings=\"{&quot;background_background&quot;:&quot;classic&quot;}\">\n\t\t\t<div class=\"elementor-widget-wrap elementor-element-populated\">\n\t\t\t\t\t\t<div class=\"elementor-element elementor-element-777d9a9 elementor-widget elementor-widget-spacer\" data-id=\"777d9a9\" data-element_type=\"widget\" data-e-type=\"widget\" data-widget_type=\"spacer.default\">\n\t\t\t\t<div class=\"elementor-widget-container\">\n\t\t\t\t\t\t\t<div class=\"elementor-spacer\">\n\t\t\t<div class=\"elementor-spacer-inner\"><\/div>\n\t\t<\/div>\n\t\t\t\t\t\t<\/div>\n\t\t\t\t<\/div>\n\t\t\t\t<div class=\"elementor-element elementor-element-4b23301 elementor-widget elementor-widget-heading\" data-id=\"4b23301\" data-element_type=\"widget\" data-e-type=\"widget\" data-widget_type=\"heading.default\">\n\t\t\t\t<div class=\"elementor-widget-container\">\n\t\t\t\t\t<h5 class=\"elementor-heading-title elementor-size-small\">4. Comunicaci\u00f3 positiva<\/h5>\t\t\t\t<\/div>\n\t\t\t\t<\/div>\n\t\t\t\t<div class=\"elementor-element elementor-element-a19f098 elementor-widget elementor-widget-heading\" data-id=\"a19f098\" data-element_type=\"widget\" data-e-type=\"widget\" data-widget_type=\"heading.default\">\n\t\t\t\t<div class=\"elementor-widget-container\">\n\t\t\t\t\t<h5 class=\"elementor-heading-title elementor-size-small\">5. Valors<\/h5>\t\t\t\t<\/div>\n\t\t\t\t<\/div>\n\t\t\t\t<div class=\"elementor-element elementor-element-751692e elementor-widget elementor-widget-heading\" data-id=\"751692e\" data-element_type=\"widget\" data-e-type=\"widget\" data-widget_type=\"heading.default\">\n\t\t\t\t<div class=\"elementor-widget-container\">\n\t\t\t\t\t<h5 class=\"elementor-heading-title elementor-size-small\">6. Interessos i descobriment de talents<\/h5>\t\t\t\t<\/div>\n\t\t\t\t<\/div>\n\t\t\t\t\t<\/div>\n\t\t<\/div>\n\t\t\t\t\t<\/div>\n\t\t<\/section>\n\t\t\t\t<section class=\"elementor-section elementor-top-section elementor-element elementor-element-2514012 elementor-section-boxed elementor-section-height-default elementor-section-height-default\" data-id=\"2514012\" data-element_type=\"section\" data-e-type=\"section\" data-settings=\"{&quot;background_background&quot;:&quot;classic&quot;}\">\n\t\t\t\t\t\t<div class=\"elementor-container elementor-column-gap-default\">\n\t\t\t\t\t<div class=\"elementor-column elementor-col-100 elementor-top-column elementor-element elementor-element-629463c\" data-id=\"629463c\" data-element_type=\"column\" data-e-type=\"column\">\n\t\t\t<div class=\"elementor-widget-wrap elementor-element-populated\">\n\t\t\t\t\t\t<div class=\"elementor-element elementor-element-bb221ad elementor-widget elementor-widget-heading\" data-id=\"bb221ad\" data-element_type=\"widget\" data-e-type=\"widget\" data-widget_type=\"heading.default\">\n\t\t\t\t<div class=\"elementor-widget-container\">\n\t\t\t\t\t<h2 class=\"elementor-heading-title elementor-size-default\">Formacions dins del Programa Educar en Felicitat<\/h2>\t\t\t\t<\/div>\n\t\t\t\t<\/div>\n\t\t\t\t<div class=\"elementor-element elementor-element-d32bcf5 elementor-widget-divider--view-line elementor-widget elementor-widget-divider\" data-id=\"d32bcf5\" data-element_type=\"widget\" data-e-type=\"widget\" data-widget_type=\"divider.default\">\n\t\t\t\t<div class=\"elementor-widget-container\">\n\t\t\t\t\t\t\t<div class=\"elementor-divider\">\n\t\t\t<span class=\"elementor-divider-separator\">\n\t\t\t\t\t\t<\/span>\n\t\t<\/div>\n\t\t\t\t\t\t<\/div>\n\t\t\t\t<\/div>\n\t\t\t\t<div class=\"elementor-element elementor-element-0e915e3 elementor-widget elementor-widget-heading\" data-id=\"0e915e3\" data-element_type=\"widget\" data-e-type=\"widget\" data-widget_type=\"heading.default\">\n\t\t\t\t<div class=\"elementor-widget-container\">\n\t\t\t\t\t<h3 class=\"elementor-heading-title elementor-size-large\">Educar en Felicitat - Cursos Sukkha (Grups per edats)<\/h3>\t\t\t\t<\/div>\n\t\t\t\t<\/div>\n\t\t\t\t<div class=\"elementor-element elementor-element-a1489c4 elementor-widget elementor-widget-text-editor\" data-id=\"a1489c4\" data-element_type=\"widget\" data-e-type=\"widget\" data-widget_type=\"text-editor.default\">\n\t\t\t\t<div class=\"elementor-widget-container\">\n\t\t\t\t\t\t\t\t\t<p>Cursos per a viure amb m\u00e9s pres\u00e8ncia la tasca d'educar i que els nens\/es i joves descobreixin el seu major\npotencial. A trav\u00e9s de l'aprenentatge de t\u00e8cniques senzilles que ajuden a potenciar l'habilitat de l'atenci\u00f3 o\nconsci\u00e8ncia plena. Materials i suport per a compartir-ho en el seu entorn, fam\u00edlia, amigxs i escola.<\/p>\t\t\t\t\t\t\t\t<\/div>\n\t\t\t\t<\/div>\n\t\t\t\t\t<\/div>\n\t\t<\/div>\n\t\t\t\t\t<\/div>\n\t\t<\/section>\n\t\t\t\t<section class=\"elementor-section elementor-top-section elementor-element elementor-element-67d7435 elementor-section-boxed elementor-section-height-default elementor-section-height-default\" data-id=\"67d7435\" data-element_type=\"section\" data-e-type=\"section\">\n\t\t\t\t\t\t\t<div class=\"elementor-background-overlay\"><\/div>\n\t\t\t\t\t\t\t<div class=\"elementor-container elementor-column-gap-default\">\n\t\t\t\t\t<div class=\"elementor-column elementor-col-50 elementor-top-column elementor-element elementor-element-b2c430d\" data-id=\"b2c430d\" data-element_type=\"column\" data-e-type=\"column\">\n\t\t\t<div class=\"elementor-widget-wrap elementor-element-populated\">\n\t\t\t\t\t\t<div class=\"elementor-element elementor-element-326cef8 elementor-widget elementor-widget-heading\" data-id=\"326cef8\" data-element_type=\"widget\" data-e-type=\"widget\" data-widget_type=\"heading.default\">\n\t\t\t\t<div class=\"elementor-widget-container\">\n\t\t\t\t\t<h3 class=\"elementor-heading-title elementor-size-large\">Mindfulness en fam\u00edlia (8 a 12 anys)<\/h3>\t\t\t\t<\/div>\n\t\t\t\t<\/div>\n\t\t\t\t<div class=\"elementor-element elementor-element-32255ce elementor-widget-divider--view-line elementor-widget elementor-widget-divider\" data-id=\"32255ce\" data-element_type=\"widget\" data-e-type=\"widget\" data-widget_type=\"divider.default\">\n\t\t\t\t<div class=\"elementor-widget-container\">\n\t\t\t\t\t\t\t<div class=\"elementor-divider\">\n\t\t\t<span class=\"elementor-divider-separator\">\n\t\t\t\t\t\t<\/span>\n\t\t<\/div>\n\t\t\t\t\t\t<\/div>\n\t\t\t\t<\/div>\n\t\t\t\t<div class=\"elementor-element elementor-element-0376241 elementor-widget-mobile__width-initial elementor-widget elementor-widget-text-editor\" data-id=\"0376241\" data-element_type=\"widget\" data-e-type=\"widget\" data-widget_type=\"text-editor.default\">\n\t\t\t\t<div class=\"elementor-widget-container\">\n\t\t\t\t\t\t\t\t\t<p><strong>Curs de 7 sessions<\/strong> creat especialment per a fam\u00edlies amb nens\/es de 8 a 11\nanys. Volem que gaudeixin d'un viatge cap al seu interior d'una forma\nrelaxada i amena. Amb amabilitat i comprensi\u00f3 del seu moment actual. La\nparticipaci\u00f3 dels adults \u00e9s clau en el proc\u00e9s, per aquest motiu hi ha\nsessions exclusives per a investigar sobre la fam\u00edlia.<\/p><p><br \/>Els nens\/es i adolescents descobreixen els beneficis de la respiraci\u00f3 i l'atenci\u00f3\nplena, aprenen t\u00e8cniques per a calmar cos i ment, coneixen i<br \/>persona el que estan treballant les seves filles i fills, investiguen sobre els vincles\npositius, coneixen t\u00e8cniques per a gestionar els conflictes de la conviv\u00e8ncia i\ndescobreixen una comunicaci\u00f3 m\u00e9s efica\u00e7.<\/p>\t\t\t\t\t\t\t\t<\/div>\n\t\t\t\t<\/div>\n\t\t\t\t\t<\/div>\n\t\t<\/div>\n\t\t\t\t<div class=\"elementor-column elementor-col-50 elementor-top-column elementor-element elementor-element-460e8b1\" data-id=\"460e8b1\" data-element_type=\"column\" data-e-type=\"column\">\n\t\t\t<div class=\"elementor-widget-wrap elementor-element-populated\">\n\t\t\t\t\t\t<div class=\"elementor-element elementor-element-fa5969b elementor-widget elementor-widget-heading\" data-id=\"fa5969b\" data-element_type=\"widget\" data-e-type=\"widget\" data-widget_type=\"heading.default\">\n\t\t\t\t<div class=\"elementor-widget-container\">\n\t\t\t\t\t<h4 class=\"elementor-heading-title elementor-size-medium\">Metodologia<\/h4>\t\t\t\t<\/div>\n\t\t\t\t<\/div>\n\t\t\t\t<div class=\"elementor-element elementor-element-cffe54e elementor-widget elementor-widget-text-editor\" data-id=\"cffe54e\" data-element_type=\"widget\" data-e-type=\"widget\" data-widget_type=\"text-editor.default\">\n\t\t\t\t<div class=\"elementor-widget-container\">\n\t\t\t\t\t\t\t\t\t<p>Aprenem i practiquem paral\u00b7lelament. Apostem per un\nbenefici integral de la fam\u00edlia, que tingui resultats a curt, mitj\u00e0 i llarg\ntermini. Dediquem un temps a la reflexi\u00f3, a l'experimentaci\u00f3, oferint\nun espai per a parar el \u201cfer\u201d del dia a dia i connectar amb l\u2019 \u201c\u00e9sser\u201d.<br>Sessions pr\u00e0ctiques perqu\u00e8 els fills\/es experimentin, sessions amb els adults\nper a aprofundir en el treball a realitzar.<\/p>\n<p><strong>3<\/strong> <b>sessions de 1,15 h. dirigides a adults: <\/b>en la primera establim les\nbases d'educar i felicitat, i el paper de la fam\u00edlia en el proc\u00e9s. En la\nsegona, eines per a treballar junts a casa, i en la tercera\navaluem el cam\u00ed recorregut.<br><strong>4 sessions d'1 h.<\/strong>dirigides als nens\/es i adolescents on ensenyem\nt\u00e8cniques de relaxaci\u00f3, atenci\u00f3 plena, a trav\u00e9s del joc, la recerca i\nla reflexi\u00f3. Estrat\u00e8gies de gesti\u00f3 emocional per a aplicar en el seu dia a dia.<\/p>\n<p>C<b>Calendari: pr\u00f2xim grup 2024 en Sangha Activa Vilassar i Sabadell<br>(apunta't i organitzem el curs)<\/b><\/p>\t\t\t\t\t\t\t\t<\/div>\n\t\t\t\t<\/div>\n\t\t\t\t<div class=\"elementor-element elementor-element-f0bf463 elementor-widget elementor-widget-button\" data-id=\"f0bf463\" data-element_type=\"widget\" data-e-type=\"widget\" data-widget_type=\"button.default\">\n\t\t\t\t<div class=\"elementor-widget-container\">\n\t\t\t\t\t\t\t\t\t<div class=\"elementor-button-wrapper\">\n\t\t\t\t\t<a class=\"elementor-button elementor-button-link elementor-size-sm\" href=\"https:\/\/sanghaactiva.com\/ca\/desarrollo-personal\/educar-en-felicidad\/#efinformacion\">\n\t\t\t\t\t\t<span class=\"elementor-button-content-wrapper\">\n\t\t\t\t\t\t\t\t\t<span class=\"elementor-button-text\">m\u00e9s informaci\u00f3<\/span>\n\t\t\t\t\t<\/span>\n\t\t\t\t\t<\/a>\n\t\t\t\t<\/div>\n\t\t\t\t\t\t\t\t<\/div>\n\t\t\t\t<\/div>\n\t\t\t\t\t<\/div>\n\t\t<\/div>\n\t\t\t\t\t<\/div>\n\t\t<\/section>\n\t\t\t\t<section class=\"elementor-section elementor-top-section elementor-element elementor-element-e7c13c3 elementor-section-boxed elementor-section-height-default elementor-section-height-default\" data-id=\"e7c13c3\" data-element_type=\"section\" data-e-type=\"section\" id=\"meditarjovenes\" data-settings=\"{&quot;background_background&quot;:&quot;classic&quot;}\">\n\t\t\t\t\t\t<div class=\"elementor-container elementor-column-gap-default\">\n\t\t\t\t\t<div class=\"elementor-column elementor-col-100 elementor-top-column elementor-element elementor-element-e84ad0b\" data-id=\"e84ad0b\" data-element_type=\"column\" data-e-type=\"column\">\n\t\t\t<div class=\"elementor-widget-wrap elementor-element-populated\">\n\t\t\t\t\t\t<div class=\"elementor-element elementor-element-a88f73c elementor-widget elementor-widget-heading\" data-id=\"a88f73c\" data-element_type=\"widget\" data-e-type=\"widget\" data-widget_type=\"heading.default\">\n\t\t\t\t<div class=\"elementor-widget-container\">\n\t\t\t\t\t<h3 class=\"elementor-heading-title elementor-size-large\">Apr\u00e8n a meditar per a joves de 12 a 16 anys, i 16 a 20 anys<\/h3>\t\t\t\t<\/div>\n\t\t\t\t<\/div>\n\t\t\t\t<div class=\"elementor-element elementor-element-4a0af34 elementor-widget-divider--view-line elementor-widget elementor-widget-divider\" data-id=\"4a0af34\" data-element_type=\"widget\" data-e-type=\"widget\" data-widget_type=\"divider.default\">\n\t\t\t\t<div class=\"elementor-widget-container\">\n\t\t\t\t\t\t\t<div class=\"elementor-divider\">\n\t\t\t<span class=\"elementor-divider-separator\">\n\t\t\t\t\t\t<\/span>\n\t\t<\/div>\n\t\t\t\t\t\t<\/div>\n\t\t\t\t<\/div>\n\t\t\t\t\t<\/div>\n\t\t<\/div>\n\t\t\t\t\t<\/div>\n\t\t<\/section>\n\t\t\t\t<section class=\"elementor-section elementor-top-section elementor-element elementor-element-5d01be3 elementor-section-boxed elementor-section-height-default elementor-section-height-default\" data-id=\"5d01be3\" data-element_type=\"section\" data-e-type=\"section\" data-settings=\"{&quot;background_background&quot;:&quot;classic&quot;}\">\n\t\t\t\t\t\t<div class=\"elementor-container elementor-column-gap-default\">\n\t\t\t\t\t<div class=\"elementor-column elementor-col-50 elementor-top-column elementor-element elementor-element-f19a0c1\" data-id=\"f19a0c1\" data-element_type=\"column\" data-e-type=\"column\">\n\t\t\t<div class=\"elementor-widget-wrap elementor-element-populated\">\n\t\t\t\t\t\t<div class=\"elementor-element elementor-element-8fb36a0 elementor-widget elementor-widget-image\" data-id=\"8fb36a0\" data-element_type=\"widget\" data-e-type=\"widget\" data-widget_type=\"image.default\">\n\t\t\t\t<div class=\"elementor-widget-container\">\n\t\t\t\t\t\t\t\t\t\t\t\t\t\t\t<img decoding=\"async\" width=\"800\" height=\"600\" data-src=\"https:\/\/sanghaactiva.com\/wp-content\/uploads\/2023\/11\/jovenes-meditacion-imagen.jpg\" class=\"attachment-large size-large wp-image-21912 lazyload\" alt=\"jovenes meditacion imagen\" data-srcset=\"https:\/\/sanghaactiva.com\/wp-content\/uploads\/2023\/11\/jovenes-meditacion-imagen.jpg 800w, https:\/\/sanghaactiva.com\/wp-content\/uploads\/2023\/11\/jovenes-meditacion-imagen-600x450.jpg 600w, https:\/\/sanghaactiva.com\/wp-content\/uploads\/2023\/11\/jovenes-meditacion-imagen-300x225.jpg 300w, https:\/\/sanghaactiva.com\/wp-content\/uploads\/2023\/11\/jovenes-meditacion-imagen-768x576.jpg 768w\" data-sizes=\"(max-width: 800px) 100vw, 800px\" src=\"data:image\/svg+xml;base64,PHN2ZyB3aWR0aD0iMSIgaGVpZ2h0PSIxIiB4bWxucz0iaHR0cDovL3d3dy53My5vcmcvMjAwMC9zdmciPjwvc3ZnPg==\" style=\"--smush-placeholder-width: 800px; --smush-placeholder-aspect-ratio: 800\/600;\" \/>\t\t\t\t\t\t\t\t\t\t\t\t\t\t\t<\/div>\n\t\t\t\t<\/div>\n\t\t\t\t<div class=\"elementor-element elementor-element-d590747 elementor-widget elementor-widget-heading\" data-id=\"d590747\" data-element_type=\"widget\" data-e-type=\"widget\" data-widget_type=\"heading.default\">\n\t\t\t\t<div class=\"elementor-widget-container\">\n\t\t\t\t\t<h4 class=\"elementor-heading-title elementor-size-small\">On?<\/h4>\t\t\t\t<\/div>\n\t\t\t\t<\/div>\n\t\t\t\t<div class=\"elementor-element elementor-element-2b66ccc elementor-widget elementor-widget-text-editor\" data-id=\"2b66ccc\" data-element_type=\"widget\" data-e-type=\"widget\" data-widget_type=\"text-editor.default\">\n\t\t\t\t<div class=\"elementor-widget-container\">\n\t\t\t\t\t\t\t\t\t<p>En el nostre centre<a href=\"https:\/\/sanghaactiva.com\/ca\/sobre-sangha-activa\/centro-budista-vilassar-de-mar-sangha-activa\/\"> Sangha Activa Vilassar de Mar<\/a> en el C\/Sant Gen\u00eds 2.\u00a0<\/p>\t\t\t\t\t\t\t\t<\/div>\n\t\t\t\t<\/div>\n\t\t\t\t<div class=\"elementor-element elementor-element-185e536 elementor-widget elementor-widget-heading\" data-id=\"185e536\" data-element_type=\"widget\" data-e-type=\"widget\" data-widget_type=\"heading.default\">\n\t\t\t\t<div class=\"elementor-widget-container\">\n\t\t\t\t\t<h4 class=\"elementor-heading-title elementor-size-small\">Dates curs 2024<\/h4>\t\t\t\t<\/div>\n\t\t\t\t<\/div>\n\t\t\t\t<div class=\"elementor-element elementor-element-e1e78d9 elementor-widget elementor-widget-text-editor\" data-id=\"e1e78d9\" data-element_type=\"widget\" data-e-type=\"widget\" data-widget_type=\"text-editor.default\">\n\t\t\t\t<div class=\"elementor-widget-container\">\n\t\t\t\t\t\t\t\t\t<p><strong>Calendario: DOMINGO de 9,30 a 11,00 h<\/strong><\/p><p>17 de mar\u00e7 <span style=\"font-style: inherit; font-weight: inherit; background-color: var( --e-global-color-7b490eda ); color: var(--ast-global-color-3);\">7 d'abril<\/span><span style=\"font-style: inherit; font-weight: inherit; background-color: var( --e-global-color-7b490eda ); color: var(--ast-global-color-3);\">;<\/span><span style=\"font-style: inherit; font-weight: inherit; background-color: var( --e-global-color-7b490eda ); color: var(--ast-global-color-3);\"> 21 d'abril: 28 d'abril<\/span><\/p>\t\t\t\t\t\t\t\t<\/div>\n\t\t\t\t<\/div>\n\t\t\t\t\t<\/div>\n\t\t<\/div>\n\t\t\t\t<div class=\"elementor-column elementor-col-50 elementor-top-column elementor-element elementor-element-07de4f3\" data-id=\"07de4f3\" data-element_type=\"column\" data-e-type=\"column\">\n\t\t\t<div class=\"elementor-widget-wrap elementor-element-populated\">\n\t\t\t\t\t\t<div class=\"elementor-element elementor-element-fd8c896 elementor-widget elementor-widget-text-editor\" data-id=\"fd8c896\" data-element_type=\"widget\" data-e-type=\"widget\" data-widget_type=\"text-editor.default\">\n\t\t\t\t<div class=\"elementor-widget-container\">\n\t\t\t\t\t\t\t\t\t<p><strong>Un curso de 4 sesiones<\/strong> per a aprofitar el repte d'aquesta etapa de la vida.<br \/><em>\u201cLa major saviesa que existeix \u00e9s con\u00e8ixer-se a un mateix\u201d (Galileu Galilei)<\/em><\/p><p>Et proposem descobrir t\u00e8cniques de gesti\u00f3 positiva en el dia a dia i con\u00e8ixer eines per a <strong>millorar l'atenci\u00f3 i concentraci\u00f3, saber afrontar l'estr\u00e8s, resoldre els conflictes<\/strong> des d'una comunicaci\u00f3 efectiva, gaudir m\u00e9s de\nl'etapa com a jove i\/o adolescent i investigar sobre la riquesa del m\u00f3n emocional.<\/p><p>Conoce qu\u00e9 es y qu\u00e9 no es la meditaci\u00f3n y comprueba que puede ser una\u00a0herramienta muy valiosa para ti.<\/p>\t\t\t\t\t\t\t\t<\/div>\n\t\t\t\t<\/div>\n\t\t\t\t<div class=\"elementor-element elementor-element-914000a elementor-widget-divider--view-line elementor-widget elementor-widget-divider\" data-id=\"914000a\" data-element_type=\"widget\" data-e-type=\"widget\" data-widget_type=\"divider.default\">\n\t\t\t\t<div class=\"elementor-widget-container\">\n\t\t\t\t\t\t\t<div class=\"elementor-divider\">\n\t\t\t<span class=\"elementor-divider-separator\">\n\t\t\t\t\t\t<\/span>\n\t\t<\/div>\n\t\t\t\t\t\t<\/div>\n\t\t\t\t<\/div>\n\t\t\t\t<div class=\"elementor-element elementor-element-91371d1 elementor-widget elementor-widget-text-editor\" data-id=\"91371d1\" data-element_type=\"widget\" data-e-type=\"widget\" data-widget_type=\"text-editor.default\">\n\t\t\t\t<div class=\"elementor-widget-container\">\n\t\t\t\t\t\t\t\t\t<p><b>Aportaci\u00f3 (material i sala incloses)<\/b><\/p><p>Taller individual: 30\u20ac<\/p><p>Curso completo (10%): 108\u20ac<\/p><p>Familia Socixs Sangha Activa completo (20%): 96\u20ac<\/p>\t\t\t\t\t\t\t\t<\/div>\n\t\t\t\t<\/div>\n\t\t\t\t<div class=\"elementor-element elementor-element-e14ffff elementor-widget elementor-widget-button\" data-id=\"e14ffff\" data-element_type=\"widget\" data-e-type=\"widget\" data-widget_type=\"button.default\">\n\t\t\t\t<div class=\"elementor-widget-container\">\n\t\t\t\t\t\t\t\t\t<div class=\"elementor-button-wrapper\">\n\t\t\t\t\t<a class=\"elementor-button elementor-button-link elementor-size-sm\" href=\"#formularioeducar\">\n\t\t\t\t\t\t<span class=\"elementor-button-content-wrapper\">\n\t\t\t\t\t\t\t\t\t<span class=\"elementor-button-text\">inscripci\u00f3<\/span>\n\t\t\t\t\t<\/span>\n\t\t\t\t\t<\/a>\n\t\t\t\t<\/div>\n\t\t\t\t\t\t\t\t<\/div>\n\t\t\t\t<\/div>\n\t\t\t\t\t<\/div>\n\t\t<\/div>\n\t\t\t\t\t<\/div>\n\t\t<\/section>\n\t\t\t\t<section class=\"elementor-section elementor-top-section elementor-element elementor-element-3c4f152 elementor-section-boxed elementor-section-height-default elementor-section-height-default\" data-id=\"3c4f152\" data-element_type=\"section\" data-e-type=\"section\">\n\t\t\t\t\t\t<div class=\"elementor-container elementor-column-gap-default\">\n\t\t\t\t\t<div class=\"elementor-column elementor-col-100 elementor-top-column elementor-element elementor-element-b207159\" data-id=\"b207159\" data-element_type=\"column\" data-e-type=\"column\">\n\t\t\t<div class=\"elementor-widget-wrap elementor-element-populated\">\n\t\t\t\t\t\t<div class=\"elementor-element elementor-element-d8f1445 elementor-widget elementor-widget-heading\" data-id=\"d8f1445\" data-element_type=\"widget\" data-e-type=\"widget\" data-widget_type=\"heading.default\">\n\t\t\t\t<div class=\"elementor-widget-container\">\n\t\t\t\t\t<h3 class=\"elementor-heading-title elementor-size-large\">Cursos d'aprenentatge i experi\u00e8ncia<\/h3>\t\t\t\t<\/div>\n\t\t\t\t<\/div>\n\t\t\t\t<div class=\"elementor-element elementor-element-42275d3 elementor-widget-divider--view-line elementor-widget elementor-widget-divider\" data-id=\"42275d3\" data-element_type=\"widget\" data-e-type=\"widget\" data-widget_type=\"divider.default\">\n\t\t\t\t<div class=\"elementor-widget-container\">\n\t\t\t\t\t\t\t<div class=\"elementor-divider\">\n\t\t\t<span class=\"elementor-divider-separator\">\n\t\t\t\t\t\t<\/span>\n\t\t<\/div>\n\t\t\t\t\t\t<\/div>\n\t\t\t\t<\/div>\n\t\t\t\t\t<\/div>\n\t\t<\/div>\n\t\t\t\t\t<\/div>\n\t\t<\/section>\n\t\t\t\t<section class=\"elementor-section elementor-top-section elementor-element elementor-element-614baee elementor-section-boxed elementor-section-height-default elementor-section-height-default\" data-id=\"614baee\" data-element_type=\"section\" data-e-type=\"section\" id=\"jovenesconscientes\" data-settings=\"{&quot;background_background&quot;:&quot;classic&quot;}\">\n\t\t\t\t\t\t<div class=\"elementor-container elementor-column-gap-default\">\n\t\t\t\t\t<div class=\"elementor-column elementor-col-50 elementor-top-column elementor-element elementor-element-9e3a87e\" data-id=\"9e3a87e\" data-element_type=\"column\" data-e-type=\"column\">\n\t\t\t<div class=\"elementor-widget-wrap elementor-element-populated\">\n\t\t\t\t\t\t<div class=\"elementor-element elementor-element-8a519e5 elementor-position-top elementor-widget elementor-widget-image-box\" data-id=\"8a519e5\" data-element_type=\"widget\" data-e-type=\"widget\" data-widget_type=\"image-box.default\">\n\t\t\t\t<div class=\"elementor-widget-container\">\n\t\t\t\t\t<div class=\"elementor-image-box-wrapper\"><figure class=\"elementor-image-box-img\"><img decoding=\"async\" width=\"800\" height=\"600\" data-src=\"https:\/\/sanghaactiva.com\/wp-content\/uploads\/2023\/07\/jovenes-conscientes-educar-en-felicidad-imagen.jpg\" class=\"attachment-full size-full wp-image-2115 lazyload\" alt=\"educar en felicidad\" data-srcset=\"https:\/\/sanghaactiva.com\/wp-content\/uploads\/2023\/07\/jovenes-conscientes-educar-en-felicidad-imagen.jpg 800w, https:\/\/sanghaactiva.com\/wp-content\/uploads\/2023\/07\/jovenes-conscientes-educar-en-felicidad-imagen-600x450.jpg 600w, https:\/\/sanghaactiva.com\/wp-content\/uploads\/2023\/07\/jovenes-conscientes-educar-en-felicidad-imagen-300x225.jpg 300w, https:\/\/sanghaactiva.com\/wp-content\/uploads\/2023\/07\/jovenes-conscientes-educar-en-felicidad-imagen-768x576.jpg 768w\" data-sizes=\"(max-width: 800px) 100vw, 800px\" src=\"data:image\/svg+xml;base64,PHN2ZyB3aWR0aD0iMSIgaGVpZ2h0PSIxIiB4bWxucz0iaHR0cDovL3d3dy53My5vcmcvMjAwMC9zdmciPjwvc3ZnPg==\" style=\"--smush-placeholder-width: 800px; --smush-placeholder-aspect-ratio: 800\/600;\" \/><\/figure><div class=\"elementor-image-box-content\"><h3 class=\"elementor-image-box-title\">Joves Conscients<\/h3><p class=\"elementor-image-box-description\">Grup format per joves de 17 a 22 anys que volen aprofitar aquesta etapa de la vida per a un present i futur m\u00e9s conscient. Aprofundim en el coneixement de la ment, aprenent t\u00e8cniques de relaxaci\u00f3 i meditaci\u00f3 que ens permeten descobrir els mecanismes de les causes del sofriment.<\/p><\/div><\/div>\t\t\t\t<\/div>\n\t\t\t\t<\/div>\n\t\t\t\t\t<\/div>\n\t\t<\/div>\n\t\t\t\t<div class=\"elementor-column elementor-col-50 elementor-top-column elementor-element elementor-element-1446780\" data-id=\"1446780\" data-element_type=\"column\" data-e-type=\"column\">\n\t\t\t<div class=\"elementor-widget-wrap elementor-element-populated\">\n\t\t\t\t\t\t<div class=\"elementor-element elementor-element-0d2d2ec elementor-widget elementor-widget-text-editor\" data-id=\"0d2d2ec\" data-element_type=\"widget\" data-e-type=\"widget\" data-widget_type=\"text-editor.default\">\n\t\t\t\t<div class=\"elementor-widget-container\">\n\t\t\t\t\t\t\t\t\t<p>Prenem consci\u00e8ncia de la difer\u00e8ncia entre benestar i felicitat per a dirigir els nostres objectius vitals amb m\u00e9s seguretat.\u00a0<b>Ens reunim de manera mensual <\/b>per a estudiar, reflexionar, debatre i practicar t\u00e8cniques d'introspecci\u00f3.<\/p><p>Alguns dels continguts que es treballen aquests grups: la insatisfacci\u00f3 i les seves causes, la\nimpermanencia de la vida, la interdepend\u00e8ncia del m\u00f3n, el poder de la ment, amor i compassi\u00f3,\nidentificaci\u00f3 i gesti\u00f3 d'emocions, acceptaci\u00f3 versus resignaci\u00f3.\u00a0<\/p><p>Es recomana haver participat en el curs \u201cApr\u00e8n a meditar per a joves\u201d pr\u00e8viament, encara que no \u00e9s\nimprescindible. Explica'ns el teu inter\u00e8s. Pots participar de manera regular o en sessions independents.<\/p>\t\t\t\t\t\t\t\t<\/div>\n\t\t\t\t<\/div>\n\t\t\t\t<div class=\"elementor-element elementor-element-8d01757 elementor-widget elementor-widget-heading\" data-id=\"8d01757\" data-element_type=\"widget\" data-e-type=\"widget\" data-widget_type=\"heading.default\">\n\t\t\t\t<div class=\"elementor-widget-container\">\n\t\t\t\t\t<h4 class=\"elementor-heading-title elementor-size-small\">On?<\/h4>\t\t\t\t<\/div>\n\t\t\t\t<\/div>\n\t\t\t\t<div class=\"elementor-element elementor-element-ef22b12 elementor-widget elementor-widget-text-editor\" data-id=\"ef22b12\" data-element_type=\"widget\" data-e-type=\"widget\" data-widget_type=\"text-editor.default\">\n\t\t\t\t<div class=\"elementor-widget-container\">\n\t\t\t\t\t\t\t\t\t<p>Ciutat de Granada 20, Barcelona (Poblenou)<\/p>\t\t\t\t\t\t\t\t<\/div>\n\t\t\t\t<\/div>\n\t\t\t\t<div class=\"elementor-element elementor-element-82ebd54 elementor-widget elementor-widget-heading\" data-id=\"82ebd54\" data-element_type=\"widget\" data-e-type=\"widget\" data-widget_type=\"heading.default\">\n\t\t\t\t<div class=\"elementor-widget-container\">\n\t\t\t\t\t<h5 class=\"elementor-heading-title elementor-size-small\">Dates Curs 2024<\/h5>\t\t\t\t<\/div>\n\t\t\t\t<\/div>\n\t\t\t\t<div class=\"elementor-element elementor-element-e4917d5 elementor-widget elementor-widget-text-editor\" data-id=\"e4917d5\" data-element_type=\"widget\" data-e-type=\"widget\" data-widget_type=\"text-editor.default\">\n\t\t\t\t<div class=\"elementor-widget-container\">\n\t\t\t\t\t\t\t\t\t<p><b>Dilluns de 18h a 19:15<\/b>: 29 de gener, 19 de febrer, 18 de mar\u00e7c 15 d'abril, 13 de maig y 17 de juny<\/p>\t\t\t\t\t\t\t\t<\/div>\n\t\t\t\t<\/div>\n\t\t\t\t<div class=\"elementor-element elementor-element-c413be1 elementor-widget elementor-widget-heading\" data-id=\"c413be1\" data-element_type=\"widget\" data-e-type=\"widget\" data-widget_type=\"heading.default\">\n\t\t\t\t<div class=\"elementor-widget-container\">\n\t\t\t\t\t<h5 class=\"elementor-heading-title elementor-size-small\">Aportaci\u00f3<\/h5>\t\t\t\t<\/div>\n\t\t\t\t<\/div>\n\t\t\t\t<div class=\"elementor-element elementor-element-64961b5 elementor-widget elementor-widget-text-editor\" data-id=\"64961b5\" data-element_type=\"widget\" data-e-type=\"widget\" data-widget_type=\"text-editor.default\">\n\t\t\t\t<div class=\"elementor-widget-container\">\n\t\t\t\t\t\t\t\t\t<p>\u2022 Taller independiente: 20\u20ac<br \/>\u2022 Regular semestral (10%): 108\u20ac<br \/>\u2022 Familia socixs Sangha Activa semestral (20%): 96\u20ac.<\/p>\t\t\t\t\t\t\t\t<\/div>\n\t\t\t\t<\/div>\n\t\t\t\t<div class=\"elementor-element elementor-element-d2de600 elementor-widget elementor-widget-button\" data-id=\"d2de600\" data-element_type=\"widget\" data-e-type=\"widget\" data-widget_type=\"button.default\">\n\t\t\t\t<div class=\"elementor-widget-container\">\n\t\t\t\t\t\t\t\t\t<div class=\"elementor-button-wrapper\">\n\t\t\t\t\t<a class=\"elementor-button elementor-button-link elementor-size-sm\" href=\"#formularioeducar\">\n\t\t\t\t\t\t<span class=\"elementor-button-content-wrapper\">\n\t\t\t\t\t\t\t\t\t<span class=\"elementor-button-text\">inscripci\u00f3<\/span>\n\t\t\t\t\t<\/span>\n\t\t\t\t\t<\/a>\n\t\t\t\t<\/div>\n\t\t\t\t\t\t\t\t<\/div>\n\t\t\t\t<\/div>\n\t\t\t\t\t<\/div>\n\t\t<\/div>\n\t\t\t\t\t<\/div>\n\t\t<\/section>\n\t\t\t\t<section class=\"elementor-section elementor-top-section elementor-element elementor-element-17b5b64 elementor-section-boxed elementor-section-height-default elementor-section-height-default\" data-id=\"17b5b64\" data-element_type=\"section\" data-e-type=\"section\" id=\"familiasconscientes\" data-settings=\"{&quot;background_background&quot;:&quot;classic&quot;}\">\n\t\t\t\t\t\t<div class=\"elementor-container elementor-column-gap-default\">\n\t\t\t\t\t<div class=\"elementor-column elementor-col-50 elementor-top-column elementor-element elementor-element-10522db\" data-id=\"10522db\" data-element_type=\"column\" data-e-type=\"column\">\n\t\t\t<div class=\"elementor-widget-wrap elementor-element-populated\">\n\t\t\t\t\t\t<div class=\"elementor-element elementor-element-3c1eae7 elementor-position-top elementor-widget elementor-widget-image-box\" data-id=\"3c1eae7\" data-element_type=\"widget\" data-e-type=\"widget\" data-widget_type=\"image-box.default\">\n\t\t\t\t<div class=\"elementor-widget-container\">\n\t\t\t\t\t<div class=\"elementor-image-box-wrapper\"><figure class=\"elementor-image-box-img\"><img decoding=\"async\" width=\"800\" height=\"600\" data-src=\"https:\/\/sanghaactiva.com\/wp-content\/uploads\/2023\/07\/familias-conscientes.jpg\" class=\"attachment-full size-full wp-image-2116 lazyload\" alt=\"familias conscientes\" data-srcset=\"https:\/\/sanghaactiva.com\/wp-content\/uploads\/2023\/07\/familias-conscientes.jpg 800w, https:\/\/sanghaactiva.com\/wp-content\/uploads\/2023\/07\/familias-conscientes-600x450.jpg 600w, https:\/\/sanghaactiva.com\/wp-content\/uploads\/2023\/07\/familias-conscientes-300x225.jpg 300w, https:\/\/sanghaactiva.com\/wp-content\/uploads\/2023\/07\/familias-conscientes-768x576.jpg 768w\" data-sizes=\"(max-width: 800px) 100vw, 800px\" src=\"data:image\/svg+xml;base64,PHN2ZyB3aWR0aD0iMSIgaGVpZ2h0PSIxIiB4bWxucz0iaHR0cDovL3d3dy53My5vcmcvMjAwMC9zdmciPjwvc3ZnPg==\" style=\"--smush-placeholder-width: 800px; --smush-placeholder-aspect-ratio: 800\/600;\" \/><\/figure><div class=\"elementor-image-box-content\"><h3 class=\"elementor-image-box-title\">Familias Conscientes -Online<\/h3><p class=\"elementor-image-box-description\">Grup format per pares i mares que els ve de gust cr\u00e9ixer educant. Un espai on els acompanyem en la seva tasca d'educar a trav\u00e9s del creixement personal. Sessions per a investigar sobre la fam\u00edlia, un proc\u00e9s m\u00e0gic on aprendre a gaudir junts passi el que passi. Si vols que ells siguin feli\u00e7os hem de comen\u00e7ar a caminar en\nla mateixa direcci\u00f3.<\/p><\/div><\/div>\t\t\t\t<\/div>\n\t\t\t\t<\/div>\n\t\t\t\t\t<\/div>\n\t\t<\/div>\n\t\t\t\t<div class=\"elementor-column elementor-col-50 elementor-top-column elementor-element elementor-element-a815f10\" data-id=\"a815f10\" data-element_type=\"column\" data-e-type=\"column\">\n\t\t\t<div class=\"elementor-widget-wrap elementor-element-populated\">\n\t\t\t\t\t\t<div class=\"elementor-element elementor-element-7f662dd elementor-widget elementor-widget-text-editor\" data-id=\"7f662dd\" data-element_type=\"widget\" data-e-type=\"widget\" data-widget_type=\"text-editor.default\">\n\t\t\t\t<div class=\"elementor-widget-container\">\n\t\t\t\t\t\t\t\t\t<p>Ens reunim de forma mensual (online)\nper a estudiar, reflexionar, debatre i practicar t\u00e8cniques d'introspecci\u00f3, refor\u00e7ant positivament els vincles familiars, gestionant les emocions que sorgeixen de la conviv\u00e8ncia, descobrint una comunicaci\u00f3 m\u00e9s efica\u00e7. Generem una comunitat on compartir els reptes del dia a dia.<\/p>\t\t\t\t\t\t\t\t<\/div>\n\t\t\t\t<\/div>\n\t\t\t\t<div class=\"elementor-element elementor-element-8f7b30b elementor-widget elementor-widget-heading\" data-id=\"8f7b30b\" data-element_type=\"widget\" data-e-type=\"widget\" data-widget_type=\"heading.default\">\n\t\t\t\t<div class=\"elementor-widget-container\">\n\t\t\t\t\t<h5 class=\"elementor-heading-title elementor-size-small\">Calendari<\/h5>\t\t\t\t<\/div>\n\t\t\t\t<\/div>\n\t\t\t\t<div class=\"elementor-element elementor-element-8d1a6ef elementor-widget elementor-widget-text-editor\" data-id=\"8d1a6ef\" data-element_type=\"widget\" data-e-type=\"widget\" data-widget_type=\"text-editor.default\">\n\t\t\t\t<div class=\"elementor-widget-container\">\n\t\t\t\t\t\t\t\t\t<p>Actualment en plataforma ON LINE\u00a0\u00a0<\/p><p><strong>Confer\u00e8ncia informativa<\/strong> Pendent de data\u00a0<\/p><p>Dilluns de 21,00 a 22,15 h (1er semestre 2024): 29 de gener,\u00a026 febrer,\u00a025 mar\u00e7,\u00a029 abril, 27 de maig<\/p><div><p>Consultar horari sangha Sudam\u00e8rica\u00a0<\/p><\/div>\t\t\t\t\t\t\t\t<\/div>\n\t\t\t\t<\/div>\n\t\t\t\t<div class=\"elementor-element elementor-element-4316088 elementor-widget elementor-widget-heading\" data-id=\"4316088\" data-element_type=\"widget\" data-e-type=\"widget\" data-widget_type=\"heading.default\">\n\t\t\t\t<div class=\"elementor-widget-container\">\n\t\t\t\t\t<h5 class=\"elementor-heading-title elementor-size-small\">Aportaci\u00f3<\/h5>\t\t\t\t<\/div>\n\t\t\t\t<\/div>\n\t\t\t\t<div class=\"elementor-element elementor-element-00d9479 elementor-widget elementor-widget-text-editor\" data-id=\"00d9479\" data-element_type=\"widget\" data-e-type=\"widget\" data-widget_type=\"text-editor.default\">\n\t\t\t\t<div class=\"elementor-widget-container\">\n\t\t\t\t\t\t\t\t\t<p>Activitat gratu\u00efta per a socis i s\u00f2cies estudiants de la comunitat (parella inclosa)<\/p><p>Aportaci\u00f3 especial persones no s\u00f2cies: 40\u20ac per sessi\u00f3 (individual o parella)<\/p><p><strong>Si vols participar: susana.lopez@sanghaactiva.org\u00a0<\/strong><\/p>\t\t\t\t\t\t\t\t<\/div>\n\t\t\t\t<\/div>\n\t\t\t\t\t<\/div>\n\t\t<\/div>\n\t\t\t\t\t<\/div>\n\t\t<\/section>\n\t\t\t\t<section class=\"elementor-section elementor-top-section elementor-element elementor-element-34b7ba0 elementor-section-boxed elementor-section-height-default elementor-section-height-default\" data-id=\"34b7ba0\" data-element_type=\"section\" data-e-type=\"section\">\n\t\t\t\t\t\t<div class=\"elementor-container elementor-column-gap-default\">\n\t\t\t\t\t<div class=\"elementor-column elementor-col-50 elementor-top-column elementor-element elementor-element-c15d9fc\" data-id=\"c15d9fc\" data-element_type=\"column\" data-e-type=\"column\">\n\t\t\t<div class=\"elementor-widget-wrap elementor-element-populated\">\n\t\t\t\t\t\t<div class=\"elementor-element elementor-element-1fdd97f elementor-view-default elementor-widget elementor-widget-icon\" data-id=\"1fdd97f\" data-element_type=\"widget\" data-e-type=\"widget\" data-widget_type=\"icon.default\">\n\t\t\t\t<div class=\"elementor-widget-container\">\n\t\t\t\t\t\t\t<div class=\"elementor-icon-wrapper\">\n\t\t\t<div class=\"elementor-icon\">\n\t\t\t<i aria-hidden=\"true\" class=\"far fa-envelope\"><\/i>\t\t\t<\/div>\n\t\t<\/div>\n\t\t\t\t\t\t<\/div>\n\t\t\t\t<\/div>\n\t\t\t\t\t<\/div>\n\t\t<\/div>\n\t\t\t\t<div class=\"elementor-column elementor-col-50 elementor-top-column elementor-element elementor-element-77c4263\" data-id=\"77c4263\" data-element_type=\"column\" data-e-type=\"column\">\n\t\t\t<div class=\"elementor-widget-wrap elementor-element-populated\">\n\t\t\t\t\t\t<div class=\"elementor-element elementor-element-355e368 elementor-widget elementor-widget-heading\" data-id=\"355e368\" data-element_type=\"widget\" data-e-type=\"widget\" data-widget_type=\"heading.default\">\n\t\t\t\t<div class=\"elementor-widget-container\">\n\t\t\t\t\t<h2 class=\"elementor-heading-title elementor-size-large\">Atenci\u00f3 personalitzada<\/h2>\t\t\t\t<\/div>\n\t\t\t\t<\/div>\n\t\t\t\t<div class=\"elementor-element elementor-element-851b6e8 elementor-widget elementor-widget-text-editor\" data-id=\"851b6e8\" data-element_type=\"widget\" data-e-type=\"widget\" data-widget_type=\"text-editor.default\">\n\t\t\t\t<div class=\"elementor-widget-container\">\n\t\t\t\t\t\t\t\t\t<p>Sabem que poden donar-se situacions molt diverses dins de la vida i l'educaci\u00f3 familiar. Si creus que necessites una atenci\u00f3 m\u00e9s personalitzada i vols que valorem tu situaci\u00f3 envia'ns un mail a <b>susana.lopez@sanghaactiva.org<\/b>, i ens posarem en contacte amb tu.\u00a0<\/p>\t\t\t\t\t\t\t\t<\/div>\n\t\t\t\t<\/div>\n\t\t\t\t<div class=\"elementor-element elementor-element-33fc40c elementor-widget elementor-widget-text-editor\" data-id=\"33fc40c\" data-element_type=\"widget\" data-e-type=\"widget\" data-widget_type=\"text-editor.default\">\n\t\t\t\t<div class=\"elementor-widget-container\">\n\t\t\t\t\t\t\t\t\t<p>Et proposarem una primera sessi\u00f3 individual i\/o familiar per a con\u00e8ixer les necessitats espec\u00edfiques i aix\u00ed poder plantejar el tipus de sessions (continguts, periodicitat, grupal o personalitzada).<\/p>\t\t\t\t\t\t\t\t<\/div>\n\t\t\t\t<\/div>\n\t\t\t\t\t<\/div>\n\t\t<\/div>\n\t\t\t\t\t<\/div>\n\t\t<\/section>\n\t\t\t\t<section class=\"elementor-section elementor-top-section elementor-element elementor-element-a20b1c8 elementor-section-boxed elementor-section-height-default elementor-section-height-default\" data-id=\"a20b1c8\" data-element_type=\"section\" data-e-type=\"section\" data-settings=\"{&quot;background_background&quot;:&quot;classic&quot;}\">\n\t\t\t\t\t\t<div class=\"elementor-container elementor-column-gap-default\">\n\t\t\t\t\t<div class=\"elementor-column elementor-col-50 elementor-top-column elementor-element elementor-element-1719c29\" data-id=\"1719c29\" data-element_type=\"column\" data-e-type=\"column\">\n\t\t\t<div class=\"elementor-widget-wrap elementor-element-populated\">\n\t\t\t\t\t\t<div class=\"elementor-element elementor-element-04d75cd elementor-widget elementor-widget-image\" data-id=\"04d75cd\" data-element_type=\"widget\" data-e-type=\"widget\" data-widget_type=\"image.default\">\n\t\t\t\t<div class=\"elementor-widget-container\">\n\t\t\t\t\t\t\t\t\t\t\t\t\t\t\t<img decoding=\"async\" width=\"300\" height=\"300\" data-src=\"https:\/\/sanghaactiva.com\/wp-content\/uploads\/2023\/04\/susana.jpg\" class=\"attachment-large size-large wp-image-615 lazyload\" alt=\"susana lopez\" data-srcset=\"https:\/\/sanghaactiva.com\/wp-content\/uploads\/2023\/04\/susana.jpg 300w, https:\/\/sanghaactiva.com\/wp-content\/uploads\/2023\/04\/susana-100x100.jpg 100w, https:\/\/sanghaactiva.com\/wp-content\/uploads\/2023\/04\/susana-150x150.jpg 150w\" data-sizes=\"(max-width: 300px) 100vw, 300px\" src=\"data:image\/svg+xml;base64,PHN2ZyB3aWR0aD0iMSIgaGVpZ2h0PSIxIiB4bWxucz0iaHR0cDovL3d3dy53My5vcmcvMjAwMC9zdmciPjwvc3ZnPg==\" style=\"--smush-placeholder-width: 300px; --smush-placeholder-aspect-ratio: 300\/300;\" \/>\t\t\t\t\t\t\t\t\t\t\t\t\t\t\t<\/div>\n\t\t\t\t<\/div>\n\t\t\t\t\t<\/div>\n\t\t<\/div>\n\t\t\t\t<div class=\"elementor-column elementor-col-50 elementor-top-column elementor-element elementor-element-0ecf9be\" data-id=\"0ecf9be\" data-element_type=\"column\" data-e-type=\"column\">\n\t\t\t<div class=\"elementor-widget-wrap elementor-element-populated\">\n\t\t\t\t\t\t<div class=\"elementor-element elementor-element-ec8b898 elementor-widget elementor-widget-heading\" data-id=\"ec8b898\" data-element_type=\"widget\" data-e-type=\"widget\" data-widget_type=\"heading.default\">\n\t\t\t\t<div class=\"elementor-widget-container\">\n\t\t\t\t\t<h3 class=\"elementor-heading-title elementor-size-default\">Susana L\u00f3pez, psic\u00f2loga i formadora a Educar en Felicitat<\/h3>\t\t\t\t<\/div>\n\t\t\t\t<\/div>\n\t\t\t\t<div class=\"elementor-element elementor-element-00a5a30 elementor-widget elementor-widget-text-editor\" data-id=\"00a5a30\" data-element_type=\"widget\" data-e-type=\"widget\" data-widget_type=\"text-editor.default\">\n\t\t\t\t<div class=\"elementor-widget-container\">\n\t\t\t\t\t\t\t\t\t<div><p>Susana L\u00f3pez \u00e9s llicenciada en psicologia per la Universitat Ram\u00f3n Llull.\u00a0<\/p><p>Col\u00b7legiada com a educadora social.\u00a0<\/p><p>Formada en Inteligencia Emocional, NEE y musicoterapia,\u00a0Mindfulness en educaci\u00f3n y Educaci\u00f3n en valores.<\/p><p>Especialitzaci\u00f3 psicopedag\u00f2gica en atenci\u00f3 a la diversitat escolar per la UAB.\u00a0<\/p><\/div><div>Su trabajo y pasi\u00f3n por el mundo educativo se uni\u00f3 a su proceso de crecimiento personal, llev\u00e1ndola a crear el proyecto\u00a0Educar en Felicidad. Practicante de meditaci\u00f3n desde hace 25 a\u00f1os, ayudar a los dem\u00e1s y disfrutar con ello es la motivaci\u00f3n que le pone en marcha y le permite superar cualquier obst\u00e1culo.<\/div><div><p dir=\"ltr\">Ha desarrollado su carrera profesional en el \u00e1mbito de la educaci\u00f3n especial, atendiendo a personas con trastornos de autismo y\/o psicosis infantil asociados a discapacidad intelectual Formadora de meditaci\u00f3n asesora a familias, ni\u00f1os, adolescentes, y adultos con alguna dificultad.<\/p><p dir=\"ltr\">Desarrolla cursos y talleres tanto para familias como en centros educativos<\/p><\/div>\t\t\t\t\t\t\t\t<\/div>\n\t\t\t\t<\/div>\n\t\t\t\t\t<\/div>\n\t\t<\/div>\n\t\t\t\t\t<\/div>\n\t\t<\/section>\n\t\t\t\t<section class=\"elementor-section elementor-top-section elementor-element elementor-element-a587242 elementor-section-boxed elementor-section-height-default elementor-section-height-default\" data-id=\"a587242\" data-element_type=\"section\" data-e-type=\"section\" data-settings=\"{&quot;background_background&quot;:&quot;classic&quot;}\">\n\t\t\t\t\t\t<div class=\"elementor-container elementor-column-gap-default\">\n\t\t\t\t\t<div class=\"elementor-column elementor-col-50 elementor-top-column elementor-element elementor-element-a0375c2\" data-id=\"a0375c2\" data-element_type=\"column\" data-e-type=\"column\">\n\t\t\t<div class=\"elementor-widget-wrap elementor-element-populated\">\n\t\t\t\t\t\t<div class=\"elementor-element elementor-element-2cb1a9c elementor-widget elementor-widget-heading\" data-id=\"2cb1a9c\" data-element_type=\"widget\" data-e-type=\"widget\" data-widget_type=\"heading.default\">\n\t\t\t\t<div class=\"elementor-widget-container\">\n\t\t\t\t\t<h3 class=\"elementor-heading-title elementor-size-default\">Raquel Puig Fern\u00e1ndez, imparteix Fam\u00edlies Conscient<\/h3>\t\t\t\t<\/div>\n\t\t\t\t<\/div>\n\t\t\t\t<div class=\"elementor-element elementor-element-54d0d3b elementor-widget elementor-widget-text-editor\" data-id=\"54d0d3b\" data-element_type=\"widget\" data-e-type=\"widget\" data-widget_type=\"text-editor.default\">\n\t\t\t\t<div class=\"elementor-widget-container\">\n\t\t\t\t\t\t\t\t\t<p>\u201cEs va llicenciar en Psicopedagogia per la UOC i en Educaci\u00f3 Infantil i Prim\u00e0ria per la URL. El seu\ntreball i passi\u00f3 pel m\u00f3n educatiu es va unir al seu proc\u00e9s de creixement personal, portant-la a crear el\nprojecte Educar en Felicitat. Practicant de meditaci\u00f3 des de fa m\u00e9s 20 anys, el seu paper de mare en els \u00faltims 8 anys li motiva a compartir la seva experi\u00e8ncia. Ha desenvolupat la seva carrera professional en\nl'\u00e0mbit de l'escola i actualment segueix el seu comprom\u00eds realitzant cursos de formaci\u00f3. T\u00e9 formaci\u00f3 complement\u00e0ria en educaci\u00f3 emocional en l'ICE, en mediaci\u00f3 i gesti\u00f3 de conflictes pel Departament d\u2019Educaci\u00f3, en Intel\u00b7lig\u00e8ncies m\u00faltiples, Mindfulness&nbsp;<span style=\"font-style: inherit; font-weight: inherit; background-color: var( --e-global-color-7b490eda ); color: var(--ast-global-color-3);\">en educaci\u00f3 i Educaci\u00f3 en valors.\u201d<\/span><\/p>\t\t\t\t\t\t\t\t<\/div>\n\t\t\t\t<\/div>\n\t\t\t\t\t<\/div>\n\t\t<\/div>\n\t\t\t\t<div class=\"elementor-column elementor-col-50 elementor-top-column elementor-element elementor-element-dc4e688\" data-id=\"dc4e688\" data-element_type=\"column\" data-e-type=\"column\">\n\t\t\t<div class=\"elementor-widget-wrap elementor-element-populated\">\n\t\t\t\t\t\t\t<\/div>\n\t\t<\/div>\n\t\t\t\t\t<\/div>\n\t\t<\/section>\n\t\t\t\t<section class=\"elementor-section elementor-top-section elementor-element elementor-element-84bf157 elementor-section-boxed elementor-section-height-default elementor-section-height-default\" data-id=\"84bf157\" data-element_type=\"section\" data-e-type=\"section\" id=\"efinformacion\">\n\t\t\t\t\t\t<div class=\"elementor-container elementor-column-gap-default\">\n\t\t\t\t\t<div class=\"elementor-column elementor-col-100 elementor-top-column elementor-element elementor-element-4b65f0f\" data-id=\"4b65f0f\" data-element_type=\"column\" data-e-type=\"column\">\n\t\t\t<div class=\"elementor-widget-wrap elementor-element-populated\">\n\t\t\t\t\t\t<div class=\"elementor-element elementor-element-910464a elementor-widget elementor-widget-heading\" data-id=\"910464a\" data-element_type=\"widget\" data-e-type=\"widget\" data-widget_type=\"heading.default\">\n\t\t\t\t<div class=\"elementor-widget-container\">\n\t\t\t\t\t<h2 class=\"elementor-heading-title elementor-size-default\">Inscripci\u00f3 i informaci\u00f3<\/h2>\t\t\t\t<\/div>\n\t\t\t\t<\/div>\n\t\t\t\t<div class=\"elementor-element elementor-element-878683f elementor-widget elementor-widget-text-editor\" data-id=\"878683f\" data-element_type=\"widget\" data-e-type=\"widget\" data-widget_type=\"text-editor.default\">\n\t\t\t\t<div class=\"elementor-widget-container\">\n\t\t\t\t\t\t\t\t\t<p>Abans d'inscriure't necessitem saber m\u00e9s sobre tu. Emplena el formulari amb l'activitat a la qual desitges apuntar-te i Susana L\u00f3pez es posar\u00e0 en contacte amb tu\u00a0<\/p>\t\t\t\t\t\t\t\t<\/div>\n\t\t\t\t<\/div>\n\t\t\t\t\t<\/div>\n\t\t<\/div>\n\t\t\t\t\t<\/div>\n\t\t<\/section>\n\t\t\t\t<section class=\"elementor-section elementor-top-section elementor-element elementor-element-ada55a6 elementor-section-boxed elementor-section-height-default elementor-section-height-default\" data-id=\"ada55a6\" data-element_type=\"section\" data-e-type=\"section\">\n\t\t\t\t\t\t<div class=\"elementor-container elementor-column-gap-default\">\n\t\t\t\t\t<div class=\"elementor-column elementor-col-100 elementor-top-column elementor-element elementor-element-187289a\" data-id=\"187289a\" data-element_type=\"column\" data-e-type=\"column\">\n\t\t\t<div class=\"elementor-widget-wrap elementor-element-populated\">\n\t\t\t\t\t\t<div class=\"elementor-element elementor-element-a4d5b90 eael-contact-form-7-button-align-left eael-contact-form-7-button-custom elementor-widget elementor-widget-eael-contact-form-7\" data-id=\"a4d5b90\" data-element_type=\"widget\" data-e-type=\"widget\" id=\"formularioeducar\" data-widget_type=\"eael-contact-form-7.default\">\n\t\t\t\t<div class=\"elementor-widget-container\">\n\t\t\t\t\t<div class=\"eael-contact-form-7-wrapper\">\n                <div class=\"eael-contact-form eael-contact-form-7 eael-contact-form-a4d5b90 placeholder-show eael-contact-form-align-center\"><div class=\"eael-contact-form-7-heading\"><\/div>\n<div class=\"wpcf7 no-js\" id=\"wpcf7-f22520-o1\" lang=\"es-ES\" dir=\"ltr\" data-wpcf7-id=\"22520\">\n<div class=\"screen-reader-response\"><p role=\"status\" aria-live=\"polite\" aria-atomic=\"true\"><\/p> <ul><\/ul><\/div>\n<form action=\"\/ca\/wp-json\/wp\/v2\/pages\/1453#wpcf7-f22520-o1\" method=\"post\" class=\"wpcf7-form init\" aria-label=\"Formulari de contacte\" novalidate=\"novalidate\" data-status=\"init\" data-trp-original-action=\"\/ca\/wp-json\/wp\/v2\/pages\/1453#wpcf7-f22520-o1\">\n<fieldset class=\"hidden-fields-container\"><input type=\"hidden\" name=\"_wpcf7\" value=\"22520\" \/><input type=\"hidden\" name=\"_wpcf7_version\" value=\"6.1.5\" \/><input type=\"hidden\" name=\"_wpcf7_locale\" value=\"es_ES\" \/><input type=\"hidden\" name=\"_wpcf7_unit_tag\" value=\"wpcf7-f22520-o1\" \/><input type=\"hidden\" name=\"_wpcf7_container_post\" value=\"0\" \/><input type=\"hidden\" name=\"_wpcf7_posted_data_hash\" value=\"\" \/>\n<\/fieldset>\n<div class=\"wpcf7-turnstile cf-turnstile\" data-sitekey=\"0x4AAAAAAB1505mq7QNjI0r_\" data-response-field-name=\"_wpcf7_turnstile_response\"><\/div>\n\n<p><label> El teu nom<br \/>\n<span class=\"wpcf7-form-control-wrap\" data-name=\"your-name\"><input size=\"40\" maxlength=\"400\" class=\"wpcf7-form-control wpcf7-text wpcf7-validates-as-required\" autocomplete=\"name\" aria-required=\"true\" aria-invalid=\"false\" value=\"\" type=\"text\" name=\"your-name\" \/><\/span> <\/label>\n<\/p>\n<p><label> El teu correu electr\u00f2nic<br \/>\n<span class=\"wpcf7-form-control-wrap\" data-name=\"your-email\"><input size=\"40\" maxlength=\"400\" class=\"wpcf7-form-control wpcf7-email wpcf7-validates-as-required wpcf7-text wpcf7-validates-as-email\" autocomplete=\"email\" aria-required=\"true\" aria-invalid=\"false\" value=\"\" type=\"email\" name=\"your-email\" \/><\/span> <\/label>\n<\/p>\n<p><label> A quina activitat vols inscriure't o sobre quin vols m\u00e9s informaci\u00f3?<br \/>\n<span class=\"wpcf7-form-control-wrap\" data-name=\"Informacin\"><select class=\"wpcf7-form-control wpcf7-select wpcf7-validates-as-required\" aria-required=\"true\" aria-invalid=\"false\" multiple=\"multiple\" name=\"Informacin[]\"><option value=\"Mindfulness en familia\">Mindfulness en familia<\/option><option value=\"Aprende a meditar j\u00f3venes 12-16\">Aprende a meditar j\u00f3venes 12-16<\/option><option value=\"J\u00f3venes Conscientes\">Joves Conscients<\/option><option value=\"Familias Conscientes\">Familias Conscientes<\/option><\/select><\/span> <\/label>\n<\/p>\n<p><label> El teu missatge<br \/>\n<span class=\"wpcf7-form-control-wrap\" data-name=\"your-message\"><textarea cols=\"40\" rows=\"10\" maxlength=\"2000\" class=\"wpcf7-form-control wpcf7-textarea\" aria-invalid=\"false\" name=\"your-message\"><\/textarea><\/span> <\/label>\n<\/p>\n<p><span class=\"wpcf7-form-control-wrap\" data-name=\"acceptance-956\"><span class=\"wpcf7-form-control wpcf7-acceptance\"><span class=\"wpcf7-list-item\"><input type=\"checkbox\" name=\"acceptance-956\" value=\"1\" aria-invalid=\"false\" \/><\/span><\/span><\/span>He llegit i accepto <a href=\"https:\/\/sanghaactiva.com\/ca\/politica-de-privacidad-cookies\/\" target=\"_blank\">la pol\u00edtica de privacitat i av\u00eds legal<\/a>\n<\/p>\n<p><input class=\"wpcf7-form-control wpcf7-submit has-spinner\" type=\"submit\" value=\"He llegit i accepto\" \/>\n<\/p>\n<p style=\"font-size: 9px; text-align: justify;\"><em><strong>Protecci\u00f3 de Dades<\/strong><\/em><br \/>\n<em> De conformitat amb Reglament General de Protecci\u00f3 de Dades (RGPD 2016\/679) i de la resta de\nnormatives vigents de privacitat i protecci\u00f3 de dades aplicables, l'informem que les seves dades seran\ntractades amb la finalitat de gestionar les activitats i, estatuts de l'associaci\u00f3, d'acord amb el compliment\nde les nostres obligacions legals i al nostre leg\u00edtim inter\u00e8s.<\/em><br \/>\n<em> De la mateixa manera, si Vost\u00e8 ha donat el seu consentiment expr\u00e9s en algun moment, les seves dades seran tractades tamb\u00e9 amb la finalitat de mantenir-li informat de les nostres activitats.<\/em><br \/>\n<em> Li comuniquem que en cap cas seran cedits a tercers tret que sigui necessari per a complir amb les\nfinalitats previstes, i que es conservaran pel temps que existeixi una relaci\u00f3 o mentre existeixin\nobligacions legals. Pot sol\u00b7licitar m\u00e9s informaci\u00f3, o exercir els drets que li assisteixen enfront del\nResponsable del Tractament:<\/em><br \/>\n<em> Associaci\u00f3 Sangha Activa | CIF: G65817587 | Mas\u00eda Ca L'Oller s\/n, 08359 Sant Iscle de Vallalta (Bcn) | info@sanghaactiva.com<\/em><br \/>\n<em> Aix\u00ed mateix, tamb\u00e9 pot dirigir-se davant l'Autoritat de Protecci\u00f3 de Dades Personals (www.aepd.es)<\/em>\n<\/p><p style=\"display: none !important;\" class=\"akismet-fields-container\" data-prefix=\"_wpcf7_ak_\"><label>&#916;<textarea name=\"_wpcf7_ak_hp_textarea\" cols=\"45\" rows=\"8\" maxlength=\"100\"><\/textarea><\/label><input type=\"hidden\" id=\"ak_js_1\" name=\"_wpcf7_ak_js\" value=\"207\"\/><script>document.getElementById( \"ak_js_1\" ).setAttribute( \"value\", ( new Date() ).getTime() );<\/script><\/p><div class=\"wpcf7-response-output\" aria-hidden=\"true\"><\/div>\n<input type=\"hidden\" name=\"trp-form-language\" value=\"ca\"\/><\/form>\n<\/div>\n<\/div>\n            <\/div>\t\t\t\t<\/div>\n\t\t\t\t<\/div>\n\t\t\t\t\t<\/div>\n\t\t<\/div>\n\t\t\t\t\t<\/div>\n\t\t<\/section>\n\t\t\t\t<\/div>","protected":false},"excerpt":{"rendered":"<p>Educar en Felicidad \u00bfTe gustar\u00eda aprovechar la crianza de tus hij@ para sacar de ti mism@ lo mejor? \u00bfPodemos aprender a disfrutar en familia? \u00bfC\u00f3mo contribuir en la felicidad de [&hellip;]<\/p>\n","protected":false},"author":1,"featured_media":22534,"parent":677,"menu_order":0,"comment_status":"closed","ping_status":"closed","template":"","meta":{"site-sidebar-layout":"no-sidebar","site-content-layout":"page-builder","ast-site-content-layout":"default","site-content-style":"default","site-sidebar-style":"default","ast-global-header-display":"","ast-banner-title-visibility":"","ast-main-header-display":"","ast-hfb-above-header-display":"","ast-hfb-below-header-display":"","ast-hfb-mobile-header-display":"","site-post-title":"disabled","ast-breadcrumbs-content":"","ast-featured-img":"disabled","footer-sml-layout":"","ast-disable-related-posts":"","theme-transparent-header-meta":"","adv-header-id-meta":"","stick-header-meta":"","header-above-stick-meta":"","header-main-stick-meta":"","header-below-stick-meta":"","astra-migrate-meta-layouts":"default","ast-page-background-enabled":"default","ast-page-background-meta":{"desktop":{"background-color":"","background-image":"","background-repeat":"repeat","background-position":"center center","background-size":"auto","background-attachment":"scroll","background-type":"","background-media":"","overlay-type":"","overlay-color":"","overlay-opacity":"","overlay-gradient":""},"tablet":{"background-color":"","background-image":"","background-repeat":"repeat","background-position":"center center","background-size":"auto","background-attachment":"scroll","background-type":"","background-media":"","overlay-type":"","overlay-color":"","overlay-opacity":"","overlay-gradient":""},"mobile":{"background-color":"","background-image":"","background-repeat":"repeat","background-position":"center center","background-size":"auto","background-attachment":"scroll","background-type":"","background-media":"","overlay-type":"","overlay-color":"","overlay-opacity":"","overlay-gradient":""}},"ast-content-background-meta":{"desktop":{"background-color":"var(--ast-global-color-5)","background-image":"","background-repeat":"repeat","background-position":"center center","background-size":"auto","background-attachment":"scroll","background-type":"","background-media":"","overlay-type":"","overlay-color":"","overlay-opacity":"","overlay-gradient":""},"tablet":{"background-color":"var(--ast-global-color-5)","background-image":"","background-repeat":"repeat","background-position":"center center","background-size":"auto","background-attachment":"scroll","background-type":"","background-media":"","overlay-type":"","overlay-color":"","overlay-opacity":"","overlay-gradient":""},"mobile":{"background-color":"var(--ast-global-color-5)","background-image":"","background-repeat":"repeat","background-position":"center center","background-size":"auto","background-attachment":"scroll","background-type":"","background-media":"","overlay-type":"","overlay-color":"","overlay-opacity":"","overlay-gradient":""}},"_EventAllDay":false,"_EventTimezone":"","_EventStartDate":"","_EventEndDate":"","_EventStartDateUTC":"","_EventEndDateUTC":"","_EventShowMap":false,"_EventShowMapLink":false,"_EventURL":"","_EventCost":"","_EventCostDescription":"","_EventCurrencySymbol":"","_EventCurrencyCode":"","_EventCurrencyPosition":"","_EventDateTimeSeparator":"","_EventTimeRangeSeparator":"","_EventOrganizerID":[],"_EventVenueID":[],"_OrganizerEmail":"","_OrganizerPhone":"","_OrganizerWebsite":"","_VenueAddress":"","_VenueCity":"","_VenueCountry":"","_VenueProvince":"","_VenueState":"","_VenueZip":"","_VenuePhone":"","_VenueURL":"","_VenueStateProvince":"","_VenueLat":"","_VenueLng":"","_VenueShowMap":false,"_VenueShowMapLink":false,"footnotes":""},"class_list":["post-1453","page","type-page","status-publish","has-post-thumbnail","hentry"],"yoast_head":"<!-- This site is optimized with the Yoast SEO plugin v27.0 - https:\/\/yoast.com\/product\/yoast-seo-wordpress\/ -->\n<title>Educar en Felicidad - Formaci\u00f3n consciente para familias y j\u00f3venes<\/title>\n<meta name=\"description\" content=\"Educar en Felicidad es un programa de formaci\u00f3n en mindfulness dirigido a familias, hijos, jovenes y educadores.\" \/>\n<meta name=\"robots\" content=\"index, follow, max-snippet:-1, max-image-preview:large, max-video-preview:-1\" \/>\n<link rel=\"canonical\" href=\"https:\/\/sanghaactiva.com\/ca\/desarrollo-personal\/educar-en-felicidad\/\" \/>\n<meta property=\"og:locale\" content=\"ca_ES\" \/>\n<meta property=\"og:type\" content=\"article\" \/>\n<meta property=\"og:title\" content=\"Educar en Felicidad - Formaci\u00f3n consciente para familias y j\u00f3venes\" \/>\n<meta property=\"og:description\" content=\"Educar en Felicidad es un programa de formaci\u00f3n en mindfulness dirigido a familias, hijos, jovenes y educadores.\" \/>\n<meta property=\"og:url\" content=\"https:\/\/sanghaactiva.com\/ca\/desarrollo-personal\/educar-en-felicidad\/\" \/>\n<meta property=\"og:site_name\" content=\"Sangha Activa\" \/>\n<meta property=\"article:publisher\" content=\"https:\/\/www.facebook.com\/sanghaactiva\" \/>\n<meta property=\"article:modified_time\" content=\"2024-02-27T14:43:28+00:00\" \/>\n<meta property=\"og:image\" content=\"https:\/\/sanghaactiva.com\/wp-content\/uploads\/2024\/01\/educar-en-felicidad-portada.jpg\" \/>\n\t<meta property=\"og:image:width\" content=\"1920\" \/>\n\t<meta property=\"og:image:height\" content=\"1080\" \/>\n\t<meta property=\"og:image:type\" content=\"image\/jpeg\" \/>\n<meta name=\"twitter:card\" content=\"summary_large_image\" \/>\n<meta name=\"twitter:label1\" content=\"Temps estimat de lectura\" \/>\n\t<meta name=\"twitter:data1\" content=\"11 minuts\" \/>\n<!-- \/ Yoast SEO plugin. -->","yoast_head_json":{"title":"Educar en Felicidad - Formaci\u00f3n consciente para familias y j\u00f3venes","description":"Educar en Felicidad es un programa de formaci\u00f3n en mindfulness dirigido a familias, hijos, jovenes y educadores.","robots":{"index":"index","follow":"follow","max-snippet":"max-snippet:-1","max-image-preview":"max-image-preview:large","max-video-preview":"max-video-preview:-1"},"canonical":"https:\/\/sanghaactiva.com\/ca\/desarrollo-personal\/educar-en-felicidad\/","og_locale":"ca_ES","og_type":"article","og_title":"Educar en Felicidad - Formaci\u00f3n consciente para familias y j\u00f3venes","og_description":"Educar en Felicidad es un programa de formaci\u00f3n en mindfulness dirigido a familias, hijos, jovenes y educadores.","og_url":"https:\/\/sanghaactiva.com\/ca\/desarrollo-personal\/educar-en-felicidad\/","og_site_name":"Sangha Activa","article_publisher":"https:\/\/www.facebook.com\/sanghaactiva","article_modified_time":"2024-02-27T14:43:28+00:00","og_image":[{"width":1920,"height":1080,"url":"https:\/\/sanghaactiva.com\/wp-content\/uploads\/2024\/01\/educar-en-felicidad-portada.jpg","type":"image\/jpeg"}],"twitter_card":"summary_large_image","twitter_misc":{"Temps estimat de lectura":"11 minuts"},"schema":{"@context":"https:\/\/schema.org","@graph":[{"@type":"WebPage","@id":"https:\/\/sanghaactiva.com\/desarrollo-personal\/educar-en-felicidad","url":"https:\/\/sanghaactiva.com\/desarrollo-personal\/educar-en-felicidad","name":"Educar en Felicidad - Formaci\u00f3n consciente para familias y j\u00f3venes","isPartOf":{"@id":"https:\/\/sanghaactiva.com\/#website"},"primaryImageOfPage":{"@id":"https:\/\/sanghaactiva.com\/desarrollo-personal\/educar-en-felicidad#primaryimage"},"image":{"@id":"https:\/\/sanghaactiva.com\/desarrollo-personal\/educar-en-felicidad#primaryimage"},"thumbnailUrl":"https:\/\/sanghaactiva.com\/wp-content\/uploads\/2024\/01\/educar-en-felicidad-portada.jpg","datePublished":"2023-05-24T18:21:28+00:00","dateModified":"2024-02-27T14:43:28+00:00","description":"Educar en Felicidad es un programa de formaci\u00f3n en mindfulness dirigido a familias, hijos, jovenes y educadores.","breadcrumb":{"@id":"https:\/\/sanghaactiva.com\/desarrollo-personal\/educar-en-felicidad#breadcrumb"},"inLanguage":"ca","potentialAction":[{"@type":"ReadAction","target":["https:\/\/sanghaactiva.com\/desarrollo-personal\/educar-en-felicidad"]}]},{"@type":"ImageObject","inLanguage":"ca","@id":"https:\/\/sanghaactiva.com\/desarrollo-personal\/educar-en-felicidad#primaryimage","url":"https:\/\/sanghaactiva.com\/wp-content\/uploads\/2024\/01\/educar-en-felicidad-portada.jpg","contentUrl":"https:\/\/sanghaactiva.com\/wp-content\/uploads\/2024\/01\/educar-en-felicidad-portada.jpg","width":1920,"height":1080,"caption":"educar en felicidad"},{"@type":"BreadcrumbList","@id":"https:\/\/sanghaactiva.com\/desarrollo-personal\/educar-en-felicidad#breadcrumb","itemListElement":[{"@type":"ListItem","position":1,"name":"Portada","item":"https:\/\/sanghaactiva.com\/"},{"@type":"ListItem","position":2,"name":"Programas de desarrollo personal consciente","item":"https:\/\/sanghaactiva.com\/desarrollo-personal"},{"@type":"ListItem","position":3,"name":"Educar en Felicidad"}]},{"@type":"WebSite","@id":"https:\/\/sanghaactiva.com\/#website","url":"https:\/\/sanghaactiva.com\/","name":"Sangha Activa","description":"Comunitat budista","publisher":{"@id":"https:\/\/sanghaactiva.com\/#organization"},"potentialAction":[{"@type":"SearchAction","target":{"@type":"EntryPoint","urlTemplate":"https:\/\/sanghaactiva.com\/?s={search_term_string}"},"query-input":{"@type":"PropertyValueSpecification","valueRequired":true,"valueName":"search_term_string"}}],"inLanguage":"ca"},{"@type":"Organization","@id":"https:\/\/sanghaactiva.com\/#organization","name":"Sangha Activa","url":"https:\/\/sanghaactiva.com\/","logo":{"@type":"ImageObject","inLanguage":"ca","@id":"https:\/\/sanghaactiva.com\/#\/schema\/logo\/image\/","url":"https:\/\/sanghaactiva.com\/wp-content\/uploads\/2023\/03\/cropped-cropped-cropped-cropped-cropped-log2_SAcol-e1682594942970.png","contentUrl":"https:\/\/sanghaactiva.com\/wp-content\/uploads\/2023\/03\/cropped-cropped-cropped-cropped-cropped-log2_SAcol-e1682594942970.png","width":50,"height":65,"caption":"Sangha Activa"},"image":{"@id":"https:\/\/sanghaactiva.com\/#\/schema\/logo\/image\/"},"sameAs":["https:\/\/www.facebook.com\/sanghaactiva","https:\/\/www.youtube.com\/channel\/UCcMXKFgf-cWzUn9GLIvZPsw","https:\/\/www.instagram.com\/sanghaactiva\/"]}]}},"_links":{"self":[{"href":"https:\/\/sanghaactiva.com\/ca\/wp-json\/wp\/v2\/pages\/1453","targetHints":{"allow":["GET"]}}],"collection":[{"href":"https:\/\/sanghaactiva.com\/ca\/wp-json\/wp\/v2\/pages"}],"about":[{"href":"https:\/\/sanghaactiva.com\/ca\/wp-json\/wp\/v2\/types\/page"}],"author":[{"embeddable":true,"href":"https:\/\/sanghaactiva.com\/ca\/wp-json\/wp\/v2\/users\/1"}],"replies":[{"embeddable":true,"href":"https:\/\/sanghaactiva.com\/ca\/wp-json\/wp\/v2\/comments?post=1453"}],"version-history":[{"count":0,"href":"https:\/\/sanghaactiva.com\/ca\/wp-json\/wp\/v2\/pages\/1453\/revisions"}],"up":[{"embeddable":true,"href":"https:\/\/sanghaactiva.com\/ca\/wp-json\/wp\/v2\/pages\/677"}],"wp:featuredmedia":[{"embeddable":true,"href":"https:\/\/sanghaactiva.com\/ca\/wp-json\/wp\/v2\/media\/22534"}],"wp:attachment":[{"href":"https:\/\/sanghaactiva.com\/ca\/wp-json\/wp\/v2\/media?parent=1453"}],"curies":[{"name":"wp","href":"https:\/\/api.w.org\/{rel}","templated":true}]}}