{"id":21089,"date":"2023-08-28T16:56:53","date_gmt":"2023-08-28T16:56:53","guid":{"rendered":"https:\/\/sanghaactiva.com\/?page_id=21089"},"modified":"2026-03-12T21:05:35","modified_gmt":"2026-03-12T20:05:35","slug":"centro-budista-sabadell-sangha-activa","status":"publish","type":"page","link":"https:\/\/sanghaactiva.com\/ca\/sobre-sangha-activa\/centro-budista-sabadell-sangha-activa","title":{"rendered":"Centre budista Sabadell"},"content":{"rendered":"<div data-elementor-type=\"wp-page\" data-elementor-id=\"21089\" class=\"elementor elementor-21089\">\n\t\t\t\t\t\t<section class=\"elementor-section elementor-top-section elementor-element elementor-element-dc472ef elementor-section-boxed elementor-section-height-default elementor-section-height-default\" data-id=\"dc472ef\" data-element_type=\"section\" data-e-type=\"section\">\n\t\t\t\t\t\t<div class=\"elementor-container elementor-column-gap-default\">\n\t\t\t\t\t<div class=\"elementor-column elementor-col-100 elementor-top-column elementor-element elementor-element-df6a3ba\" data-id=\"df6a3ba\" data-element_type=\"column\" data-e-type=\"column\">\n\t\t\t<div class=\"elementor-widget-wrap elementor-element-populated\">\n\t\t\t\t\t\t<div class=\"elementor-element elementor-element-e641366 elementor-widget elementor-widget-heading\" data-id=\"e641366\" data-element_type=\"widget\" data-e-type=\"widget\" data-widget_type=\"heading.default\">\n\t\t\t\t<div class=\"elementor-widget-container\">\n\t\t\t\t\t<h2 class=\"elementor-heading-title elementor-size-default\">Centre Urb\u00e0 Sangha Activa - Sabadell (Barcelona)<\/h2>\t\t\t\t<\/div>\n\t\t\t\t<\/div>\n\t\t\t\t\t<\/div>\n\t\t<\/div>\n\t\t\t\t\t<\/div>\n\t\t<\/section>\n\t\t\t\t<section class=\"elementor-section elementor-top-section elementor-element elementor-element-c4b283f elementor-section-boxed elementor-section-height-default elementor-section-height-default\" data-id=\"c4b283f\" data-element_type=\"section\" data-e-type=\"section\">\n\t\t\t\t\t\t<div class=\"elementor-container elementor-column-gap-default\">\n\t\t\t\t\t<div class=\"elementor-column elementor-col-50 elementor-top-column elementor-element elementor-element-fa819e5\" data-id=\"fa819e5\" data-element_type=\"column\" data-e-type=\"column\">\n\t\t\t<div class=\"elementor-widget-wrap elementor-element-populated\">\n\t\t\t\t\t\t<div class=\"elementor-element elementor-element-8091ac4 elementor-widget elementor-widget-heading\" data-id=\"8091ac4\" data-element_type=\"widget\" data-e-type=\"widget\" data-widget_type=\"heading.default\">\n\t\t\t\t<div class=\"elementor-widget-container\">\n\t\t\t\t\t<h3 class=\"elementor-heading-title elementor-size-large\">Breu hist\u00f2ria del nostre centre budista a Sabadell<\/h3>\t\t\t\t<\/div>\n\t\t\t\t<\/div>\n\t\t\t\t<div class=\"elementor-element elementor-element-745eaf2 elementor-widget-divider--view-line elementor-widget elementor-widget-divider\" data-id=\"745eaf2\" data-element_type=\"widget\" data-e-type=\"widget\" data-widget_type=\"divider.default\">\n\t\t\t\t<div class=\"elementor-widget-container\">\n\t\t\t\t\t\t\t<div class=\"elementor-divider\">\n\t\t\t<span class=\"elementor-divider-separator\">\n\t\t\t\t\t\t<\/span>\n\t\t<\/div>\n\t\t\t\t\t\t<\/div>\n\t\t\t\t<\/div>\n\t\t\t\t<div class=\"elementor-element elementor-element-d7dab4f elementor-widget elementor-widget-text-editor\" data-id=\"d7dab4f\" data-element_type=\"widget\" data-e-type=\"widget\" data-widget_type=\"text-editor.default\">\n\t\t\t\t<div class=\"elementor-widget-container\">\n\t\t\t\t\t\t\t\t\t<p>L'obertura de nostre Centre a Sabadell, ens connecta amb els or\u00edgens de Sangha Activa, ja que va ser la ciutat en la qual el <a href=\"https:\/\/sanghaactiva.com\/ca\/sobre-sangha-activa\/lama-dondrub\/\">Ven. Lama Ngawang Dorje Dondrub<\/a> va comen\u00e7ar a estudiar i practicar budisme Vajrayana a principis dels 90.<\/p><p>Despr\u00e9s de m\u00e9s de 30 anys i despr\u00e9s de l'obertura de cinc Centres de Dharma, dos a Catalunya, un a Lima (el Per\u00fa) i un altre a La Paz (Bol\u00edvia), el nostre cinqu\u00e8 Centre ens porta de nou a Sabadell.<\/p><p>El passat 11 d'agost de 2023, Sa Santedat Gyana Vajra Rinpoche, el 43 Sakya Trizin ens va\nhonorar amb la seva pres\u00e8ncia i va beneir el Centre per a la seva obertura d'activitats amb la\npres\u00e8ncia de Lama Dondrub, del Ngagpa Dorje Ngodrub (Francisco Molina), Coordinador del\nCentre i de la Sangha de Sabadell.<\/p>\t\t\t\t\t\t\t\t<\/div>\n\t\t\t\t<\/div>\n\t\t\t\t<div class=\"elementor-element elementor-element-fac1049 elementor-widget__width-initial elementor-widget elementor-widget-image\" data-id=\"fac1049\" data-element_type=\"widget\" data-e-type=\"widget\" data-widget_type=\"image.default\">\n\t\t\t\t<div class=\"elementor-widget-container\">\n\t\t\t\t\t\t\t\t\t\t\t\t\t\t\t<img fetchpriority=\"high\" decoding=\"async\" width=\"800\" height=\"600\" src=\"https:\/\/sanghaactiva.com\/wp-content\/uploads\/2025\/07\/sala-de-meditacion-sabadell-imagen.jpg\" class=\"attachment-large size-large wp-image-25682\" alt=\"sala de meditacion sabadell imagen\" srcset=\"https:\/\/sanghaactiva.com\/wp-content\/uploads\/2025\/07\/sala-de-meditacion-sabadell-imagen.jpg 800w, https:\/\/sanghaactiva.com\/wp-content\/uploads\/2025\/07\/sala-de-meditacion-sabadell-imagen-300x225.jpg 300w, https:\/\/sanghaactiva.com\/wp-content\/uploads\/2025\/07\/sala-de-meditacion-sabadell-imagen-768x576.jpg 768w, https:\/\/sanghaactiva.com\/wp-content\/uploads\/2025\/07\/sala-de-meditacion-sabadell-imagen-16x12.jpg 16w\" sizes=\"(max-width: 800px) 100vw, 800px\" \/>\t\t\t\t\t\t\t\t\t\t\t\t\t\t\t<\/div>\n\t\t\t\t<\/div>\n\t\t\t\t\t<\/div>\n\t\t<\/div>\n\t\t\t\t<div class=\"elementor-column elementor-col-50 elementor-top-column elementor-element elementor-element-8f13aba\" data-id=\"8f13aba\" data-element_type=\"column\" data-e-type=\"column\">\n\t\t\t<div class=\"elementor-widget-wrap elementor-element-populated\">\n\t\t\t\t\t\t<div class=\"elementor-element elementor-element-59d8582 elementor-widget elementor-widget-image\" data-id=\"59d8582\" data-element_type=\"widget\" data-e-type=\"widget\" data-widget_type=\"image.default\">\n\t\t\t\t<div class=\"elementor-widget-container\">\n\t\t\t\t\t\t\t\t\t\t\t\t\t\t\t<img decoding=\"async\" width=\"800\" height=\"600\" data-src=\"https:\/\/sanghaactiva.com\/wp-content\/uploads\/2025\/07\/sangha-activa-sabadell-entrada-imagen.jpg\" class=\"attachment-large size-large wp-image-25680 lazyload\" alt=\"sangha activa sabadell entrada imagen\" data-srcset=\"https:\/\/sanghaactiva.com\/wp-content\/uploads\/2025\/07\/sangha-activa-sabadell-entrada-imagen.jpg 800w, https:\/\/sanghaactiva.com\/wp-content\/uploads\/2025\/07\/sangha-activa-sabadell-entrada-imagen-300x225.jpg 300w, https:\/\/sanghaactiva.com\/wp-content\/uploads\/2025\/07\/sangha-activa-sabadell-entrada-imagen-768x576.jpg 768w, https:\/\/sanghaactiva.com\/wp-content\/uploads\/2025\/07\/sangha-activa-sabadell-entrada-imagen-16x12.jpg 16w\" data-sizes=\"(max-width: 800px) 100vw, 800px\" src=\"data:image\/svg+xml;base64,PHN2ZyB3aWR0aD0iMSIgaGVpZ2h0PSIxIiB4bWxucz0iaHR0cDovL3d3dy53My5vcmcvMjAwMC9zdmciPjwvc3ZnPg==\" style=\"--smush-placeholder-width: 800px; --smush-placeholder-aspect-ratio: 800\/600;\" \/>\t\t\t\t\t\t\t\t\t\t\t\t\t\t\t<\/div>\n\t\t\t\t<\/div>\n\t\t\t\t<div class=\"elementor-element elementor-element-03b8ef8 elementor-widget elementor-widget-image\" data-id=\"03b8ef8\" data-element_type=\"widget\" data-e-type=\"widget\" data-widget_type=\"image.default\">\n\t\t\t\t<div class=\"elementor-widget-container\">\n\t\t\t\t\t\t\t\t\t\t\t\t\t\t\t<img decoding=\"async\" width=\"800\" height=\"600\" data-src=\"https:\/\/sanghaactiva.com\/wp-content\/uploads\/2023\/08\/centre-budista-sabadell-imagen.jpg\" class=\"attachment-large size-large wp-image-21098 lazyload\" alt=\"centro budista en sabadell\" data-srcset=\"https:\/\/sanghaactiva.com\/wp-content\/uploads\/2023\/08\/centre-budista-sabadell-imagen.jpg 800w, https:\/\/sanghaactiva.com\/wp-content\/uploads\/2023\/08\/centre-budista-sabadell-imagen-600x450.jpg 600w, https:\/\/sanghaactiva.com\/wp-content\/uploads\/2023\/08\/centre-budista-sabadell-imagen-300x225.jpg 300w, https:\/\/sanghaactiva.com\/wp-content\/uploads\/2023\/08\/centre-budista-sabadell-imagen-768x576.jpg 768w\" data-sizes=\"(max-width: 800px) 100vw, 800px\" src=\"data:image\/svg+xml;base64,PHN2ZyB3aWR0aD0iMSIgaGVpZ2h0PSIxIiB4bWxucz0iaHR0cDovL3d3dy53My5vcmcvMjAwMC9zdmciPjwvc3ZnPg==\" style=\"--smush-placeholder-width: 800px; --smush-placeholder-aspect-ratio: 800\/600;\" \/>\t\t\t\t\t\t\t\t\t\t\t\t\t\t\t<\/div>\n\t\t\t\t<\/div>\n\t\t\t\t<div class=\"elementor-element elementor-element-ffb0403 elementor-widget elementor-widget-image\" data-id=\"ffb0403\" data-element_type=\"widget\" data-e-type=\"widget\" data-widget_type=\"image.default\">\n\t\t\t\t<div class=\"elementor-widget-container\">\n\t\t\t\t\t\t\t\t\t\t\t\t\t\t\t<img decoding=\"async\" width=\"400\" height=\"600\" data-src=\"https:\/\/sanghaactiva.com\/wp-content\/uploads\/2025\/07\/sala-de-terapias-sabadell-imagen.jpg\" class=\"attachment-large size-large wp-image-25683 lazyload\" alt=\"sala de terapias sabadell imagen\" data-srcset=\"https:\/\/sanghaactiva.com\/wp-content\/uploads\/2025\/07\/sala-de-terapias-sabadell-imagen.jpg 400w, https:\/\/sanghaactiva.com\/wp-content\/uploads\/2025\/07\/sala-de-terapias-sabadell-imagen-200x300.jpg 200w, https:\/\/sanghaactiva.com\/wp-content\/uploads\/2025\/07\/sala-de-terapias-sabadell-imagen-8x12.jpg 8w\" data-sizes=\"(max-width: 400px) 100vw, 400px\" src=\"data:image\/svg+xml;base64,PHN2ZyB3aWR0aD0iMSIgaGVpZ2h0PSIxIiB4bWxucz0iaHR0cDovL3d3dy53My5vcmcvMjAwMC9zdmciPjwvc3ZnPg==\" style=\"--smush-placeholder-width: 400px; --smush-placeholder-aspect-ratio: 400\/600;\" \/>\t\t\t\t\t\t\t\t\t\t\t\t\t\t\t<\/div>\n\t\t\t\t<\/div>\n\t\t\t\t\t<\/div>\n\t\t<\/div>\n\t\t\t\t\t<\/div>\n\t\t<\/section>\n\t\t\t\t<section class=\"elementor-section elementor-top-section elementor-element elementor-element-2ca431f elementor-section-boxed elementor-section-height-default elementor-section-height-default\" data-id=\"2ca431f\" data-element_type=\"section\" data-e-type=\"section\">\n\t\t\t\t\t\t<div class=\"elementor-container elementor-column-gap-default\">\n\t\t\t\t\t<div class=\"elementor-column elementor-col-100 elementor-top-column elementor-element elementor-element-445ca69\" data-id=\"445ca69\" data-element_type=\"column\" data-e-type=\"column\">\n\t\t\t<div class=\"elementor-widget-wrap elementor-element-populated\">\n\t\t\t\t\t\t<div class=\"elementor-element elementor-element-9972f45 elementor-widget elementor-widget-heading\" data-id=\"9972f45\" data-element_type=\"widget\" data-e-type=\"widget\" data-widget_type=\"heading.default\">\n\t\t\t\t<div class=\"elementor-widget-container\">\n\t\t\t\t\t<h3 class=\"elementor-heading-title elementor-size-large\">Qu\u00e8 fem a Sangha Activa \u2013 Sabadell?\n<\/h3>\t\t\t\t<\/div>\n\t\t\t\t<\/div>\n\t\t\t\t<div class=\"elementor-element elementor-element-efb3c47 elementor-widget-divider--view-line elementor-widget elementor-widget-divider\" data-id=\"efb3c47\" data-element_type=\"widget\" data-e-type=\"widget\" data-widget_type=\"divider.default\">\n\t\t\t\t<div class=\"elementor-widget-container\">\n\t\t\t\t\t\t\t<div class=\"elementor-divider\">\n\t\t\t<span class=\"elementor-divider-separator\">\n\t\t\t\t\t\t<\/span>\n\t\t<\/div>\n\t\t\t\t\t\t<\/div>\n\t\t\t\t<\/div>\n\t\t\t\t<div class=\"elementor-element elementor-element-6f1fb7d elementor-widget elementor-widget-text-editor\" data-id=\"6f1fb7d\" data-element_type=\"widget\" data-e-type=\"widget\" data-widget_type=\"text-editor.default\">\n\t\t\t\t<div class=\"elementor-widget-container\">\n\t\t\t\t\t\t\t\t\t<p>De moment, les nostres activitats se centraran en els Grups de Recerca en la\nMeditaci\u00f3 que es realitzaran en horaris de tarda de dilluns a divendres.\u00a0<span style=\"font-style: inherit; font-weight: inherit; background-color: var(--ast-global-color-5); color: var(--ast-global-color-3);\">A poc a poc s'activaran els grups Shantideva, grups d'estudis de Filosofia\nBudista que imparteix Lama Dondrub, aix\u00ed com activitats relacionades amb la\ncura del cos com el K-Stretch postural.<\/span><\/p>\t\t\t\t\t\t\t\t<\/div>\n\t\t\t\t<\/div>\n\t\t\t\t\t<\/div>\n\t\t<\/div>\n\t\t\t\t\t<\/div>\n\t\t<\/section>\n\t\t\t\t<section class=\"elementor-section elementor-top-section elementor-element elementor-element-7e27042 elementor-section-boxed elementor-section-height-default elementor-section-height-default\" data-id=\"7e27042\" data-element_type=\"section\" data-e-type=\"section\">\n\t\t\t\t\t\t<div class=\"elementor-container elementor-column-gap-default\">\n\t\t\t\t\t<div class=\"elementor-column elementor-col-25 elementor-top-column elementor-element elementor-element-e3a6e74\" data-id=\"e3a6e74\" data-element_type=\"column\" data-e-type=\"column\">\n\t\t\t<div class=\"elementor-widget-wrap elementor-element-populated\">\n\t\t\t\t\t\t<div class=\"elementor-element elementor-element-df772d0 elementor-widget elementor-widget-image\" data-id=\"df772d0\" data-element_type=\"widget\" data-e-type=\"widget\" data-widget_type=\"image.default\">\n\t\t\t\t<div class=\"elementor-widget-container\">\n\t\t\t\t\t\t\t\t\t\t\t\t\t\t\t\t<a href=\"https:\/\/sanghaactiva.com\/ca\/meditacion\/curso-meditacion-gim\/\">\n\t\t\t\t\t\t\t<img decoding=\"async\" width=\"1024\" height=\"576\" data-src=\"https:\/\/sanghaactiva.com\/wp-content\/uploads\/2024\/02\/curso-de-meditacion-gim-imagen-portada-1024x576.jpg\" class=\"attachment-large size-large wp-image-23363 lazyload\" alt=\"curso de meditacion gim\" data-srcset=\"https:\/\/sanghaactiva.com\/wp-content\/uploads\/2024\/02\/curso-de-meditacion-gim-imagen-portada-1024x576.jpg 1024w, https:\/\/sanghaactiva.com\/wp-content\/uploads\/2024\/02\/curso-de-meditacion-gim-imagen-portada-600x338.jpg 600w, https:\/\/sanghaactiva.com\/wp-content\/uploads\/2024\/02\/curso-de-meditacion-gim-imagen-portada-300x169.jpg 300w, https:\/\/sanghaactiva.com\/wp-content\/uploads\/2024\/02\/curso-de-meditacion-gim-imagen-portada-768x432.jpg 768w, https:\/\/sanghaactiva.com\/wp-content\/uploads\/2024\/02\/curso-de-meditacion-gim-imagen-portada-1536x864.jpg 1536w, https:\/\/sanghaactiva.com\/wp-content\/uploads\/2024\/02\/curso-de-meditacion-gim-imagen-portada-18x10.jpg 18w, https:\/\/sanghaactiva.com\/wp-content\/uploads\/2024\/02\/curso-de-meditacion-gim-imagen-portada.jpg 1920w\" data-sizes=\"(max-width: 1024px) 100vw, 1024px\" src=\"data:image\/svg+xml;base64,PHN2ZyB3aWR0aD0iMSIgaGVpZ2h0PSIxIiB4bWxucz0iaHR0cDovL3d3dy53My5vcmcvMjAwMC9zdmciPjwvc3ZnPg==\" style=\"--smush-placeholder-width: 1024px; --smush-placeholder-aspect-ratio: 1024\/576;\" \/>\t\t\t\t\t\t\t\t<\/a>\n\t\t\t\t\t\t\t\t\t\t\t\t\t\t\t<\/div>\n\t\t\t\t<\/div>\n\t\t\t\t\t<\/div>\n\t\t<\/div>\n\t\t\t\t<div class=\"elementor-column elementor-col-25 elementor-top-column elementor-element elementor-element-a109a91\" data-id=\"a109a91\" data-element_type=\"column\" data-e-type=\"column\">\n\t\t\t<div class=\"elementor-widget-wrap elementor-element-populated\">\n\t\t\t\t\t\t<div class=\"elementor-element elementor-element-20c4812 elementor-widget elementor-widget-image\" data-id=\"20c4812\" data-element_type=\"widget\" data-e-type=\"widget\" data-widget_type=\"image.default\">\n\t\t\t\t<div class=\"elementor-widget-container\">\n\t\t\t\t\t\t\t\t\t\t\t\t\t\t\t\t<a href=\"https:\/\/sanghaactiva.com\/ca\/meditacion\/curso-meditacion-gim\/meditar-en-sabadell\/\">\n\t\t\t\t\t\t\t<img decoding=\"async\" width=\"1024\" height=\"576\" data-src=\"https:\/\/sanghaactiva.com\/wp-content\/uploads\/2023\/12\/taller-gratuito-de-meditacion-sabadell-imagen-agenda-1024x576.jpg\" class=\"attachment-large size-large wp-image-22134 lazyload\" alt=\"taller gratuito de meditaci\u00f3n en sabadell\" data-srcset=\"https:\/\/sanghaactiva.com\/wp-content\/uploads\/2023\/12\/taller-gratuito-de-meditacion-sabadell-imagen-agenda-1024x576.jpg 1024w, https:\/\/sanghaactiva.com\/wp-content\/uploads\/2023\/12\/taller-gratuito-de-meditacion-sabadell-imagen-agenda-600x338.jpg 600w, https:\/\/sanghaactiva.com\/wp-content\/uploads\/2023\/12\/taller-gratuito-de-meditacion-sabadell-imagen-agenda-300x169.jpg 300w, https:\/\/sanghaactiva.com\/wp-content\/uploads\/2023\/12\/taller-gratuito-de-meditacion-sabadell-imagen-agenda-768x432.jpg 768w, https:\/\/sanghaactiva.com\/wp-content\/uploads\/2023\/12\/taller-gratuito-de-meditacion-sabadell-imagen-agenda-1536x864.jpg 1536w, https:\/\/sanghaactiva.com\/wp-content\/uploads\/2023\/12\/taller-gratuito-de-meditacion-sabadell-imagen-agenda.jpg 1920w\" data-sizes=\"(max-width: 1024px) 100vw, 1024px\" src=\"data:image\/svg+xml;base64,PHN2ZyB3aWR0aD0iMSIgaGVpZ2h0PSIxIiB4bWxucz0iaHR0cDovL3d3dy53My5vcmcvMjAwMC9zdmciPjwvc3ZnPg==\" style=\"--smush-placeholder-width: 1024px; --smush-placeholder-aspect-ratio: 1024\/576;\" \/>\t\t\t\t\t\t\t\t<\/a>\n\t\t\t\t\t\t\t\t\t\t\t\t\t\t\t<\/div>\n\t\t\t\t<\/div>\n\t\t\t\t\t<\/div>\n\t\t<\/div>\n\t\t\t\t<div class=\"elementor-column elementor-col-25 elementor-top-column elementor-element elementor-element-480e405\" data-id=\"480e405\" data-element_type=\"column\" data-e-type=\"column\">\n\t\t\t<div class=\"elementor-widget-wrap elementor-element-populated\">\n\t\t\t\t\t\t<div class=\"elementor-element elementor-element-5d4b560 elementor-widget elementor-widget-image\" data-id=\"5d4b560\" data-element_type=\"widget\" data-e-type=\"widget\" data-widget_type=\"image.default\">\n\t\t\t\t<div class=\"elementor-widget-container\">\n\t\t\t\t\t\t\t\t\t\t\t\t\t\t\t\t<a href=\"https:\/\/sanghaactiva.com\/ca\/sobre-sangha-activa\/centro-budista-sabadell-sangha-activa\/curso-reiki-sabadell\/\">\n\t\t\t\t\t\t\t<img decoding=\"async\" width=\"1024\" height=\"576\" data-src=\"https:\/\/sanghaactiva.com\/wp-content\/uploads\/2024\/03\/CURSOS-REIKI-VILASSAR-DE-MAR-IMAGEN-1024x576.jpg\" class=\"attachment-large size-large wp-image-23594 lazyload\" alt=\"CURSOS REIKI VILASSAR DE MAR\" data-srcset=\"https:\/\/sanghaactiva.com\/wp-content\/uploads\/2024\/03\/CURSOS-REIKI-VILASSAR-DE-MAR-IMAGEN-1024x576.jpg 1024w, https:\/\/sanghaactiva.com\/wp-content\/uploads\/2024\/03\/CURSOS-REIKI-VILASSAR-DE-MAR-IMAGEN-600x338.jpg 600w, https:\/\/sanghaactiva.com\/wp-content\/uploads\/2024\/03\/CURSOS-REIKI-VILASSAR-DE-MAR-IMAGEN-300x169.jpg 300w, https:\/\/sanghaactiva.com\/wp-content\/uploads\/2024\/03\/CURSOS-REIKI-VILASSAR-DE-MAR-IMAGEN-768x432.jpg 768w, https:\/\/sanghaactiva.com\/wp-content\/uploads\/2024\/03\/CURSOS-REIKI-VILASSAR-DE-MAR-IMAGEN-1536x864.jpg 1536w, https:\/\/sanghaactiva.com\/wp-content\/uploads\/2024\/03\/CURSOS-REIKI-VILASSAR-DE-MAR-IMAGEN-18x10.jpg 18w, https:\/\/sanghaactiva.com\/wp-content\/uploads\/2024\/03\/CURSOS-REIKI-VILASSAR-DE-MAR-IMAGEN.jpg 1920w\" data-sizes=\"(max-width: 1024px) 100vw, 1024px\" src=\"data:image\/svg+xml;base64,PHN2ZyB3aWR0aD0iMSIgaGVpZ2h0PSIxIiB4bWxucz0iaHR0cDovL3d3dy53My5vcmcvMjAwMC9zdmciPjwvc3ZnPg==\" style=\"--smush-placeholder-width: 1024px; --smush-placeholder-aspect-ratio: 1024\/576;\" \/>\t\t\t\t\t\t\t\t<\/a>\n\t\t\t\t\t\t\t\t\t\t\t\t\t\t\t<\/div>\n\t\t\t\t<\/div>\n\t\t\t\t\t<\/div>\n\t\t<\/div>\n\t\t\t\t<div class=\"elementor-column elementor-col-25 elementor-top-column elementor-element elementor-element-e850621\" data-id=\"e850621\" data-element_type=\"column\" data-e-type=\"column\">\n\t\t\t<div class=\"elementor-widget-wrap elementor-element-populated\">\n\t\t\t\t\t\t<div class=\"elementor-element elementor-element-4ec8c8c elementor-widget elementor-widget-image\" data-id=\"4ec8c8c\" data-element_type=\"widget\" data-e-type=\"widget\" data-widget_type=\"image.default\">\n\t\t\t\t<div class=\"elementor-widget-container\">\n\t\t\t\t\t\t\t\t\t\t\t\t\t\t\t\t<a href=\"https:\/\/sanghaactiva.com\/ca\/sobre-sangha-activa\/centro-budista-sabadell-sangha-activa\/clases-de-yoga-en-sabadell\/\">\n\t\t\t\t\t\t\t<img decoding=\"async\" width=\"1024\" height=\"576\" data-src=\"https:\/\/sanghaactiva.com\/wp-content\/uploads\/2024\/04\/clases-yoga-sabadell-imagen-1024x576.jpg\" class=\"attachment-large size-large wp-image-23781 lazyload\" alt=\"clases de yoga en sabadell\" data-srcset=\"https:\/\/sanghaactiva.com\/wp-content\/uploads\/2024\/04\/clases-yoga-sabadell-imagen-1024x576.jpg 1024w, https:\/\/sanghaactiva.com\/wp-content\/uploads\/2024\/04\/clases-yoga-sabadell-imagen-600x338.jpg 600w, https:\/\/sanghaactiva.com\/wp-content\/uploads\/2024\/04\/clases-yoga-sabadell-imagen-300x169.jpg 300w, https:\/\/sanghaactiva.com\/wp-content\/uploads\/2024\/04\/clases-yoga-sabadell-imagen-768x432.jpg 768w, https:\/\/sanghaactiva.com\/wp-content\/uploads\/2024\/04\/clases-yoga-sabadell-imagen-1536x864.jpg 1536w, https:\/\/sanghaactiva.com\/wp-content\/uploads\/2024\/04\/clases-yoga-sabadell-imagen-18x10.jpg 18w, https:\/\/sanghaactiva.com\/wp-content\/uploads\/2024\/04\/clases-yoga-sabadell-imagen.jpg 1920w\" data-sizes=\"(max-width: 1024px) 100vw, 1024px\" src=\"data:image\/svg+xml;base64,PHN2ZyB3aWR0aD0iMSIgaGVpZ2h0PSIxIiB4bWxucz0iaHR0cDovL3d3dy53My5vcmcvMjAwMC9zdmciPjwvc3ZnPg==\" style=\"--smush-placeholder-width: 1024px; --smush-placeholder-aspect-ratio: 1024\/576;\" \/>\t\t\t\t\t\t\t\t<\/a>\n\t\t\t\t\t\t\t\t\t\t\t\t\t\t\t<\/div>\n\t\t\t\t<\/div>\n\t\t\t\t\t<\/div>\n\t\t<\/div>\n\t\t\t\t\t<\/div>\n\t\t<\/section>\n\t\t\t\t<section class=\"elementor-section elementor-top-section elementor-element elementor-element-eaa579e elementor-section-boxed elementor-section-height-default elementor-section-height-default\" data-id=\"eaa579e\" data-element_type=\"section\" data-e-type=\"section\">\n\t\t\t\t\t\t<div class=\"elementor-container elementor-column-gap-default\">\n\t\t\t\t\t<div class=\"elementor-column elementor-col-100 elementor-top-column elementor-element elementor-element-ce53e01\" data-id=\"ce53e01\" data-element_type=\"column\" data-e-type=\"column\">\n\t\t\t<div class=\"elementor-widget-wrap elementor-element-populated\">\n\t\t\t\t\t\t<div class=\"elementor-element elementor-element-e4d3ae1 elementor-widget elementor-widget-heading\" data-id=\"e4d3ae1\" data-element_type=\"widget\" data-e-type=\"widget\" data-widget_type=\"heading.default\">\n\t\t\t\t<div class=\"elementor-widget-container\">\n\t\t\t\t\t<h2 class=\"elementor-heading-title elementor-size-default\">Activitats Regulars<\/h2>\t\t\t\t<\/div>\n\t\t\t\t<\/div>\n\t\t\t\t<div class=\"elementor-element elementor-element-82e149f elementor-widget-divider--view-line elementor-widget elementor-widget-divider\" data-id=\"82e149f\" data-element_type=\"widget\" data-e-type=\"widget\" data-widget_type=\"divider.default\">\n\t\t\t\t<div class=\"elementor-widget-container\">\n\t\t\t\t\t\t\t<div class=\"elementor-divider\">\n\t\t\t<span class=\"elementor-divider-separator\">\n\t\t\t\t\t\t<\/span>\n\t\t<\/div>\n\t\t\t\t\t\t<\/div>\n\t\t\t\t<\/div>\n\t\t\t\t<div class=\"elementor-element elementor-element-31034e2 elementor-widget elementor-widget-text-editor\" data-id=\"31034e2\" data-element_type=\"widget\" data-e-type=\"widget\" data-widget_type=\"text-editor.default\">\n\t\t\t\t<div class=\"elementor-widget-container\">\n\t\t\t\t\t\t\t\t\t<style>\n  \/* Contenedor Principal *\/\n  .schedule-wrapper {\n    max-width: 800px;\n    margin: 40px auto;\n    font-family: var(--e-global-typography-text-font-family, 'Segoe UI', sans-serif);\n    color: var(--e-global-color-text, #333);\n    line-height: 1.6;\n  }\n\n  \/* Estructura por D\u00eda *\/\n  .day-section {\n    margin-bottom: 30px;\n    display: flex;\n    flex-wrap: wrap;\n  }\n\n  .day-label {\n    flex: 0 0 150px;\n    font-weight: 800;\n    text-transform: uppercase;\n    color: var(--e-global-color-primary, #6ec1e4);\n    font-size: 1.1rem;\n    padding-top: 10px;\n  }\n\n  .activities-container {\n    flex: 1;\n    min-width: 250px;\n    border-left: 1px solid #ececec;\n    padding-left: 25px;\n    position: relative;\n  }\n\n  \/* Fila de Actividad *\/\n  .activity-row {\n    display: flex;\n    align-items: baseline;\n    padding: 12px 0;\n    border-bottom: 1px auto #f0f0f0;\n    transition: all 0.3s ease;\n  }\n\n  .activity-row:last-child {\n    border-bottom: none;\n  }\n\n  .activity-time {\n    font-weight: 800;\n    min-width: 85px;\n    color: #555;\n    font-size: 0.95rem;\n  }\n\n  .activity-name {\n    font-size: 1.05rem;\n    font-weight: 500;\n  }\n\n  \/* Punto decorativo *\/\n  .activities-container::before {\n    content: '';\n    position: absolute;\n    left: -4px;\n    top: 18px;\n    width: 8px;\n    height: 8px;\n    background: var(--e-global-color-primary, #6ec1e4);\n    border-radius: 50%;\n  }\n\n  \/* Responsive para M\u00f3vil *\/\n  @media (max-width: 600px) {\n    .day-section {\n      flex-direction: column;\n    }\n    .day-label {\n      flex: 0 0 auto;\n      margin-bottom: 10px;\n      border-bottom: 1px solid #eee;\n      width: 100%;\n    }\n    .activities-container {\n      border-left: none;\n      padding-left: 0;\n    }\n    .activities-container::before {\n      display: none;\n    }\n    .activity-time {\n      min-width: 75px;\n    }\n  }\n<\/style>\n\n<div class=\"schedule-wrapper\">\n  <div class=\"day-section\">\n    <div class=\"day-label\">Dilluns<\/div>\n    <div class=\"activities-container\">\n      <div class=\"activity-row\">\n        <span class=\"activity-time\">18:45h<\/span>\n        <span class=\"activity-name\">Taller de Meditaci\u00f3<\/span>\n      <\/div>\n      <div class=\"activity-row\">\n        <span class=\"activity-time\">19:00h<\/span>\n        <span class=\"activity-name\">Pr\u00e0ctica Sadhana Tara Verda<\/span>\n      <\/div>\n    <\/div>\n  <\/div>\n\n  <div class=\"day-section\">\n    <div class=\"day-label\">Dimarts<\/div>\n    <div class=\"activities-container\">\n      <div class=\"activity-row\">\n        <span class=\"activity-time\">18:00h<\/span>\n        <span class=\"activity-name\">GIM (Grups d'Investigaci\u00f3 en la Meditaci\u00f3)<\/span>\n      <\/div>\n    <\/div>\n  <\/div>\n\n  <div class=\"day-section\">\n    <div class=\"day-label\">Dimecres<\/div>\n    <div class=\"activities-container\">\n      <div class=\"activity-row\">\n        <span class=\"activity-time\">18:00h<\/span>\n        <span class=\"activity-name\">Taller de Meditaci\u00f3<\/span>\n      <\/div>\n      <div class=\"activity-row\">\n        <span class=\"activity-time\">19:00h<\/span>\n        <span class=\"activity-name\">Pr\u00e0ctica de Tara Blanca<\/span>\n      <\/div>\n      <div class=\"activity-row\">\n        <span class=\"activity-time\">19:00h<\/span>\n        <span class=\"activity-name\">Yoga<\/span>\n      <\/div>\n    <\/div>\n  <\/div>\n\n  <div class=\"day-section\">\n    <div class=\"day-label\">DIjous<\/div>\n    <div class=\"activities-container\">\n      <div class=\"activity-row\">\n        <span class=\"activity-time\">18:45h<\/span>\n        <span class=\"activity-name\">GIM (Grups d'Investigaci\u00f3 en la Meditaci\u00f3)<\/span>\n      <\/div>\n    <\/div>\n  <\/div>\n\n  <div class=\"day-section\">\n    <div class=\"day-label\">Divendres<\/div>\n    <div class=\"activities-container\">\n      <div class=\"activity-row\">\n        <span class=\"activity-time\">17:30h<\/span>\n        <span class=\"activity-name\">Taller de Meditaci\u00f3<\/span>\n      <\/div>\n      <div class=\"activity-row\">\n        <span class=\"activity-time\">19:00h<\/span>\n        <span class=\"activity-name\">Ritual Puja de Protectors<\/span>\n      <\/div>\n    <\/div>\n  <\/div>\n\n<\/div>\t\t\t\t\t\t\t\t<\/div>\n\t\t\t\t<\/div>\n\t\t\t\t\t<\/div>\n\t\t<\/div>\n\t\t\t\t\t<\/div>\n\t\t<\/section>\n\t\t\t\t<section class=\"elementor-section elementor-top-section elementor-element elementor-element-60ec4b0 elementor-section-boxed elementor-section-height-default elementor-section-height-default\" data-id=\"60ec4b0\" data-element_type=\"section\" data-e-type=\"section\">\n\t\t\t\t\t\t<div class=\"elementor-container elementor-column-gap-default\">\n\t\t\t\t\t<div class=\"elementor-column elementor-col-100 elementor-top-column elementor-element elementor-element-1bdffb4\" data-id=\"1bdffb4\" data-element_type=\"column\" data-e-type=\"column\">\n\t\t\t<div class=\"elementor-widget-wrap elementor-element-populated\">\n\t\t\t\t\t\t<div class=\"elementor-element elementor-element-ca48c26 elementor-widget elementor-widget-heading\" data-id=\"ca48c26\" data-element_type=\"widget\" data-e-type=\"widget\" data-widget_type=\"heading.default\">\n\t\t\t\t<div class=\"elementor-widget-container\">\n\t\t\t\t\t<h2 class=\"elementor-heading-title elementor-size-default\">Properes activitats el Centre Budista de Sabadell<\/h2>\t\t\t\t<\/div>\n\t\t\t\t<\/div>\n\t\t\t\t<div class=\"elementor-element elementor-element-c7f1122 elementor-widget-divider--view-line elementor-widget elementor-widget-divider\" data-id=\"c7f1122\" data-element_type=\"widget\" data-e-type=\"widget\" data-widget_type=\"divider.default\">\n\t\t\t\t<div class=\"elementor-widget-container\">\n\t\t\t\t\t\t\t<div class=\"elementor-divider\">\n\t\t\t<span class=\"elementor-divider-separator\">\n\t\t\t\t\t\t<\/span>\n\t\t<\/div>\n\t\t\t\t\t\t<\/div>\n\t\t\t\t<\/div>\n\t\t\t\t<div class=\"elementor-element elementor-element-17717c2 elementor-widget elementor-widget-the-events-calendar-addon\" data-id=\"17717c2\" data-element_type=\"widget\" data-e-type=\"widget\" data-widget_type=\"the-events-calendar-addon.default\">\n\t\t\t\t<div class=\"elementor-widget-container\">\n\t\t\t\t\t<!=========Events minimal-list Template 1.7.1=========><div id=\"ectbe-wrapper-17717c2\" class=\"ectbe-wrapper ectbe-minimal-list-wrapper style-1\"><div id=\"event-28045\" class=\"ectbe-inner-wrapper ectbe-simple-event\"><div id=\"ectbe-date\" class=\"ectbe-date-area\">\n\t\t\t\t\t\t<span class=\"ectbe-ev-mo\">maig<\/span>\n\t\t\t\t\t\t<span class=\"ectbe-ev-day\">16<\/span>\n\t\t\t\t\t<\/div><div class=\"ectbe-content-box\"><div class=\"ectbe-evt-time\"><i class=\"ectbe-icon-clock\"><\/i>11:00 am - 1:30 pm<\/div><div class=\"ectbe-evt-title\"><a class=\"ectbe-evt-url\" href=\"https:\/\/sanghaactiva.com\/ca\/agenda\/introduccion-ayurveda-gratuito-sabadell-marzo\/\">Introducci\u00f3n al Ayurveda | Charla presencial gratuita<\/a><\/div><div class=\"ectbe-evt-more-box\"><a class=\"ectbe-evt-read-more\" href=\"https:\/\/sanghaactiva.com\/ca\/agenda\/introduccion-ayurveda-gratuito-sabadell-marzo\/\">Find out more<\/a><\/div><\/div><\/div><div id=\"event-28063\" class=\"ectbe-inner-wrapper ectbe-simple-event\"><div id=\"ectbe-date\" class=\"ectbe-date-area\">\n\t\t\t\t\t\t<span class=\"ectbe-ev-mo\">maig<\/span>\n\t\t\t\t\t\t<span class=\"ectbe-ev-day\">16<\/span>\n\t\t\t\t\t<\/div><div class=\"ectbe-content-box\"><div class=\"ectbe-evt-time\"><i class=\"ectbe-icon-clock\"><\/i>11:00 am - 1:00 pm<\/div><div class=\"ectbe-evt-title\"><a class=\"ectbe-evt-url\" href=\"https:\/\/sanghaactiva.com\/ca\/agenda\/taller-de-relajacion-y-meditacion-en-sabadell-16-mayo\/\">Taller de relaxaci\u00f3 i meditaci\u00f3<\/a><\/div><div class=\"ectbe-evt-more-box\"><a class=\"ectbe-evt-read-more\" href=\"https:\/\/sanghaactiva.com\/ca\/agenda\/taller-de-relajacion-y-meditacion-en-sabadell-16-mayo\/\">Find out more<\/a><\/div><\/div><\/div><div id=\"event-28053\" class=\"ectbe-inner-wrapper ectbe-simple-event\"><div id=\"ectbe-date\" class=\"ectbe-date-area\">\n\t\t\t\t\t\t<span class=\"ectbe-ev-mo\">maig<\/span>\n\t\t\t\t\t\t<span class=\"ectbe-ev-day\">17<\/span>\n\t\t\t\t\t<\/div><div class=\"ectbe-content-box\"><div class=\"ectbe-evt-time\"><i class=\"ectbe-icon-clock\"><\/i>11:00 am - 1:00 pm<\/div><div class=\"ectbe-evt-title\"><a class=\"ectbe-evt-url\" href=\"https:\/\/sanghaactiva.com\/ca\/agenda\/ven-a-conocernos-centro-budista-sabadell-17-mayo\/\">\u00a1Vine a con\u00e8ixer-nos! Jornada de portes obertes al nostre centre budista a Sabadell<\/a><\/div><div class=\"ectbe-evt-more-box\"><a class=\"ectbe-evt-read-more\" href=\"https:\/\/sanghaactiva.com\/ca\/agenda\/ven-a-conocernos-centro-budista-sabadell-17-mayo\/\">Find out more<\/a><\/div><\/div><\/div><div id=\"event-28336\" class=\"ectbe-inner-wrapper ectbe-simple-event\"><div id=\"ectbe-date\" class=\"ectbe-date-area\">\n\t\t\t\t\t\t<span class=\"ectbe-ev-mo\">juny<\/span>\n\t\t\t\t\t\t<span class=\"ectbe-ev-day\">06<\/span>\n\t\t\t\t\t<\/div><div class=\"ectbe-content-box\"><div class=\"ectbe-evt-time\"><i class=\"ectbe-icon-clock\"><\/i>9:00 am - 8:00 pm<\/div><div class=\"ectbe-evt-title\"><a class=\"ectbe-evt-url\" href=\"https:\/\/sanghaactiva.com\/ca\/agenda\/taller-de-reiki-nivel-i-con-conchi-pena-06-06-2026\/\">Taller de Reiki nivel I con Conchi Pe\u00f1a<\/a><\/div><div class=\"ectbe-evt-more-box\"><a class=\"ectbe-evt-read-more\" href=\"https:\/\/sanghaactiva.com\/ca\/agenda\/taller-de-reiki-nivel-i-con-conchi-pena-06-06-2026\/\">Find out more<\/a><\/div><\/div><\/div><div id=\"event-28066\" class=\"ectbe-inner-wrapper ectbe-simple-event\"><div id=\"ectbe-date\" class=\"ectbe-date-area\">\n\t\t\t\t\t\t<span class=\"ectbe-ev-mo\">juny<\/span>\n\t\t\t\t\t\t<span class=\"ectbe-ev-day\">20<\/span>\n\t\t\t\t\t<\/div><div class=\"ectbe-content-box\"><div class=\"ectbe-evt-time\"><i class=\"ectbe-icon-clock\"><\/i>11:00 am - 1:00 pm<\/div><div class=\"ectbe-evt-title\"><a class=\"ectbe-evt-url\" href=\"https:\/\/sanghaactiva.com\/ca\/agenda\/taller-de-relajacion-y-meditacion-en-sabadell-20-juny\/\">Taller de relaxaci\u00f3 i meditaci\u00f3<\/a><\/div><div class=\"ectbe-evt-more-box\"><a class=\"ectbe-evt-read-more\" href=\"https:\/\/sanghaactiva.com\/ca\/agenda\/taller-de-relajacion-y-meditacion-en-sabadell-20-juny\/\">Find out more<\/a><\/div><\/div><\/div><\/div>\t\t\t\t<\/div>\n\t\t\t\t<\/div>\n\t\t\t\t<div class=\"elementor-element elementor-element-3be8e62 elementor-align-center elementor-widget elementor-widget-button\" data-id=\"3be8e62\" data-element_type=\"widget\" data-e-type=\"widget\" data-widget_type=\"button.default\">\n\t\t\t\t<div class=\"elementor-widget-container\">\n\t\t\t\t\t\t\t\t\t<div class=\"elementor-button-wrapper\">\n\t\t\t\t\t<a class=\"elementor-button elementor-button-link elementor-size-sm\" href=\"https:\/\/sanghaactiva.com\/ca\/agenda\/categoria\/sabadell\/\">\n\t\t\t\t\t\t<span class=\"elementor-button-content-wrapper\">\n\t\t\t\t\t\t\t\t\t<span class=\"elementor-button-text\">TODAS LAS ACTIVIDADES EN SABADELL<\/span>\n\t\t\t\t\t<\/span>\n\t\t\t\t\t<\/a>\n\t\t\t\t<\/div>\n\t\t\t\t\t\t\t\t<\/div>\n\t\t\t\t<\/div>\n\t\t\t\t\t<\/div>\n\t\t<\/div>\n\t\t\t\t\t<\/div>\n\t\t<\/section>\n\t\t\t\t<section class=\"elementor-section elementor-top-section elementor-element elementor-element-50139ed elementor-section-boxed elementor-section-height-default elementor-section-height-default\" data-id=\"50139ed\" data-element_type=\"section\" data-e-type=\"section\" data-settings=\"{&quot;background_background&quot;:&quot;classic&quot;}\">\n\t\t\t\t\t\t<div class=\"elementor-container elementor-column-gap-default\">\n\t\t\t\t\t<div class=\"elementor-column elementor-col-100 elementor-top-column elementor-element elementor-element-7c86e80\" data-id=\"7c86e80\" data-element_type=\"column\" data-e-type=\"column\">\n\t\t\t<div class=\"elementor-widget-wrap elementor-element-populated\">\n\t\t\t\t\t\t<div class=\"elementor-element elementor-element-e381f09 elementor-widget elementor-widget-text-editor\" data-id=\"e381f09\" data-element_type=\"widget\" data-e-type=\"widget\" data-widget_type=\"text-editor.default\">\n\t\t\t\t<div class=\"elementor-widget-container\">\n\t\t\t\t\t\t\t\t\t<p><strong>\u00bfQuieres organizar tu curso o taller en nuestro centro? <span style=\"color: #ffffff;\"><a style=\"color: #ffffff;\" href=\"https:\/\/sanghaactiva.com\/ca\/cesion-de-salas-sabadell-yoga-terapias-talleres-cursos\/\">Consulta aqu\u00ed.\u00a0<\/a><\/span><\/strong><\/p>\t\t\t\t\t\t\t\t<\/div>\n\t\t\t\t<\/div>\n\t\t\t\t\t<\/div>\n\t\t<\/div>\n\t\t\t\t\t<\/div>\n\t\t<\/section>\n\t\t\t\t<section class=\"elementor-section elementor-top-section elementor-element elementor-element-2b79eae elementor-section-boxed elementor-section-height-default elementor-section-height-default\" data-id=\"2b79eae\" data-element_type=\"section\" data-e-type=\"section\">\n\t\t\t\t\t\t<div class=\"elementor-container elementor-column-gap-default\">\n\t\t\t\t\t<div class=\"elementor-column elementor-col-100 elementor-top-column elementor-element elementor-element-9ff4371\" data-id=\"9ff4371\" data-element_type=\"column\" data-e-type=\"column\">\n\t\t\t<div class=\"elementor-widget-wrap elementor-element-populated\">\n\t\t\t\t\t\t<div class=\"elementor-element elementor-element-c46f7d0 elementor-widget elementor-widget-heading\" data-id=\"c46f7d0\" data-element_type=\"widget\" data-e-type=\"widget\" data-widget_type=\"heading.default\">\n\t\t\t\t<div class=\"elementor-widget-container\">\n\t\t\t\t\t<h2 class=\"elementor-heading-title elementor-size-large\">On estem i com contactar<\/h2>\t\t\t\t<\/div>\n\t\t\t\t<\/div>\n\t\t\t\t<div class=\"elementor-element elementor-element-0bf3e02 elementor-widget-divider--view-line elementor-widget elementor-widget-divider\" data-id=\"0bf3e02\" data-element_type=\"widget\" data-e-type=\"widget\" data-widget_type=\"divider.default\">\n\t\t\t\t<div class=\"elementor-widget-container\">\n\t\t\t\t\t\t\t<div class=\"elementor-divider\">\n\t\t\t<span class=\"elementor-divider-separator\">\n\t\t\t\t\t\t<\/span>\n\t\t<\/div>\n\t\t\t\t\t\t<\/div>\n\t\t\t\t<\/div>\n\t\t\t\t\t<\/div>\n\t\t<\/div>\n\t\t\t\t\t<\/div>\n\t\t<\/section>\n\t\t\t\t<section class=\"elementor-section elementor-top-section elementor-element elementor-element-c4392d4 elementor-section-boxed elementor-section-height-default elementor-section-height-default\" data-id=\"c4392d4\" data-element_type=\"section\" data-e-type=\"section\">\n\t\t\t\t\t\t<div class=\"elementor-container elementor-column-gap-default\">\n\t\t\t\t\t<div class=\"elementor-column elementor-col-33 elementor-top-column elementor-element elementor-element-96e2b2f\" data-id=\"96e2b2f\" data-element_type=\"column\" data-e-type=\"column\">\n\t\t\t<div class=\"elementor-widget-wrap elementor-element-populated\">\n\t\t\t\t\t\t<div class=\"elementor-element elementor-element-de5a1c4 elementor-widget elementor-widget-google_maps\" data-id=\"de5a1c4\" data-element_type=\"widget\" data-e-type=\"widget\" data-widget_type=\"google_maps.default\">\n\t\t\t\t<div class=\"elementor-widget-container\">\n\t\t\t\t\t\t\t<div class=\"elementor-custom-embed\">\n\t\t\t<iframe\n\t\t\t\t\tdata-src=\"https:\/\/maps.google.com\/maps?q=Avinguda%20Paraires%2010&#038;t=m&#038;z=10&#038;output=embed&#038;iwloc=near\"\n\t\t\t\t\ttitle=\"Avinguda Paraires 10\"\n\t\t\t\t\taria-label=\"Avinguda Paraires 10\"\n\t\t\t src=\"data:image\/svg+xml;base64,PHN2ZyB3aWR0aD0iMSIgaGVpZ2h0PSIxIiB4bWxucz0iaHR0cDovL3d3dy53My5vcmcvMjAwMC9zdmciPjwvc3ZnPg==\" class=\"lazyload\" data-load-mode=\"1\"><\/iframe>\n\t\t<\/div>\n\t\t\t\t\t\t<\/div>\n\t\t\t\t<\/div>\n\t\t\t\t\t<\/div>\n\t\t<\/div>\n\t\t\t\t<div class=\"elementor-column elementor-col-66 elementor-top-column elementor-element elementor-element-fbc3a24\" data-id=\"fbc3a24\" data-element_type=\"column\" data-e-type=\"column\">\n\t\t\t<div class=\"elementor-widget-wrap elementor-element-populated\">\n\t\t\t\t\t\t<div class=\"elementor-element elementor-element-1dd6287 elementor-widget elementor-widget-text-editor\" data-id=\"1dd6287\" data-element_type=\"widget\" data-e-type=\"widget\" data-widget_type=\"text-editor.default\">\n\t\t\t\t<div class=\"elementor-widget-container\">\n\t\t\t\t\t\t\t\t\t<p>El centre est\u00e0 situat en plena \u00e0rea comercial i administrativa i molt ben comunicada a trav\u00e9s de\ntransport p\u00fablic, autopista, Ferrocarrils, Renfe, i ben connectat amb\nles poblacions ve\u00efnes, abastant tot el Valls Occidental.<\/p>\t\t\t\t\t\t\t\t<\/div>\n\t\t\t\t<\/div>\n\t\t\t\t<div class=\"elementor-element elementor-element-1bac06a elementor-widget elementor-widget-text-editor\" data-id=\"1bac06a\" data-element_type=\"widget\" data-e-type=\"widget\" data-widget_type=\"text-editor.default\">\n\t\t\t\t<div class=\"elementor-widget-container\">\n\t\t\t\t\t\t\t\t\t<p><strong>Horari <\/strong>Dilluns a Divendres<strong>\u00a0<\/strong>De 17h a 20h<\/p><p><strong>Adre\u00e7a<\/strong> Avd. Paraires, 10 Sabadell (Barcelona)<\/p><p><strong>Whatsapp:<\/strong> +34660507173<\/p><p><strong>Correu electr\u00f2nic\u00a0<\/strong> sabadell@sanghaactiva.org<\/p>\t\t\t\t\t\t\t\t<\/div>\n\t\t\t\t<\/div>\n\t\t\t\t<div class=\"elementor-element elementor-element-ad883a2 elementor-widget elementor-widget-heading\" data-id=\"ad883a2\" data-element_type=\"widget\" data-e-type=\"widget\" data-widget_type=\"heading.default\">\n\t\t\t\t<div class=\"elementor-widget-container\">\n\t\t\t\t\t<h5 class=\"elementor-heading-title elementor-size-medium\">Formulari de contacte<\/h5>\t\t\t\t<\/div>\n\t\t\t\t<\/div>\n\t\t\t\t<div class=\"elementor-element elementor-element-4268b99 eael-contact-form-7-button-align-left eael-contact-form-7-button-custom elementor-widget elementor-widget-eael-contact-form-7\" data-id=\"4268b99\" data-element_type=\"widget\" data-e-type=\"widget\" data-widget_type=\"eael-contact-form-7.default\">\n\t\t\t\t<div class=\"elementor-widget-container\">\n\t\t\t\t\t<div class=\"eael-contact-form-7-wrapper\">\n                <div class=\"eael-contact-form eael-contact-form-7 eael-contact-form-4268b99 placeholder-show eael-contact-form-align-default\">\n<div class=\"wpcf7 no-js\" id=\"wpcf7-f21094-o1\" lang=\"es-ES\" dir=\"ltr\" data-wpcf7-id=\"21094\">\n<div class=\"screen-reader-response\"><p role=\"status\" aria-live=\"polite\" aria-atomic=\"true\"><\/p> <ul><\/ul><\/div>\n<form action=\"\/ca\/wp-json\/wp\/v2\/pages\/21089#wpcf7-f21094-o1\" method=\"post\" class=\"wpcf7-form init\" aria-label=\"Formulari de contacte\" novalidate=\"novalidate\" data-status=\"init\" data-trp-original-action=\"\/ca\/wp-json\/wp\/v2\/pages\/21089#wpcf7-f21094-o1\">\n<fieldset class=\"hidden-fields-container\"><input type=\"hidden\" name=\"_wpcf7\" value=\"21094\" \/><input type=\"hidden\" name=\"_wpcf7_version\" value=\"6.1.5\" \/><input type=\"hidden\" name=\"_wpcf7_locale\" value=\"es_ES\" \/><input type=\"hidden\" name=\"_wpcf7_unit_tag\" value=\"wpcf7-f21094-o1\" \/><input type=\"hidden\" name=\"_wpcf7_container_post\" value=\"0\" \/><input type=\"hidden\" name=\"_wpcf7_posted_data_hash\" value=\"\" \/>\n<\/fieldset>\n<div class=\"wpcf7-turnstile cf-turnstile\" data-sitekey=\"0x4AAAAAAB1505mq7QNjI0r_\" data-response-field-name=\"_wpcf7_turnstile_response\"><\/div>\n\n<p>Nom*\n<\/p>\n<p><span class=\"wpcf7-form-control-wrap\" data-name=\"your-name\"><input size=\"40\" maxlength=\"400\" class=\"wpcf7-form-control wpcf7-text wpcf7-validates-as-required\" aria-required=\"true\" aria-invalid=\"false\" value=\"\" type=\"text\" name=\"your-name\" \/><\/span>\n<\/p>\n<p>Correu electr\u00f2nic\n<\/p>\n<p><span class=\"wpcf7-form-control-wrap\" data-name=\"your-email\"><input size=\"40\" maxlength=\"400\" class=\"wpcf7-form-control wpcf7-email wpcf7-validates-as-required wpcf7-text wpcf7-validates-as-email\" aria-required=\"true\" aria-invalid=\"false\" value=\"\" type=\"email\" name=\"your-email\" \/><\/span>\n<\/p>\n<p>missatge\n<\/p>\n<p><span class=\"wpcf7-form-control-wrap\" data-name=\"your-message\"><textarea cols=\"40\" rows=\"10\" maxlength=\"2000\" class=\"wpcf7-form-control wpcf7-textarea\" aria-invalid=\"false\" name=\"your-message\"><\/textarea><\/span>\n<\/p>\n<p><span class=\"wpcf7-form-control-wrap\" data-name=\"acceptance-956\"><span class=\"wpcf7-form-control wpcf7-acceptance\"><span class=\"wpcf7-list-item\"><input type=\"checkbox\" name=\"acceptance-956\" value=\"1\" aria-invalid=\"false\" \/><\/span><\/span><\/span>He llegit i accepto <a href=\"https:\/\/sanghaactiva.com\/ca\/politica-de-privacidad-cookies\/\" target=\"_blank\" rel=\"nofollow\">la pol\u00edtica de privacitat i av\u00eds legal<\/a>\n<\/p>\n<p>Salutacions Conscientes!\n<\/p>\n<p><input class=\"wpcf7-form-control wpcf7-submit has-spinner\" type=\"submit\" value=\"He llegit i accepto\" \/>\n<\/p>\n<p style=\"font-size: 8px; text-align: justify;\"><em><strong>Protecci\u00f3 de Dades<\/strong><\/em><br \/>\n<em> De conformitat amb Reglament General de Protecci\u00f3 de Dades (RGPD 2016\/679) i de la resta de\nnormatives vigents de privacitat i protecci\u00f3 de dades aplicables, l'informem que les seves dades seran\ntractades amb la finalitat de gestionar les activitats i, estatuts de l'associaci\u00f3, d'acord amb el compliment\nde les nostres obligacions legals i al nostre leg\u00edtim inter\u00e8s.<\/em><br \/>\n<em> De la mateixa manera, si Vost\u00e8 ha donat el seu consentiment expr\u00e9s en algun moment, les seves dades seran tractades tamb\u00e9 amb la finalitat de mantenir-li informat de les nostres activitats.<\/em><br \/>\n<em> Li comuniquem que en cap cas seran cedits a tercers tret que sigui necessari per a complir amb les\nfinalitats previstes, i que es conservaran pel temps que existeixi una relaci\u00f3 o mentre existeixin\nobligacions legals. Pot sol\u00b7licitar m\u00e9s informaci\u00f3, o exercir els drets que li assisteixen enfront del\nResponsable del Tractament:<\/em><br \/>\n<em> Associaci\u00f3 Sangha Activa | CIF: G65817587 | Mas\u00eda Ca L'Oller s\/n, 08359 Sant Iscle de Vallalta (Bcn) | info@sanghaactiva.com<\/em><br \/>\n<em> Aix\u00ed mateix, tamb\u00e9 pot dirigir-se davant l'Autoritat de Protecci\u00f3 de Dades Personals (www.aepd.es)<\/em>\n<\/p><p style=\"display: none !important;\" class=\"akismet-fields-container\" data-prefix=\"_wpcf7_ak_\"><label>&#916;<textarea name=\"_wpcf7_ak_hp_textarea\" cols=\"45\" rows=\"8\" maxlength=\"100\"><\/textarea><\/label><input type=\"hidden\" id=\"ak_js_1\" name=\"_wpcf7_ak_js\" value=\"66\"\/><script>document.getElementById( \"ak_js_1\" ).setAttribute( \"value\", ( new Date() ).getTime() );<\/script><\/p><div class=\"wpcf7-response-output\" aria-hidden=\"true\"><\/div>\n<input type=\"hidden\" name=\"trp-form-language\" value=\"ca\"\/><\/form>\n<\/div>\n<\/div>\n            <\/div>\t\t\t\t<\/div>\n\t\t\t\t<\/div>\n\t\t\t\t\t<\/div>\n\t\t<\/div>\n\t\t\t\t\t<\/div>\n\t\t<\/section>\n\t\t\t\t<section class=\"elementor-section elementor-top-section elementor-element elementor-element-d993a84 elementor-section-boxed elementor-section-height-default elementor-section-height-default\" data-id=\"d993a84\" data-element_type=\"section\" data-e-type=\"section\">\n\t\t\t\t\t\t<div class=\"elementor-container elementor-column-gap-default\">\n\t\t\t\t\t<div class=\"elementor-column elementor-col-100 elementor-top-column elementor-element elementor-element-812d29a\" data-id=\"812d29a\" data-element_type=\"column\" data-e-type=\"column\">\n\t\t\t<div class=\"elementor-widget-wrap elementor-element-populated\">\n\t\t\t\t\t\t<div class=\"elementor-element elementor-element-addcb57 elementor-widget elementor-widget-heading\" data-id=\"addcb57\" data-element_type=\"widget\" data-e-type=\"widget\" data-widget_type=\"heading.default\">\n\t\t\t\t<div class=\"elementor-widget-container\">\n\t\t\t\t\t<h2 class=\"elementor-heading-title elementor-size-large\">Al Centre Budista Sangha Activa Sabadell trobar\u00e0s a<\/h2>\t\t\t\t<\/div>\n\t\t\t\t<\/div>\n\t\t\t\t<div class=\"elementor-element elementor-element-05e739a elementor-widget-divider--view-line elementor-widget elementor-widget-divider\" data-id=\"05e739a\" data-element_type=\"widget\" data-e-type=\"widget\" data-widget_type=\"divider.default\">\n\t\t\t\t<div class=\"elementor-widget-container\">\n\t\t\t\t\t\t\t<div class=\"elementor-divider\">\n\t\t\t<span class=\"elementor-divider-separator\">\n\t\t\t\t\t\t<\/span>\n\t\t<\/div>\n\t\t\t\t\t\t<\/div>\n\t\t\t\t<\/div>\n\t\t\t\t<section class=\"elementor-section elementor-inner-section elementor-element elementor-element-700d2d3 elementor-section-boxed elementor-section-height-default elementor-section-height-default\" data-id=\"700d2d3\" data-element_type=\"section\" data-e-type=\"section\">\n\t\t\t\t\t\t<div class=\"elementor-container elementor-column-gap-default\">\n\t\t\t\t\t<div class=\"elementor-column elementor-col-50 elementor-inner-column elementor-element elementor-element-292ec74\" data-id=\"292ec74\" data-element_type=\"column\" data-e-type=\"column\">\n\t\t\t<div class=\"elementor-widget-wrap elementor-element-populated\">\n\t\t\t\t\t\t<div class=\"elementor-element elementor-element-f07e72e elementor-position-top elementor-widget elementor-widget-image-box\" data-id=\"f07e72e\" data-element_type=\"widget\" data-e-type=\"widget\" data-widget_type=\"image-box.default\">\n\t\t\t\t<div class=\"elementor-widget-container\">\n\t\t\t\t\t<div class=\"elementor-image-box-wrapper\"><figure class=\"elementor-image-box-img\"><img decoding=\"async\" width=\"500\" height=\"500\" data-src=\"https:\/\/sanghaactiva.com\/wp-content\/uploads\/2023\/08\/francisco-campillo-formador-gim-imagen.jpg\" class=\"attachment-full size-full wp-image-20734 lazyload\" alt=\"francisco campillo formador gim imagen\" data-srcset=\"https:\/\/sanghaactiva.com\/wp-content\/uploads\/2023\/08\/francisco-campillo-formador-gim-imagen.jpg 500w, https:\/\/sanghaactiva.com\/wp-content\/uploads\/2023\/08\/francisco-campillo-formador-gim-imagen-300x300.jpg 300w, https:\/\/sanghaactiva.com\/wp-content\/uploads\/2023\/08\/francisco-campillo-formador-gim-imagen-100x100.jpg 100w, https:\/\/sanghaactiva.com\/wp-content\/uploads\/2023\/08\/francisco-campillo-formador-gim-imagen-150x150.jpg 150w\" data-sizes=\"(max-width: 500px) 100vw, 500px\" src=\"data:image\/svg+xml;base64,PHN2ZyB3aWR0aD0iMSIgaGVpZ2h0PSIxIiB4bWxucz0iaHR0cDovL3d3dy53My5vcmcvMjAwMC9zdmciPjwvc3ZnPg==\" style=\"--smush-placeholder-width: 500px; --smush-placeholder-aspect-ratio: 500\/500;\" \/><\/figure><div class=\"elementor-image-box-content\"><h3 class=\"elementor-image-box-title\">Ngagpa Ngawang Sangye<\/h3><\/div><\/div>\t\t\t\t<\/div>\n\t\t\t\t<\/div>\n\t\t\t\t\t<\/div>\n\t\t<\/div>\n\t\t\t\t<div class=\"elementor-column elementor-col-50 elementor-inner-column elementor-element elementor-element-6639199\" data-id=\"6639199\" data-element_type=\"column\" data-e-type=\"column\">\n\t\t\t<div class=\"elementor-widget-wrap elementor-element-populated\">\n\t\t\t\t\t\t<div class=\"elementor-element elementor-element-67657b7 elementor-position-top elementor-widget elementor-widget-image-box\" data-id=\"67657b7\" data-element_type=\"widget\" data-e-type=\"widget\" data-widget_type=\"image-box.default\">\n\t\t\t\t<div class=\"elementor-widget-container\">\n\t\t\t\t\t<div class=\"elementor-image-box-wrapper\"><figure class=\"elementor-image-box-img\"><img decoding=\"async\" width=\"500\" height=\"500\" data-src=\"https:\/\/sanghaactiva.com\/wp-content\/uploads\/2023\/11\/melisa-formadora-gim-sabadell-imagen.jpg\" class=\"attachment-full size-full wp-image-21810 lazyload\" alt=\"meditar en sabadell\" data-srcset=\"https:\/\/sanghaactiva.com\/wp-content\/uploads\/2023\/11\/melisa-formadora-gim-sabadell-imagen.jpg 500w, https:\/\/sanghaactiva.com\/wp-content\/uploads\/2023\/11\/melisa-formadora-gim-sabadell-imagen-300x300.jpg 300w, https:\/\/sanghaactiva.com\/wp-content\/uploads\/2023\/11\/melisa-formadora-gim-sabadell-imagen-100x100.jpg 100w, https:\/\/sanghaactiva.com\/wp-content\/uploads\/2023\/11\/melisa-formadora-gim-sabadell-imagen-150x150.jpg 150w\" data-sizes=\"(max-width: 500px) 100vw, 500px\" src=\"data:image\/svg+xml;base64,PHN2ZyB3aWR0aD0iMSIgaGVpZ2h0PSIxIiB4bWxucz0iaHR0cDovL3d3dy53My5vcmcvMjAwMC9zdmciPjwvc3ZnPg==\" style=\"--smush-placeholder-width: 500px; --smush-placeholder-aspect-ratio: 500\/500;\" \/><\/figure><div class=\"elementor-image-box-content\"><h3 class=\"elementor-image-box-title\">Melisa Gonz\u00e1lez<\/h3><\/div><\/div>\t\t\t\t<\/div>\n\t\t\t\t<\/div>\n\t\t\t\t\t<\/div>\n\t\t<\/div>\n\t\t\t\t\t<\/div>\n\t\t<\/section>\n\t\t\t\t\t<\/div>\n\t\t<\/div>\n\t\t\t\t\t<\/div>\n\t\t<\/section>\n\t\t\t\t<\/div>","protected":false},"excerpt":{"rendered":"<p>Centro Urbano Sangha Activa -Sabadell (Barcelona) Breve historia de nuestro centro budista en Sabadell La apertura de nuestro Centro en Sabadell, nos conecta con los or\u00edgenes de Sangha Activa, ya [&hellip;]<\/p>\n","protected":false},"author":1,"featured_media":23807,"parent":385,"menu_order":0,"comment_status":"closed","ping_status":"closed","template":"","meta":{"site-sidebar-layout":"default","site-content-layout":"","ast-site-content-layout":"default","site-content-style":"default","site-sidebar-style":"default","ast-global-header-display":"","ast-banner-title-visibility":"","ast-main-header-display":"","ast-hfb-above-header-display":"","ast-hfb-below-header-display":"","ast-hfb-mobile-header-display":"","site-post-title":"","ast-breadcrumbs-content":"","ast-featured-img":"","footer-sml-layout":"","ast-disable-related-posts":"","theme-transparent-header-meta":"","adv-header-id-meta":"","stick-header-meta":"","header-above-stick-meta":"","header-main-stick-meta":"","header-below-stick-meta":"","astra-migrate-meta-layouts":"set","ast-page-background-enabled":"default","ast-page-background-meta":{"desktop":{"background-color":"","background-image":"","background-repeat":"repeat","background-position":"center center","background-size":"auto","background-attachment":"scroll","background-type":"","background-media":"","overlay-type":"","overlay-color":"","overlay-opacity":"","overlay-gradient":""},"tablet":{"background-color":"","background-image":"","background-repeat":"repeat","background-position":"center center","background-size":"auto","background-attachment":"scroll","background-type":"","background-media":"","overlay-type":"","overlay-color":"","overlay-opacity":"","overlay-gradient":""},"mobile":{"background-color":"","background-image":"","background-repeat":"repeat","background-position":"center center","background-size":"auto","background-attachment":"scroll","background-type":"","background-media":"","overlay-type":"","overlay-color":"","overlay-opacity":"","overlay-gradient":""}},"ast-content-background-meta":{"desktop":{"background-color":"var(--ast-global-color-5)","background-image":"","background-repeat":"repeat","background-position":"center center","background-size":"auto","background-attachment":"scroll","background-type":"","background-media":"","overlay-type":"","overlay-color":"","overlay-opacity":"","overlay-gradient":""},"tablet":{"background-color":"var(--ast-global-color-5)","background-image":"","background-repeat":"repeat","background-position":"center center","background-size":"auto","background-attachment":"scroll","background-type":"","background-media":"","overlay-type":"","overlay-color":"","overlay-opacity":"","overlay-gradient":""},"mobile":{"background-color":"var(--ast-global-color-5)","background-image":"","background-repeat":"repeat","background-position":"center center","background-size":"auto","background-attachment":"scroll","background-type":"","background-media":"","overlay-type":"","overlay-color":"","overlay-opacity":"","overlay-gradient":""}},"_EventAllDay":false,"_EventTimezone":"","_EventStartDate":"","_EventEndDate":"","_EventStartDateUTC":"","_EventEndDateUTC":"","_EventShowMap":false,"_EventShowMapLink":false,"_EventURL":"","_EventCost":"","_EventCostDescription":"","_EventCurrencySymbol":"","_EventCurrencyCode":"","_EventCurrencyPosition":"","_EventDateTimeSeparator":"","_EventTimeRangeSeparator":"","_EventOrganizerID":[],"_EventVenueID":[0],"_OrganizerEmail":"","_OrganizerPhone":"","_OrganizerWebsite":"","_VenueAddress":"","_VenueCity":"","_VenueCountry":"","_VenueProvince":"","_VenueState":"","_VenueZip":"","_VenuePhone":"","_VenueURL":"","_VenueStateProvince":"","_VenueLat":"","_VenueLng":"","_VenueShowMap":false,"_VenueShowMapLink":false,"footnotes":""},"class_list":["post-21089","page","type-page","status-publish","has-post-thumbnail","hentry"],"yoast_head":"<!-- This site is optimized with the Yoast SEO plugin v27.0 - https:\/\/yoast.com\/product\/yoast-seo-wordpress\/ -->\n<title>Centro Budista en Sabadell- Sangha Activa<\/title>\n<meta name=\"description\" content=\"\u00bfQuieres aprender a meditar? En el centro budista en Sabadell, Sangha Activa, tenemos clases de meditaci\u00f3n, filosof\u00eda \u00a1Ven conocernos!\" \/>\n<meta name=\"robots\" content=\"index, follow, max-snippet:-1, max-image-preview:large, max-video-preview:-1\" \/>\n<link rel=\"canonical\" href=\"https:\/\/sanghaactiva.com\/ca\/sobre-sangha-activa\/centro-budista-sabadell-sangha-activa\/\" \/>\n<meta property=\"og:locale\" content=\"ca_ES\" \/>\n<meta property=\"og:type\" content=\"article\" \/>\n<meta property=\"og:title\" content=\"Centro Budista en Sabadell- Sangha Activa\" \/>\n<meta property=\"og:description\" content=\"\u00bfQuieres aprender a meditar? En el centro budista en Sabadell, Sangha Activa, tenemos clases de meditaci\u00f3n, filosof\u00eda \u00a1Ven conocernos!\" \/>\n<meta property=\"og:url\" content=\"https:\/\/sanghaactiva.com\/ca\/sobre-sangha-activa\/centro-budista-sabadell-sangha-activa\/\" \/>\n<meta property=\"og:site_name\" content=\"Sangha Activa\" \/>\n<meta property=\"article:publisher\" content=\"https:\/\/www.facebook.com\/sanghaactiva\" \/>\n<meta property=\"article:modified_time\" content=\"2026-03-12T20:05:35+00:00\" \/>\n<meta property=\"og:image\" content=\"https:\/\/sanghaactiva.com\/wp-content\/uploads\/2024\/04\/centro-urbano-sabadell-imagen.jpg\" \/>\n\t<meta property=\"og:image:width\" content=\"1920\" \/>\n\t<meta property=\"og:image:height\" content=\"1080\" \/>\n\t<meta property=\"og:image:type\" content=\"image\/jpeg\" \/>\n<meta name=\"twitter:card\" content=\"summary_large_image\" \/>\n<meta name=\"twitter:label1\" content=\"Temps estimat de lectura\" \/>\n\t<meta name=\"twitter:data1\" content=\"5 minuts\" \/>\n<!-- \/ Yoast SEO plugin. -->","yoast_head_json":{"title":"Centro Budista en Sabadell- Sangha Activa","description":"\u00bfQuieres aprender a meditar? En el centro budista en Sabadell, Sangha Activa, tenemos clases de meditaci\u00f3n, filosof\u00eda \u00a1Ven conocernos!","robots":{"index":"index","follow":"follow","max-snippet":"max-snippet:-1","max-image-preview":"max-image-preview:large","max-video-preview":"max-video-preview:-1"},"canonical":"https:\/\/sanghaactiva.com\/ca\/sobre-sangha-activa\/centro-budista-sabadell-sangha-activa\/","og_locale":"ca_ES","og_type":"article","og_title":"Centro Budista en Sabadell- Sangha Activa","og_description":"\u00bfQuieres aprender a meditar? En el centro budista en Sabadell, Sangha Activa, tenemos clases de meditaci\u00f3n, filosof\u00eda \u00a1Ven conocernos!","og_url":"https:\/\/sanghaactiva.com\/ca\/sobre-sangha-activa\/centro-budista-sabadell-sangha-activa\/","og_site_name":"Sangha Activa","article_publisher":"https:\/\/www.facebook.com\/sanghaactiva","article_modified_time":"2026-03-12T20:05:35+00:00","og_image":[{"width":1920,"height":1080,"url":"https:\/\/sanghaactiva.com\/wp-content\/uploads\/2024\/04\/centro-urbano-sabadell-imagen.jpg","type":"image\/jpeg"}],"twitter_card":"summary_large_image","twitter_misc":{"Temps estimat de lectura":"5 minuts"},"schema":{"@context":"https:\/\/schema.org","@graph":[{"@type":"WebPage","@id":"https:\/\/sanghaactiva.com\/sobre-sangha-activa\/centro-budista-sabadell-sangha-activa","url":"https:\/\/sanghaactiva.com\/sobre-sangha-activa\/centro-budista-sabadell-sangha-activa","name":"Centro Budista en Sabadell- Sangha Activa","isPartOf":{"@id":"https:\/\/sanghaactiva.com\/#website"},"primaryImageOfPage":{"@id":"https:\/\/sanghaactiva.com\/sobre-sangha-activa\/centro-budista-sabadell-sangha-activa#primaryimage"},"image":{"@id":"https:\/\/sanghaactiva.com\/sobre-sangha-activa\/centro-budista-sabadell-sangha-activa#primaryimage"},"thumbnailUrl":"https:\/\/sanghaactiva.com\/wp-content\/uploads\/2024\/04\/centro-urbano-sabadell-imagen.jpg","datePublished":"2023-08-28T16:56:53+00:00","dateModified":"2026-03-12T20:05:35+00:00","description":"\u00bfQuieres aprender a meditar? En el centro budista en Sabadell, Sangha Activa, tenemos clases de meditaci\u00f3n, filosof\u00eda \u00a1Ven conocernos!","breadcrumb":{"@id":"https:\/\/sanghaactiva.com\/sobre-sangha-activa\/centro-budista-sabadell-sangha-activa#breadcrumb"},"inLanguage":"ca","potentialAction":[{"@type":"ReadAction","target":["https:\/\/sanghaactiva.com\/sobre-sangha-activa\/centro-budista-sabadell-sangha-activa"]}]},{"@type":"ImageObject","inLanguage":"ca","@id":"https:\/\/sanghaactiva.com\/sobre-sangha-activa\/centro-budista-sabadell-sangha-activa#primaryimage","url":"https:\/\/sanghaactiva.com\/wp-content\/uploads\/2024\/04\/centro-urbano-sabadell-imagen.jpg","contentUrl":"https:\/\/sanghaactiva.com\/wp-content\/uploads\/2024\/04\/centro-urbano-sabadell-imagen.jpg","width":1920,"height":1080,"caption":"sangha activa sabadell"},{"@type":"BreadcrumbList","@id":"https:\/\/sanghaactiva.com\/sobre-sangha-activa\/centro-budista-sabadell-sangha-activa#breadcrumb","itemListElement":[{"@type":"ListItem","position":1,"name":"Portada","item":"https:\/\/sanghaactiva.com\/"},{"@type":"ListItem","position":2,"name":"Sobre Sangha Activa","item":"https:\/\/sanghaactiva.com\/sobre-sangha-activa"},{"@type":"ListItem","position":3,"name":"Centro budista Sabadell"}]},{"@type":"WebSite","@id":"https:\/\/sanghaactiva.com\/#website","url":"https:\/\/sanghaactiva.com\/","name":"Sangha Activa","description":"Comunitat budista","publisher":{"@id":"https:\/\/sanghaactiva.com\/#organization"},"potentialAction":[{"@type":"SearchAction","target":{"@type":"EntryPoint","urlTemplate":"https:\/\/sanghaactiva.com\/?s={search_term_string}"},"query-input":{"@type":"PropertyValueSpecification","valueRequired":true,"valueName":"search_term_string"}}],"inLanguage":"ca"},{"@type":"Organization","@id":"https:\/\/sanghaactiva.com\/#organization","name":"Sangha Activa","url":"https:\/\/sanghaactiva.com\/","logo":{"@type":"ImageObject","inLanguage":"ca","@id":"https:\/\/sanghaactiva.com\/#\/schema\/logo\/image\/","url":"https:\/\/sanghaactiva.com\/wp-content\/uploads\/2023\/03\/cropped-cropped-cropped-cropped-cropped-log2_SAcol-e1682594942970.png","contentUrl":"https:\/\/sanghaactiva.com\/wp-content\/uploads\/2023\/03\/cropped-cropped-cropped-cropped-cropped-log2_SAcol-e1682594942970.png","width":50,"height":65,"caption":"Sangha Activa"},"image":{"@id":"https:\/\/sanghaactiva.com\/#\/schema\/logo\/image\/"},"sameAs":["https:\/\/www.facebook.com\/sanghaactiva","https:\/\/www.youtube.com\/channel\/UCcMXKFgf-cWzUn9GLIvZPsw","https:\/\/www.instagram.com\/sanghaactiva\/"]}]}},"_links":{"self":[{"href":"https:\/\/sanghaactiva.com\/ca\/wp-json\/wp\/v2\/pages\/21089","targetHints":{"allow":["GET"]}}],"collection":[{"href":"https:\/\/sanghaactiva.com\/ca\/wp-json\/wp\/v2\/pages"}],"about":[{"href":"https:\/\/sanghaactiva.com\/ca\/wp-json\/wp\/v2\/types\/page"}],"author":[{"embeddable":true,"href":"https:\/\/sanghaactiva.com\/ca\/wp-json\/wp\/v2\/users\/1"}],"replies":[{"embeddable":true,"href":"https:\/\/sanghaactiva.com\/ca\/wp-json\/wp\/v2\/comments?post=21089"}],"version-history":[{"count":9,"href":"https:\/\/sanghaactiva.com\/ca\/wp-json\/wp\/v2\/pages\/21089\/revisions"}],"predecessor-version":[{"id":28335,"href":"https:\/\/sanghaactiva.com\/ca\/wp-json\/wp\/v2\/pages\/21089\/revisions\/28335"}],"up":[{"embeddable":true,"href":"https:\/\/sanghaactiva.com\/ca\/wp-json\/wp\/v2\/pages\/385"}],"wp:featuredmedia":[{"embeddable":true,"href":"https:\/\/sanghaactiva.com\/ca\/wp-json\/wp\/v2\/media\/23807"}],"wp:attachment":[{"href":"https:\/\/sanghaactiva.com\/ca\/wp-json\/wp\/v2\/media?parent=21089"}],"curies":[{"name":"wp","href":"https:\/\/api.w.org\/{rel}","templated":true}]}}