{"id":24436,"date":"2024-08-06T12:37:34","date_gmt":"2024-08-06T10:37:34","guid":{"rendered":"https:\/\/sanghaactiva.com\/?post_type=tribe_events&#038;p=24436"},"modified":"2024-09-09T10:34:09","modified_gmt":"2024-09-09T08:34:09","slug":"retiro-construye-tu-mandala-febrero-25","status":"publish","type":"tribe_events","link":"https:\/\/sanghaactiva.com\/ca\/agenda\/retiro-construye-tu-mandala-febrero-25","title":{"rendered":"Retir Construeix el teu mandala vital - Un cap de setmana amb la comunitat"},"content":{"rendered":"<div  class=\"tribe-events-schedule tribe-clearfix\" >\n\t<p class=\"tribe-events-schedule__datetime\">\n\t\t<span class=\"tribe-events-schedule__date tribe-events-schedule__date--start\">\n\t\t\tfebrer 7, 2025\t\t<\/span>\n\n\t\t\t\t\t<span class=\"tribe-events-schedule__separator tribe-events-schedule__separator--date\">\n\t\t\t\t @ \t\t\t<\/span>\n\t\t\t<span class=\"tribe-events-schedule__time tribe-events-schedule__time--start\">\n\t\t\t\t7:00 pm\t\t\t<\/span>\n\t\t\n\t\t\t\t\t\t\t\t\t<span class=\"tribe-events-schedule__separator tribe-events-schedule__separator--time\">\n\t\t\t\t\t &#8211; \t\t\t\t<\/span>\n\t\t\t\n\t\t\t\t\t\t\t<span class=\"tribe-events-schedule__date tribe-events-schedule__date--end\">\n\t\t\t\t\tfebrer 9, 2025\t\t\t\t<\/span>\n\n\t\t\t\t\t\t\t\t\t<span class=\"tribe-events-schedule__separator tribe-events-schedule__separator--date\">\n\t\t\t\t\t\t @ \t\t\t\t\t<\/span>\n\t\t\t\t\t<span class=\"tribe-events-schedule__time tribe-events-schedule__time--end\">\n\t\t\t\t\t\t8:00 pm\t\t\t\t\t<\/span>\n\t\t\t\t\n\t\t\t\n\t\t\t\t\t\t<\/p>\n<\/div>\n\n\n\n<p class=\"has-medium-font-size\">Una proposta dirigida a totes les persones amb inter\u00e8s a compartir experi\u00e8ncies a la recerca de la felicitat genu\u00efna. A c\u00e0rrec dels membres de la comunitat us acompanyarem en cadascuna de les activitats programades. I l'equip de voluntaris vetllar\u00e0 perqu\u00e8 la nostra estada sigui en si mateixa una viv\u00e8ncia especial<\/p>\n\n\n\n<div style=\"height:54px\" aria-hidden=\"true\" class=\"wp-block-spacer\"><\/div>\n\n\n\n<h3 class=\"wp-block-heading has-large-font-size\" id=\"detalles-del-retiro-y-precios\">Qu\u00e8 farem?<\/h3>\n\n\n\n<div style=\"height:21px\" aria-hidden=\"true\" class=\"wp-block-spacer\"><\/div>\n\n\n\n<p>Este fin de semana <strong>descubriremos qu\u00e9 es un mandala.<\/strong> Mandala significa c\u00edrculo. Construiremos nuestro propio mandala y veremos c\u00f3mo podemos evolucionar en \u00e9l siendo consicientes de c\u00f3mo nuestras acciones de cuerpo, palabra y mente nos afectan, no solo a nosotros sino a nuestro alrededor.<\/p>\n\n\n\n<p>En la filosof\u00eda budista es de gran importancia la relaci\u00f3n que se establece entre el centro y tu alrededor. As\u00ed que te animamos a que vengas el fin de semana con nosotras y construyas tu propio mandala vital. <\/p>\n\n\n\n<h4 class=\"wp-block-heading has-medium-font-size\" id=\"que-haremos-en-el-retiro\">activitats previstes<\/h4>\n\n\n\n<div style=\"height:21px\" aria-hidden=\"true\" class=\"wp-block-spacer\"><\/div>\n\n\n\n<p>El d\u00eda comienza con una sesi\u00f3n de <strong>meditaci\u00f3n-activaci\u00f3n cuerpo y mente<\/strong> de la mano de la novicia Dorje Jabum. Un forma de conectar con nuestro propio mandala interno. <\/p>\n\n\n\n<p><strong>\u00bfQu\u00e9 es un mandala?<\/strong> De la mando de la novicia Ngawang Gyalmo aprender\u00e1s las bases filos\u00f3ficas y te\u00f3ricas del concepto de mandala, para desde aqu\u00ed, comprender tu propio mandala vital. <\/p>\n\n\n\n<p>En colaboraci\u00f3n con tod@s los participantes del retiro y las novicias,  <strong>construiremos un mandala <\/strong>usando todo tipo de elementos disponibles, ya que, como aprender\u00e1s, un mandala no es simplemente un dibujo para colorear&#8230;<\/p>\n\n\n\n<p>Aprovechando el entorno natural privilegiado de nuestro <a href=\"https:\/\/sanghaactiva.com\/ca\/sobre-sangha-activa\/centro-sangha-activa-dones-daigua\/\">centro Dones d&#8217;Aigua<\/a>, practicaremos el <strong>caminar consciente<\/strong> de la mano de Dorje Y\u00f6ndron.  Una forma de conectar y profundizar en el mandala natural del que somos parte. <\/p>\n\n\n\n<p>Durante el fin de semana descubrir\u00e1s el Karma Yoga de la mano de Ngawang Dolkar. Una forma de transformar tus actividades cotidianas en una meditaci\u00f3n potente. <\/p>\n\n\n\n<div style=\"height:42px\" aria-hidden=\"true\" class=\"wp-block-spacer\"><\/div>\n\n\n\n<div class=\"wp-block-columns is-layout-flex wp-container-core-columns-is-layout-28f84493 wp-block-columns-is-layout-flex\">\n<div class=\"wp-block-column is-layout-flow wp-block-column-is-layout-flow\">\n<figure class=\"wp-block-image size-large is-resized\"><a href=\"https:\/\/sanghaactiva.com\/ca\/retiros\/fin-de-semana-con-la-comunidad\/\"><img fetchpriority=\"high\" decoding=\"async\" width=\"1024\" height=\"576\" src=\"https:\/\/sanghaactiva.com\/wp-content\/uploads\/2023\/11\/construye-tu-mandala-vital-portada-1024x576.jpg\" alt=\"\" class=\"wp-image-21996\" style=\"width:506px;height:auto\" srcset=\"https:\/\/sanghaactiva.com\/wp-content\/uploads\/2023\/11\/construye-tu-mandala-vital-portada-1024x576.jpg 1024w, https:\/\/sanghaactiva.com\/wp-content\/uploads\/2023\/11\/construye-tu-mandala-vital-portada-600x338.jpg 600w, https:\/\/sanghaactiva.com\/wp-content\/uploads\/2023\/11\/construye-tu-mandala-vital-portada-300x169.jpg 300w, https:\/\/sanghaactiva.com\/wp-content\/uploads\/2023\/11\/construye-tu-mandala-vital-portada-768x432.jpg 768w, https:\/\/sanghaactiva.com\/wp-content\/uploads\/2023\/11\/construye-tu-mandala-vital-portada-1536x864.jpg 1536w, https:\/\/sanghaactiva.com\/wp-content\/uploads\/2023\/11\/construye-tu-mandala-vital-portada.jpg 1920w\" sizes=\"(max-width: 1024px) 100vw, 1024px\" \/><\/a><figcaption class=\"wp-element-caption\">Clica en la imagen para m\u00e1s informaci\u00f3n sobre el retiro<\/figcaption><\/figure>\n<\/div>\n\n\n\n<div class=\"wp-block-column is-layout-flow wp-block-column-is-layout-flow\" style=\"flex-basis:50%\"><div  class=\"tribe-block tribe-block__event-price\" >\n\t\t\t<span class=\"tribe-block__event-price__cost\"> 126\u20ac &#8211; 170\u20ac <\/span>\n\t\t\t\t<span class=\"tribe-block__event-price__description\">Soci@s Sangha Activa &#8211; General<\/span>\n\t<\/div>\n\n\n\n<p class=\"has-small-font-size\">El precio incluye hospeder\u00eda en habitaci\u00f3n colectiva y pensi\u00f3n completa. <\/p>\n\n\n\n<div class=\"wp-block-buttons is-content-justification-center is-layout-flex wp-container-core-buttons-is-layout-a89b3969 wp-block-buttons-is-layout-flex\">\n<div class=\"wp-block-button\"><a class=\"wp-block-button__link wp-element-button\" href=\"https:\/\/sanghaactiva.playoffinformatica.com\/actividad\/931\/Un-fin-de-semana-en-Sakya-Thegchog-Duede-Compartiendo-con-la-comunidad-11-12-13-\" target=\"_blank\" rel=\"noreferrer noopener nofollow\">enlla\u00e7 d'inscripci\u00f3<\/a><\/div>\n<\/div>\n<\/div>\n<\/div>\n\n\n\n<div style=\"height:37px\" aria-hidden=\"true\" class=\"wp-block-spacer\"><\/div>\n\n\n\n<div class=\"wp-block-columns is-layout-flex wp-container-core-columns-is-layout-28f84493 wp-block-columns-is-layout-flex\">\n<div class=\"wp-block-column is-layout-flow wp-block-column-is-layout-flow\"><div  class=\"tribe-block tribe-block__venue tribe-clearfix tribe-block__venue--has-map\" >\n\t\n\t\n<div class=\"tribe-block__venue__meta\">\n\t<div class=\"tribe-block__venue__name\">\n\t\t<h3>Sangha Activa &#8211; Dones D&#8217;aigua<\/h3>\n\t<\/div>\n\n\t\n\t\t\t\t\t\t<address class=\"tribe-block__venue__address\">\n\t\t\t\t<span class=\"tribe-address\">\n\n<span class=\"tribe-street-address\">Masia Ca l&#039;Oller, s\/n<\/span>\n\t\n\t\t<br>\n\t\t<span class=\"tribe-locality\">Sant Iscle de Vallalta<\/span><span class=\"tribe-delimiter\">,<\/span>\n\n\t<abbr class=\"tribe-region tribe-events-abbr\" title=\"Barcelona\">Barcelona<\/abbr>\n\n\t<span class=\"tribe-postal-code\">08359<\/span>\n\n\t<span class=\"tribe-country-name\">Spain<\/span>\n\n<\/span>\n\n\t\t\t\t\t\t\t\t\t<a class=\"tribe-events-gmap\" href=\"https:\/\/maps.google.com\/maps?f=q&#038;source=s_q&#038;hl=en&#038;geocode=&#038;q=Masia+Ca+l%26%23039%3BOller%2C+s%2Fn+Sant+Iscle+de+Vallalta+Barcelona+08359+Spain\" title=\"Feu clic per veure un mapa de Google\" target=\"_blank\" rel=\"noreferrer noopener\">+ Mapa de Google<\/a>\t\t\t\t\t\t\t<\/address>\n\t\t\n\t\t\n\t\t\t\n\t<\/div>\n\t\n<div class=\"tribe-block__venue__map\">\n\t\n<iframe\n  title=\"Iframe de Google Maps que mostra l'adre\u00e7a a Sangha Activa &#8211; Dones D&#8217;aigua\"\n  aria-label=\"Mapa d&#039;ubicaci\u00f3 del recinte\"\n  width=\"310px\"\n  height=\"256px\"\n  frameborder=\"0\" style=\"border:0\"\n  data-src=\"https:\/\/www.google.com\/maps\/embed\/v1\/place?key=AIzaSyDNsicAsP6-VuGtAb1O9riI3oc_NOb7IOU&#038;q=Masia+Ca+l%26%23039%3BOller%2C+s%2Fn+Sant+Iscle+de+Vallalta+Barcelona+08359+Spain+&#038;zoom=10\" allowfullscreen src=\"data:image\/svg+xml;base64,PHN2ZyB3aWR0aD0iMSIgaGVpZ2h0PSIxIiB4bWxucz0iaHR0cDovL3d3dy53My5vcmcvMjAwMC9zdmciPjwvc3ZnPg==\" class=\"lazyload\" data-load-mode=\"1\">\n<\/iframe>\n<\/div>\n\n\t<\/div>\n<\/div>\n\n\n\n<div class=\"wp-block-column is-layout-flow wp-block-column-is-layout-flow\">\n<div class=\"wp-block-columns is-layout-flex wp-container-core-columns-is-layout-28f84493 wp-block-columns-is-layout-flex\">\n<div class=\"wp-block-column is-layout-flow wp-block-column-is-layout-flow\" style=\"flex-basis:100%\">\n<p class=\"has-medium-font-size\"><a href=\"https:\/\/sanghaactiva.com\/ca\/sobre-sangha-activa\/centro-sangha-activa-dones-daigua\/\"><strong>Com s'arriba a Dons d\u2019Aigua?<\/strong><\/a><\/p>\n\n\n\n<p class=\"has-medium-font-size\"><a href=\"https:\/\/sanghaactiva.com\/ca\/compartir-transporte-dones-aigua\/\"><strong>Comparteix cotxe a Dones d'Aigua<\/strong><\/a><\/p>\n<\/div>\n<\/div>\n<\/div>\n<\/div>\n\n\n\n<div style=\"height:52px\" aria-hidden=\"true\" class=\"wp-block-spacer\"><\/div>\n\n\n\n<iframe data-skip-lazy=\"\" src=\"https:\/\/sanghaactiva.ipzmarketing.com\/f\/IqAt63a2ujM\" frameborder=\"0\" scrolling=\"no\" width=\"100%\" class=\"ipz-iframe\"><\/iframe>\n<script data-cfasync=\"false\" type=\"text\/javascript\" src=\"https:\/\/assets.ipzmarketing.com\/assets\/signup_form\/iframe_v1.js\"><\/script>","protected":false},"excerpt":{"rendered":"<p>Una propuesta dirigida a todas las personas con inter\u00e9s en compartir experiencias en busca de la felicidad genuina. A cargo de Los miembros de la comunidad os acompa\u00f1aremos en cada [&hellip;]<\/p>\n","protected":false},"author":1,"featured_media":21996,"template":"","meta":{"site-sidebar-layout":"default","site-content-layout":"default","ast-site-content-layout":"default","site-content-style":"default","site-sidebar-style":"default","ast-global-header-display":"","ast-banner-title-visibility":"","ast-main-header-display":"","ast-hfb-above-header-display":"","ast-hfb-below-header-display":"","ast-hfb-mobile-header-display":"","site-post-title":"","ast-breadcrumbs-content":"","ast-featured-img":"disabled","footer-sml-layout":"","ast-disable-related-posts":"","theme-transparent-header-meta":"default","adv-header-id-meta":"","stick-header-meta":"","header-above-stick-meta":"","header-main-stick-meta":"","header-below-stick-meta":"","astra-migrate-meta-layouts":"set","ast-page-background-enabled":"default","ast-page-background-meta":{"desktop":{"background-color":"","background-image":"","background-repeat":"repeat","background-position":"center center","background-size":"auto","background-attachment":"scroll","background-type":"","background-media":"","overlay-type":"","overlay-color":"","overlay-opacity":"","overlay-gradient":""},"tablet":{"background-color":"","background-image":"","background-repeat":"repeat","background-position":"center center","background-size":"auto","background-attachment":"scroll","background-type":"","background-media":"","overlay-type":"","overlay-color":"","overlay-opacity":"","overlay-gradient":""},"mobile":{"background-color":"","background-image":"","background-repeat":"repeat","background-position":"center center","background-size":"auto","background-attachment":"scroll","background-type":"","background-media":"","overlay-type":"","overlay-color":"","overlay-opacity":"","overlay-gradient":""}},"ast-content-background-meta":{"desktop":{"background-color":"var(--ast-global-color-5)","background-image":"","background-repeat":"repeat","background-position":"center center","background-size":"auto","background-attachment":"scroll","background-type":"","background-media":"","overlay-type":"","overlay-color":"","overlay-opacity":"","overlay-gradient":""},"tablet":{"background-color":"var(--ast-global-color-5)","background-image":"","background-repeat":"repeat","background-position":"center center","background-size":"auto","background-attachment":"scroll","background-type":"","background-media":"","overlay-type":"","overlay-color":"","overlay-opacity":"","overlay-gradient":""},"mobile":{"background-color":"var(--ast-global-color-5)","background-image":"","background-repeat":"repeat","background-position":"center center","background-size":"auto","background-attachment":"scroll","background-type":"","background-media":"","overlay-type":"","overlay-color":"","overlay-opacity":"","overlay-gradient":""}},"_EventAllDay":false,"_EventTimezone":"UTC+0","_EventStartDate":"2025-02-07 18:00:00","_EventEndDate":"2025-02-09 19:00:00","_EventStartDateUTC":"2025-02-07 18:00:00","_EventEndDateUTC":"2025-02-09 19:00:00","_EventShowMap":true,"_EventShowMapLink":true,"_EventURL":"https:\/\/sanghaactiva.com\/retiros-meditacion-practica\/fin-de-semana-con-la-comunidad","_EventCost":"126 \u2013 170","_EventCostDescription":"","_EventCurrencySymbol":"","_EventCurrencyCode":"","_EventCurrencyPosition":"suffix","_EventDateTimeSeparator":"","_EventTimeRangeSeparator":"","_EventOrganizerID":[],"_EventVenueID":[888],"_OrganizerEmail":"","_OrganizerPhone":"","_OrganizerWebsite":"","_VenueAddress":"","_VenueCity":"","_VenueCountry":"","_VenueProvince":"","_VenueState":"","_VenueZip":"","_VenuePhone":"","_VenueURL":"","_VenueStateProvince":"","_VenueLat":"","_VenueLng":"","_VenueShowMap":false,"_VenueShowMapLink":false,"_tribe_events_status":"","_tribe_events_status_reason":"","footnotes":""},"tags":[157],"tribe_events_cat":[162,154,156],"class_list":["post-24436","tribe_events","type-tribe_events","status-publish","has-post-thumbnail","hentry","tag-actividades-dones-aigua","tribe_events_cat-actividades-dones-aigua","tribe_events_cat-retiros-agenda","tribe_events_cat-un-fin-de-semana-con-la-comunidad","cat_actividades-dones-aigua","cat_retiros-agenda","cat_un-fin-de-semana-con-la-comunidad"],"yoast_head":"<!-- This site is optimized with the Yoast SEO plugin v27.0 - https:\/\/yoast.com\/product\/yoast-seo-wordpress\/ -->\n<title>Retiro &quot;Construye tu mandala vital&quot;- 7-9 de febrero 2025<\/title>\n<meta name=\"description\" content=\"En la filosof\u00eda budista es de gran importancia la relaci\u00f3n que se establece entre el centro y tu alrededor. Ven y construye tu propio mandala vital.\" \/>\n<meta name=\"robots\" content=\"index, follow, max-snippet:-1, max-image-preview:large, max-video-preview:-1\" \/>\n<link rel=\"canonical\" href=\"https:\/\/sanghaactiva.com\/ca\/agenda\/retiro-construye-tu-mandala-febrero-25\/\" \/>\n<meta property=\"og:locale\" content=\"ca_ES\" \/>\n<meta property=\"og:type\" content=\"article\" \/>\n<meta property=\"og:title\" content=\"Retiro &quot;Construye tu mandala vital&quot;- 7-9 de febrero 2025\" \/>\n<meta property=\"og:description\" content=\"En la filosof\u00eda budista es de gran importancia la relaci\u00f3n que se establece entre el centro y tu alrededor. Ven y construye tu propio mandala vital.\" \/>\n<meta property=\"og:url\" content=\"https:\/\/sanghaactiva.com\/ca\/agenda\/retiro-construye-tu-mandala-febrero-25\/\" \/>\n<meta property=\"og:site_name\" content=\"Sangha Activa\" \/>\n<meta property=\"article:publisher\" content=\"https:\/\/www.facebook.com\/sanghaactiva\" \/>\n<meta property=\"article:modified_time\" content=\"2024-09-09T08:34:09+00:00\" \/>\n<meta property=\"og:image\" content=\"https:\/\/sanghaactiva.com\/wp-content\/uploads\/2023\/11\/construye-tu-mandala-vital-portada.jpg\" \/>\n\t<meta property=\"og:image:width\" content=\"1920\" \/>\n\t<meta property=\"og:image:height\" content=\"1080\" \/>\n\t<meta property=\"og:image:type\" content=\"image\/jpeg\" \/>\n<meta name=\"twitter:card\" content=\"summary_large_image\" \/>\n<meta name=\"twitter:label1\" content=\"Temps estimat de lectura\" \/>\n\t<meta name=\"twitter:data1\" content=\"4 minuts\" \/>\n<!-- \/ Yoast SEO plugin. -->","yoast_head_json":{"title":"Retiro \"Construye tu mandala vital\"- 7-9 de febrero 2025","description":"En la filosof\u00eda budista es de gran importancia la relaci\u00f3n que se establece entre el centro y tu alrededor. Ven y construye tu propio mandala vital.","robots":{"index":"index","follow":"follow","max-snippet":"max-snippet:-1","max-image-preview":"max-image-preview:large","max-video-preview":"max-video-preview:-1"},"canonical":"https:\/\/sanghaactiva.com\/ca\/agenda\/retiro-construye-tu-mandala-febrero-25\/","og_locale":"ca_ES","og_type":"article","og_title":"Retiro \"Construye tu mandala vital\"- 7-9 de febrero 2025","og_description":"En la filosof\u00eda budista es de gran importancia la relaci\u00f3n que se establece entre el centro y tu alrededor. Ven y construye tu propio mandala vital.","og_url":"https:\/\/sanghaactiva.com\/ca\/agenda\/retiro-construye-tu-mandala-febrero-25\/","og_site_name":"Sangha Activa","article_publisher":"https:\/\/www.facebook.com\/sanghaactiva","article_modified_time":"2024-09-09T08:34:09+00:00","og_image":[{"width":1920,"height":1080,"url":"https:\/\/sanghaactiva.com\/wp-content\/uploads\/2023\/11\/construye-tu-mandala-vital-portada.jpg","type":"image\/jpeg"}],"twitter_card":"summary_large_image","twitter_misc":{"Temps estimat de lectura":"4 minuts"},"schema":{"@context":"https:\/\/schema.org","@graph":[{"@type":"WebPage","@id":"https:\/\/sanghaactiva.com\/agenda\/retiro-construye-tu-mandala-febrero-25","url":"https:\/\/sanghaactiva.com\/agenda\/retiro-construye-tu-mandala-febrero-25","name":"Retiro \"Construye tu mandala vital\"- 7-9 de febrero 2025","isPartOf":{"@id":"https:\/\/sanghaactiva.com\/#website"},"primaryImageOfPage":{"@id":"https:\/\/sanghaactiva.com\/agenda\/retiro-construye-tu-mandala-febrero-25#primaryimage"},"image":{"@id":"https:\/\/sanghaactiva.com\/agenda\/retiro-construye-tu-mandala-febrero-25#primaryimage"},"thumbnailUrl":"https:\/\/sanghaactiva.com\/wp-content\/uploads\/2023\/11\/construye-tu-mandala-vital-portada.jpg","datePublished":"2024-08-06T10:37:34+00:00","dateModified":"2024-09-09T08:34:09+00:00","description":"En la filosof\u00eda budista es de gran importancia la relaci\u00f3n que se establece entre el centro y tu alrededor. Ven y construye tu propio mandala vital.","breadcrumb":{"@id":"https:\/\/sanghaactiva.com\/agenda\/retiro-construye-tu-mandala-febrero-25#breadcrumb"},"inLanguage":"ca","potentialAction":[{"@type":"ReadAction","target":["https:\/\/sanghaactiva.com\/agenda\/retiro-construye-tu-mandala-febrero-25"]}]},{"@type":"ImageObject","inLanguage":"ca","@id":"https:\/\/sanghaactiva.com\/agenda\/retiro-construye-tu-mandala-febrero-25#primaryimage","url":"https:\/\/sanghaactiva.com\/wp-content\/uploads\/2023\/11\/construye-tu-mandala-vital-portada.jpg","contentUrl":"https:\/\/sanghaactiva.com\/wp-content\/uploads\/2023\/11\/construye-tu-mandala-vital-portada.jpg","width":1920,"height":1080,"caption":"construye-tu-mandala-vital-portada"},{"@type":"BreadcrumbList","@id":"https:\/\/sanghaactiva.com\/agenda\/retiro-construye-tu-mandala-febrero-25#breadcrumb","itemListElement":[{"@type":"ListItem","position":1,"name":"Portada","item":"https:\/\/sanghaactiva.com\/"},{"@type":"ListItem","position":2,"name":"Eventos","item":"https:\/\/sanghaactiva.com\/agenda\/"},{"@type":"ListItem","position":3,"name":"Retiro Construye tu mandala vital- Un finde con la comunidad"}]},{"@type":"WebSite","@id":"https:\/\/sanghaactiva.com\/#website","url":"https:\/\/sanghaactiva.com\/","name":"Sangha Activa","description":"Comunitat budista","publisher":{"@id":"https:\/\/sanghaactiva.com\/#organization"},"potentialAction":[{"@type":"SearchAction","target":{"@type":"EntryPoint","urlTemplate":"https:\/\/sanghaactiva.com\/?s={search_term_string}"},"query-input":{"@type":"PropertyValueSpecification","valueRequired":true,"valueName":"search_term_string"}}],"inLanguage":"ca"},{"@type":"Organization","@id":"https:\/\/sanghaactiva.com\/#organization","name":"Sangha Activa","url":"https:\/\/sanghaactiva.com\/","logo":{"@type":"ImageObject","inLanguage":"ca","@id":"https:\/\/sanghaactiva.com\/#\/schema\/logo\/image\/","url":"https:\/\/sanghaactiva.com\/wp-content\/uploads\/2023\/03\/cropped-cropped-cropped-cropped-cropped-log2_SAcol-e1682594942970.png","contentUrl":"https:\/\/sanghaactiva.com\/wp-content\/uploads\/2023\/03\/cropped-cropped-cropped-cropped-cropped-log2_SAcol-e1682594942970.png","width":50,"height":65,"caption":"Sangha Activa"},"image":{"@id":"https:\/\/sanghaactiva.com\/#\/schema\/logo\/image\/"},"sameAs":["https:\/\/www.facebook.com\/sanghaactiva","https:\/\/www.youtube.com\/channel\/UCcMXKFgf-cWzUn9GLIvZPsw","https:\/\/www.instagram.com\/sanghaactiva\/"]}]}},"_links":{"self":[{"href":"https:\/\/sanghaactiva.com\/ca\/wp-json\/wp\/v2\/tribe_events\/24436","targetHints":{"allow":["GET"]}}],"collection":[{"href":"https:\/\/sanghaactiva.com\/ca\/wp-json\/wp\/v2\/tribe_events"}],"about":[{"href":"https:\/\/sanghaactiva.com\/ca\/wp-json\/wp\/v2\/types\/tribe_events"}],"author":[{"embeddable":true,"href":"https:\/\/sanghaactiva.com\/ca\/wp-json\/wp\/v2\/users\/1"}],"version-history":[{"count":0,"href":"https:\/\/sanghaactiva.com\/ca\/wp-json\/wp\/v2\/tribe_events\/24436\/revisions"}],"wp:featuredmedia":[{"embeddable":true,"href":"https:\/\/sanghaactiva.com\/ca\/wp-json\/wp\/v2\/media\/21996"}],"wp:attachment":[{"href":"https:\/\/sanghaactiva.com\/ca\/wp-json\/wp\/v2\/media?parent=24436"}],"wp:term":[{"taxonomy":"post_tag","embeddable":true,"href":"https:\/\/sanghaactiva.com\/ca\/wp-json\/wp\/v2\/tags?post=24436"},{"taxonomy":"tribe_events_cat","embeddable":true,"href":"https:\/\/sanghaactiva.com\/ca\/wp-json\/wp\/v2\/tribe_events_cat?post=24436"}],"curies":[{"name":"wp","href":"https:\/\/api.w.org\/{rel}","templated":true}]}}